{"id":7022,"date":"2024-11-20T15:17:06","date_gmt":"2024-11-20T14:17:06","guid":{"rendered":"https:\/\/www.fu1838.org\/actos-divulgativos\/visites-al-museu-uriach-gallery\/"},"modified":"2026-01-14T15:17:27","modified_gmt":"2026-01-14T14:17:27","slug":"visites-al-museu-uriach-gallery","status":"publish","type":"actos-divulgativos","link":"https:\/\/www.fu1838.org\/ca\/actos-divulgativos\/visites-al-museu-uriach-gallery\/","title":{"rendered":"Visites al museu &#8220;Uriach Gallery&#8221;"},"content":{"rendered":"\n<p>El 2017, la Fundaci\u00f3 Uriach va inaugurar &#8220;Uriach Gallery&#8221;, un espai expositiu que recorria la hist\u00f2ria de la ind\u00fastria farmac\u00e8utica des dels inicis de l\u2019empresa Uriach, el 1838, fins a finals del segle XX, a trav\u00e9s dels arxius hist\u00f2rics empresarials que els Laboratoris Uriach han anat acumulant durant gaireb\u00e9 dos segles d\u2019exist\u00e8ncia.\n\nLes imatges, documents i objectes exposats acompanyaven i ajudaven a explicar alguns dels esdeveniments m\u00e9s significatius de l\u2019evoluci\u00f3 d\u2019aquest sector i la societat del pa\u00eds.\n<\/p>\n\n<p>Des d\u2019aleshores i fins al seu tancament el 2022 a causa del canvi de seu institucional, la Fundaci\u00f3 Uriach va realitzar visites peri\u00f2diques per als col\u00b7laboradors de la companyia, prove\u00efdors, centres educatius i p\u00fablic general a trav\u00e9s de la xarxa de turisme industrial (XATIC).<\/p>\n","protected":false},"featured_media":196040,"template":"","meta":{"_acf_changed":false},"class_list":["post-7022","actos-divulgativos","type-actos-divulgativos","status-publish","has-post-thumbnail","hentry"],"acf":[],"yoast_head":"<!-- This site is optimized with the Yoast SEO plugin v24.1 - https:\/\/yoast.com\/wordpress\/plugins\/seo\/ -->\n<title>Visites al museu &quot;Uriach Gallery&quot; - Fundaci\u00f3n Uriach<\/title>\n<meta name=\"robots\" content=\"index, follow, max-snippet:-1, max-image-preview:large, max-video-preview:-1\" \/>\n<link rel=\"canonical\" href=\"https:\/\/www.fu1838.org\/ca\/actos-divulgativos\/visites-al-museu-uriach-gallery\/\" \/>\n<meta property=\"og:locale\" content=\"ca_ES\" \/>\n<meta property=\"og:type\" content=\"article\" \/>\n<meta property=\"og:title\" content=\"Visites al museu &quot;Uriach Gallery&quot; - Fundaci\u00f3n Uriach\" \/>\n<meta property=\"og:description\" content=\"El 2017, la Fundaci\u00f3 Uriach va inaugurar &#8220;Uriach Gallery&#8221;, un espai expositiu que recorria la hist\u00f2ria de la ind\u00fastria farmac\u00e8utica des dels inicis de l\u2019empresa Uriach, el 1838, fins a finals del segle XX, a trav\u00e9s dels arxius hist\u00f2rics empresarials que els Laboratoris Uriach han anat acumulant durant gaireb\u00e9 dos segles d\u2019exist\u00e8ncia. Les imatges, documents [&hellip;]\" \/>\n<meta property=\"og:url\" content=\"https:\/\/www.fu1838.org\/ca\/actos-divulgativos\/visites-al-museu-uriach-gallery\/\" \/>\n<meta property=\"og:site_name\" content=\"Fundaci\u00f3n Uriach\" \/>\n<meta property=\"article:modified_time\" content=\"2026-01-14T14:17:27+00:00\" \/>\n<meta property=\"og:image\" content=\"https:\/\/www.fu1838.org\/wp-content\/uploads\/2024\/11\/UriachGallery_ImagenPrincipal-1.jpg\" \/>\n\t<meta property=\"og:image:width\" content=\"2048\" \/>\n\t<meta property=\"og:image:height\" content=\"1363\" \/>\n\t<meta property=\"og:image:type\" content=\"image\/jpeg\" \/>\n<meta name=\"twitter:card\" content=\"summary_large_image\" \/>\n<meta name=\"twitter:label1\" content=\"Temps estimat de lectura\" \/>\n\t<meta name=\"twitter:data1\" content=\"1 minut\" \/>\n<script type=\"application\/ld+json\" class=\"yoast-schema-graph\">{\"@context\":\"https:\/\/schema.org\",\"@graph\":[{\"@type\":\"WebPage\",\"@id\":\"https:\/\/www.fu1838.org\/ca\/actos-divulgativos\/visites-al-museu-uriach-gallery\/\",\"url\":\"https:\/\/www.fu1838.org\/ca\/actos-divulgativos\/visites-al-museu-uriach-gallery\/\",\"name\":\"Visites al museu \\\"Uriach Gallery\\\" - Fundaci\u00f3n Uriach\",\"isPartOf\":{\"@id\":\"https:\/\/www.fu1838.org\/ca\/#website\"},\"primaryImageOfPage\":{\"@id\":\"https:\/\/www.fu1838.org\/ca\/actos-divulgativos\/visites-al-museu-uriach-gallery\/#primaryimage\"},\"image\":{\"@id\":\"https:\/\/www.fu1838.org\/ca\/actos-divulgativos\/visites-al-museu-uriach-gallery\/#primaryimage\"},\"thumbnailUrl\":\"https:\/\/www.fu1838.org\/wp-content\/uploads\/2024\/11\/UriachGallery_ImagenPrincipal-1.jpg\",\"datePublished\":\"2024-11-20T14:17:06+00:00\",\"dateModified\":\"2026-01-14T14:17:27+00:00\",\"breadcrumb\":{\"@id\":\"https:\/\/www.fu1838.org\/ca\/actos-divulgativos\/visites-al-museu-uriach-gallery\/#breadcrumb\"},\"inLanguage\":\"ca\",\"potentialAction\":[{\"@type\":\"ReadAction\",\"target\":[\"https:\/\/www.fu1838.org\/ca\/actos-divulgativos\/visites-al-museu-uriach-gallery\/\"]}]},{\"@type\":\"ImageObject\",\"inLanguage\":\"ca\",\"@id\":\"https:\/\/www.fu1838.org\/ca\/actos-divulgativos\/visites-al-museu-uriach-gallery\/#primaryimage\",\"url\":\"https:\/\/www.fu1838.org\/wp-content\/uploads\/2024\/11\/UriachGallery_ImagenPrincipal-1.jpg\",\"contentUrl\":\"https:\/\/www.fu1838.org\/wp-content\/uploads\/2024\/11\/UriachGallery_ImagenPrincipal-1.jpg\",\"width\":2048,\"height\":1363,\"caption\":\"resized by 50% 19\/09\/2017 15:24:49\"},{\"@type\":\"BreadcrumbList\",\"@id\":\"https:\/\/www.fu1838.org\/ca\/actos-divulgativos\/visites-al-museu-uriach-gallery\/#breadcrumb\",\"itemListElement\":[{\"@type\":\"ListItem\",\"position\":1,\"name\":\"Portada\",\"item\":\"https:\/\/www.fu1838.org\/ca\/\"},{\"@type\":\"ListItem\",\"position\":2,\"name\":\"Visites al museu &#8220;Uriach Gallery&#8221;\"}]},{\"@type\":\"WebSite\",\"@id\":\"https:\/\/www.fu1838.org\/ca\/#website\",\"url\":\"https:\/\/www.fu1838.org\/ca\/\",\"name\":\"Fundaci\u00f3n Uriach\",\"description\":\"\",\"potentialAction\":[{\"@type\":\"SearchAction\",\"target\":{\"@type\":\"EntryPoint\",\"urlTemplate\":\"https:\/\/www.fu1838.org\/ca\/?s={search_term_string}\"},\"query-input\":{\"@type\":\"PropertyValueSpecification\",\"valueRequired\":true,\"valueName\":\"search_term_string\"}}],\"inLanguage\":\"ca\"}]}<\/script>\n<!-- \/ Yoast SEO plugin. -->","yoast_head_json":{"title":"Visites al museu \"Uriach Gallery\" - Fundaci\u00f3n Uriach","robots":{"index":"index","follow":"follow","max-snippet":"max-snippet:-1","max-image-preview":"max-image-preview:large","max-video-preview":"max-video-preview:-1"},"canonical":"https:\/\/www.fu1838.org\/ca\/actos-divulgativos\/visites-al-museu-uriach-gallery\/","og_locale":"ca_ES","og_type":"article","og_title":"Visites al museu \"Uriach Gallery\" - Fundaci\u00f3n Uriach","og_description":"El 2017, la Fundaci\u00f3 Uriach va inaugurar &#8220;Uriach Gallery&#8221;, un espai expositiu que recorria la hist\u00f2ria de la ind\u00fastria farmac\u00e8utica des dels inicis de l\u2019empresa Uriach, el 1838, fins a finals del segle XX, a trav\u00e9s dels arxius hist\u00f2rics empresarials que els Laboratoris Uriach han anat acumulant durant gaireb\u00e9 dos segles d\u2019exist\u00e8ncia. Les imatges, documents [&hellip;]","og_url":"https:\/\/www.fu1838.org\/ca\/actos-divulgativos\/visites-al-museu-uriach-gallery\/","og_site_name":"Fundaci\u00f3n Uriach","article_modified_time":"2026-01-14T14:17:27+00:00","og_image":[{"width":2048,"height":1363,"url":"https:\/\/www.fu1838.org\/wp-content\/uploads\/2024\/11\/UriachGallery_ImagenPrincipal-1.jpg","type":"image\/jpeg"}],"twitter_card":"summary_large_image","twitter_misc":{"Temps estimat de lectura":"1 minut"},"schema":{"@context":"https:\/\/schema.org","@graph":[{"@type":"WebPage","@id":"https:\/\/www.fu1838.org\/ca\/actos-divulgativos\/visites-al-museu-uriach-gallery\/","url":"https:\/\/www.fu1838.org\/ca\/actos-divulgativos\/visites-al-museu-uriach-gallery\/","name":"Visites al museu \"Uriach Gallery\" - Fundaci\u00f3n Uriach","isPartOf":{"@id":"https:\/\/www.fu1838.org\/ca\/#website"},"primaryImageOfPage":{"@id":"https:\/\/www.fu1838.org\/ca\/actos-divulgativos\/visites-al-museu-uriach-gallery\/#primaryimage"},"image":{"@id":"https:\/\/www.fu1838.org\/ca\/actos-divulgativos\/visites-al-museu-uriach-gallery\/#primaryimage"},"thumbnailUrl":"https:\/\/www.fu1838.org\/wp-content\/uploads\/2024\/11\/UriachGallery_ImagenPrincipal-1.jpg","datePublished":"2024-11-20T14:17:06+00:00","dateModified":"2026-01-14T14:17:27+00:00","breadcrumb":{"@id":"https:\/\/www.fu1838.org\/ca\/actos-divulgativos\/visites-al-museu-uriach-gallery\/#breadcrumb"},"inLanguage":"ca","potentialAction":[{"@type":"ReadAction","target":["https:\/\/www.fu1838.org\/ca\/actos-divulgativos\/visites-al-museu-uriach-gallery\/"]}]},{"@type":"ImageObject","inLanguage":"ca","@id":"https:\/\/www.fu1838.org\/ca\/actos-divulgativos\/visites-al-museu-uriach-gallery\/#primaryimage","url":"https:\/\/www.fu1838.org\/wp-content\/uploads\/2024\/11\/UriachGallery_ImagenPrincipal-1.jpg","contentUrl":"https:\/\/www.fu1838.org\/wp-content\/uploads\/2024\/11\/UriachGallery_ImagenPrincipal-1.jpg","width":2048,"height":1363,"caption":"resized by 50% 19\/09\/2017 15:24:49"},{"@type":"BreadcrumbList","@id":"https:\/\/www.fu1838.org\/ca\/actos-divulgativos\/visites-al-museu-uriach-gallery\/#breadcrumb","itemListElement":[{"@type":"ListItem","position":1,"name":"Portada","item":"https:\/\/www.fu1838.org\/ca\/"},{"@type":"ListItem","position":2,"name":"Visites al museu &#8220;Uriach Gallery&#8221;"}]},{"@type":"WebSite","@id":"https:\/\/www.fu1838.org\/ca\/#website","url":"https:\/\/www.fu1838.org\/ca\/","name":"Fundaci\u00f3n Uriach","description":"","potentialAction":[{"@type":"SearchAction","target":{"@type":"EntryPoint","urlTemplate":"https:\/\/www.fu1838.org\/ca\/?s={search_term_string}"},"query-input":{"@type":"PropertyValueSpecification","valueRequired":true,"valueName":"search_term_string"}}],"inLanguage":"ca"}]}},"_links":{"self":[{"href":"https:\/\/www.fu1838.org\/ca\/wp-json\/wp\/v2\/actos-divulgativos\/7022","targetHints":{"allow":["GET"]}}],"collection":[{"href":"https:\/\/www.fu1838.org\/ca\/wp-json\/wp\/v2\/actos-divulgativos"}],"about":[{"href":"https:\/\/www.fu1838.org\/ca\/wp-json\/wp\/v2\/types\/actos-divulgativos"}],"wp:featuredmedia":[{"embeddable":true,"href":"https:\/\/www.fu1838.org\/ca\/wp-json\/wp\/v2\/media\/196040"}],"wp:attachment":[{"href":"https:\/\/www.fu1838.org\/ca\/wp-json\/wp\/v2\/media?parent=7022"}],"curies":[{"name":"wp","href":"https:\/\/api.w.org\/{rel}","templated":true}]}}