{"id":7023,"date":"2024-11-20T15:16:30","date_gmt":"2024-11-20T14:16:30","guid":{"rendered":"https:\/\/www.fu1838.org\/actos-divulgativos\/visites-a-la-biblioteca-historica\/"},"modified":"2025-03-03T15:32:18","modified_gmt":"2025-03-03T14:32:18","slug":"visites-a-la-biblioteca-historica","status":"publish","type":"actos-divulgativos","link":"https:\/\/www.fu1838.org\/ca\/actos-divulgativos\/visites-a-la-biblioteca-historica\/","title":{"rendered":"Visites a la biblioteca hist\u00f2rica"},"content":{"rendered":"\n<p>La biblioteca hist\u00f2rica de ci\u00e8ncies de la salut, creada el 1969 i tancada el 2022 a causa del canvi de seu institucional, comptava amb m\u00e9s de dotze mil volums. Durant els m\u00e9s de 40 anys de la seva exist\u00e8ncia, es va convertir en un centre de refer\u00e8ncia en aquest camp d\u2019estudi, a trav\u00e9s de la gesti\u00f3, conservaci\u00f3 i difusi\u00f3 dels seus fons bibliogr\u00e0fics.<\/p>\n\n<p>Amb la finalitat de divulgar la hist\u00f2ria de les ci\u00e8ncies de la salut, la Fundaci\u00f3 Uriach organitzava visites peri\u00f2diques per als col\u00b7laboradors de la companyia, prove\u00efdors, aix\u00ed com per a centres educatius i p\u00fablic general.<\/p>\n","protected":false},"featured_media":1299,"template":"","meta":{"_acf_changed":false},"class_list":["post-7023","actos-divulgativos","type-actos-divulgativos","status-publish","has-post-thumbnail","hentry"],"acf":[],"yoast_head":"<!-- This site is optimized with the Yoast SEO plugin v24.1 - https:\/\/yoast.com\/wordpress\/plugins\/seo\/ -->\n<title>Visites a la biblioteca hist\u00f2rica - Fundaci\u00f3n Uriach<\/title>\n<meta name=\"robots\" content=\"index, follow, max-snippet:-1, max-image-preview:large, max-video-preview:-1\" \/>\n<link rel=\"canonical\" href=\"https:\/\/www.fu1838.org\/ca\/actos-divulgativos\/visites-a-la-biblioteca-historica\/\" \/>\n<meta property=\"og:locale\" content=\"ca_ES\" \/>\n<meta property=\"og:type\" content=\"article\" \/>\n<meta property=\"og:title\" content=\"Visites a la biblioteca hist\u00f2rica - Fundaci\u00f3n Uriach\" \/>\n<meta property=\"og:description\" content=\"La biblioteca hist\u00f2rica de ci\u00e8ncies de la salut, creada el 1969 i tancada el 2022 a causa del canvi de seu institucional, comptava amb m\u00e9s de dotze mil volums. Durant els m\u00e9s de 40 anys de la seva exist\u00e8ncia, es va convertir en un centre de refer\u00e8ncia en aquest camp d\u2019estudi, a trav\u00e9s de la [&hellip;]\" \/>\n<meta property=\"og:url\" content=\"https:\/\/www.fu1838.org\/ca\/actos-divulgativos\/visites-a-la-biblioteca-historica\/\" \/>\n<meta property=\"og:site_name\" content=\"Fundaci\u00f3n Uriach\" \/>\n<meta property=\"article:modified_time\" content=\"2025-03-03T14:32:18+00:00\" \/>\n<meta property=\"og:image\" content=\"https:\/\/www.fu1838.org\/wp-content\/uploads\/2024\/11\/visitas-biblio.jpg\" \/>\n\t<meta property=\"og:image:width\" content=\"1824\" \/>\n\t<meta property=\"og:image:height\" content=\"1368\" \/>\n\t<meta property=\"og:image:type\" content=\"image\/jpeg\" \/>\n<meta name=\"twitter:card\" content=\"summary_large_image\" \/>\n<meta name=\"twitter:label1\" content=\"Temps estimat de lectura\" \/>\n\t<meta name=\"twitter:data1\" content=\"1 minut\" \/>\n<script type=\"application\/ld+json\" class=\"yoast-schema-graph\">{\"@context\":\"https:\/\/schema.org\",\"@graph\":[{\"@type\":\"WebPage\",\"@id\":\"https:\/\/www.fu1838.org\/ca\/actos-divulgativos\/visites-a-la-biblioteca-historica\/\",\"url\":\"https:\/\/www.fu1838.org\/ca\/actos-divulgativos\/visites-a-la-biblioteca-historica\/\",\"name\":\"Visites a la biblioteca hist\u00f2rica - Fundaci\u00f3n Uriach\",\"isPartOf\":{\"@id\":\"https:\/\/www.fu1838.org\/ca\/#website\"},\"primaryImageOfPage\":{\"@id\":\"https:\/\/www.fu1838.org\/ca\/actos-divulgativos\/visites-a-la-biblioteca-historica\/#primaryimage\"},\"image\":{\"@id\":\"https:\/\/www.fu1838.org\/ca\/actos-divulgativos\/visites-a-la-biblioteca-historica\/#primaryimage\"},\"thumbnailUrl\":\"https:\/\/www.fu1838.org\/wp-content\/uploads\/2024\/11\/visitas-biblio.jpg\",\"datePublished\":\"2024-11-20T14:16:30+00:00\",\"dateModified\":\"2025-03-03T14:32:18+00:00\",\"breadcrumb\":{\"@id\":\"https:\/\/www.fu1838.org\/ca\/actos-divulgativos\/visites-a-la-biblioteca-historica\/#breadcrumb\"},\"inLanguage\":\"ca\",\"potentialAction\":[{\"@type\":\"ReadAction\",\"target\":[\"https:\/\/www.fu1838.org\/ca\/actos-divulgativos\/visites-a-la-biblioteca-historica\/\"]}]},{\"@type\":\"ImageObject\",\"inLanguage\":\"ca\",\"@id\":\"https:\/\/www.fu1838.org\/ca\/actos-divulgativos\/visites-a-la-biblioteca-historica\/#primaryimage\",\"url\":\"https:\/\/www.fu1838.org\/wp-content\/uploads\/2024\/11\/visitas-biblio.jpg\",\"contentUrl\":\"https:\/\/www.fu1838.org\/wp-content\/uploads\/2024\/11\/visitas-biblio.jpg\",\"width\":1824,\"height\":1368,\"caption\":\"resized by 50% 15\/06\/2016 10:17:32\"},{\"@type\":\"BreadcrumbList\",\"@id\":\"https:\/\/www.fu1838.org\/ca\/actos-divulgativos\/visites-a-la-biblioteca-historica\/#breadcrumb\",\"itemListElement\":[{\"@type\":\"ListItem\",\"position\":1,\"name\":\"Portada\",\"item\":\"https:\/\/www.fu1838.org\/ca\/\"},{\"@type\":\"ListItem\",\"position\":2,\"name\":\"Visites a la biblioteca hist\u00f2rica\"}]},{\"@type\":\"WebSite\",\"@id\":\"https:\/\/www.fu1838.org\/ca\/#website\",\"url\":\"https:\/\/www.fu1838.org\/ca\/\",\"name\":\"Fundaci\u00f3n Uriach\",\"description\":\"\",\"potentialAction\":[{\"@type\":\"SearchAction\",\"target\":{\"@type\":\"EntryPoint\",\"urlTemplate\":\"https:\/\/www.fu1838.org\/ca\/?s={search_term_string}\"},\"query-input\":{\"@type\":\"PropertyValueSpecification\",\"valueRequired\":true,\"valueName\":\"search_term_string\"}}],\"inLanguage\":\"ca\"}]}<\/script>\n<!-- \/ Yoast SEO plugin. -->","yoast_head_json":{"title":"Visites a la biblioteca hist\u00f2rica - Fundaci\u00f3n Uriach","robots":{"index":"index","follow":"follow","max-snippet":"max-snippet:-1","max-image-preview":"max-image-preview:large","max-video-preview":"max-video-preview:-1"},"canonical":"https:\/\/www.fu1838.org\/ca\/actos-divulgativos\/visites-a-la-biblioteca-historica\/","og_locale":"ca_ES","og_type":"article","og_title":"Visites a la biblioteca hist\u00f2rica - Fundaci\u00f3n Uriach","og_description":"La biblioteca hist\u00f2rica de ci\u00e8ncies de la salut, creada el 1969 i tancada el 2022 a causa del canvi de seu institucional, comptava amb m\u00e9s de dotze mil volums. Durant els m\u00e9s de 40 anys de la seva exist\u00e8ncia, es va convertir en un centre de refer\u00e8ncia en aquest camp d\u2019estudi, a trav\u00e9s de la [&hellip;]","og_url":"https:\/\/www.fu1838.org\/ca\/actos-divulgativos\/visites-a-la-biblioteca-historica\/","og_site_name":"Fundaci\u00f3n Uriach","article_modified_time":"2025-03-03T14:32:18+00:00","og_image":[{"width":1824,"height":1368,"url":"https:\/\/www.fu1838.org\/wp-content\/uploads\/2024\/11\/visitas-biblio.jpg","type":"image\/jpeg"}],"twitter_card":"summary_large_image","twitter_misc":{"Temps estimat de lectura":"1 minut"},"schema":{"@context":"https:\/\/schema.org","@graph":[{"@type":"WebPage","@id":"https:\/\/www.fu1838.org\/ca\/actos-divulgativos\/visites-a-la-biblioteca-historica\/","url":"https:\/\/www.fu1838.org\/ca\/actos-divulgativos\/visites-a-la-biblioteca-historica\/","name":"Visites a la biblioteca hist\u00f2rica - Fundaci\u00f3n Uriach","isPartOf":{"@id":"https:\/\/www.fu1838.org\/ca\/#website"},"primaryImageOfPage":{"@id":"https:\/\/www.fu1838.org\/ca\/actos-divulgativos\/visites-a-la-biblioteca-historica\/#primaryimage"},"image":{"@id":"https:\/\/www.fu1838.org\/ca\/actos-divulgativos\/visites-a-la-biblioteca-historica\/#primaryimage"},"thumbnailUrl":"https:\/\/www.fu1838.org\/wp-content\/uploads\/2024\/11\/visitas-biblio.jpg","datePublished":"2024-11-20T14:16:30+00:00","dateModified":"2025-03-03T14:32:18+00:00","breadcrumb":{"@id":"https:\/\/www.fu1838.org\/ca\/actos-divulgativos\/visites-a-la-biblioteca-historica\/#breadcrumb"},"inLanguage":"ca","potentialAction":[{"@type":"ReadAction","target":["https:\/\/www.fu1838.org\/ca\/actos-divulgativos\/visites-a-la-biblioteca-historica\/"]}]},{"@type":"ImageObject","inLanguage":"ca","@id":"https:\/\/www.fu1838.org\/ca\/actos-divulgativos\/visites-a-la-biblioteca-historica\/#primaryimage","url":"https:\/\/www.fu1838.org\/wp-content\/uploads\/2024\/11\/visitas-biblio.jpg","contentUrl":"https:\/\/www.fu1838.org\/wp-content\/uploads\/2024\/11\/visitas-biblio.jpg","width":1824,"height":1368,"caption":"resized by 50% 15\/06\/2016 10:17:32"},{"@type":"BreadcrumbList","@id":"https:\/\/www.fu1838.org\/ca\/actos-divulgativos\/visites-a-la-biblioteca-historica\/#breadcrumb","itemListElement":[{"@type":"ListItem","position":1,"name":"Portada","item":"https:\/\/www.fu1838.org\/ca\/"},{"@type":"ListItem","position":2,"name":"Visites a la biblioteca hist\u00f2rica"}]},{"@type":"WebSite","@id":"https:\/\/www.fu1838.org\/ca\/#website","url":"https:\/\/www.fu1838.org\/ca\/","name":"Fundaci\u00f3n Uriach","description":"","potentialAction":[{"@type":"SearchAction","target":{"@type":"EntryPoint","urlTemplate":"https:\/\/www.fu1838.org\/ca\/?s={search_term_string}"},"query-input":{"@type":"PropertyValueSpecification","valueRequired":true,"valueName":"search_term_string"}}],"inLanguage":"ca"}]}},"_links":{"self":[{"href":"https:\/\/www.fu1838.org\/ca\/wp-json\/wp\/v2\/actos-divulgativos\/7023","targetHints":{"allow":["GET"]}}],"collection":[{"href":"https:\/\/www.fu1838.org\/ca\/wp-json\/wp\/v2\/actos-divulgativos"}],"about":[{"href":"https:\/\/www.fu1838.org\/ca\/wp-json\/wp\/v2\/types\/actos-divulgativos"}],"wp:featuredmedia":[{"embeddable":true,"href":"https:\/\/www.fu1838.org\/ca\/wp-json\/wp\/v2\/media\/1299"}],"wp:attachment":[{"href":"https:\/\/www.fu1838.org\/ca\/wp-json\/wp\/v2\/media?parent=7023"}],"curies":[{"name":"wp","href":"https:\/\/api.w.org\/{rel}","templated":true}]}}