{"id":6962,"date":"2024-11-11T11:35:42","date_gmt":"2024-11-11T10:35:42","guid":{"rendered":"https:\/\/www.fu1838.org\/fins-fundacionals\/"},"modified":"2025-06-12T09:19:35","modified_gmt":"2025-06-12T07:19:35","slug":"fins-fundacionals","status":"publish","type":"page","link":"https:\/\/www.fu1838.org\/ca\/fins-fundacionals\/","title":{"rendered":"Fins fundacionals"},"content":{"rendered":"\n<div class=\"wp-block-group alignfull has-global-padding is-layout-constrained wp-block-group-is-layout-constrained\">\n<div class=\"wp-block-cover alignfull is-light uriach-header-block-cover\" style=\"padding-top:0;padding-right:0;padding-bottom:0;padding-left:0\"><span aria-hidden=\"true\" class=\"wp-block-cover__background has-background-dim-0 has-background-dim\" style=\"background-color:#5d819e\"><\/span><img loading=\"lazy\" decoding=\"async\" width=\"1400\" height=\"440\" class=\"wp-block-cover__image-background wp-image-132\" alt=\"\" src=\"https:\/\/www.fu1838.org\/wp-content\/uploads\/2024\/11\/header-fines-fundacionales.jpg\" data-object-fit=\"cover\" srcset=\"https:\/\/www.fu1838.org\/wp-content\/uploads\/2024\/11\/header-fines-fundacionales.jpg 1400w, https:\/\/www.fu1838.org\/wp-content\/uploads\/2024\/11\/header-fines-fundacionales-300x94.jpg 300w, https:\/\/www.fu1838.org\/wp-content\/uploads\/2024\/11\/header-fines-fundacionales-1024x322.jpg 1024w, https:\/\/www.fu1838.org\/wp-content\/uploads\/2024\/11\/header-fines-fundacionales-768x241.jpg 768w\" sizes=\"auto, (max-width: 1400px) 100vw, 1400px\" \/><div class=\"wp-block-cover__inner-container has-global-padding is-layout-constrained wp-container-core-cover-is-layout-c06d165c wp-block-cover-is-layout-constrained\">\n<div class=\"wp-block-columns alignfull is-layout-flex wp-container-core-columns-is-layout-28f84493 wp-block-columns-is-layout-flex\">\n<div class=\"wp-block-column has-base-2-color has-text-color has-background has-link-color wp-elements-4e04c1f95144e3298ac88313769990c5 is-layout-flow wp-block-column-is-layout-flow\" style=\"background-color:#005ce5cc;padding-top:var(--wp--preset--spacing--40);padding-right:var(--wp--preset--spacing--20);padding-bottom:var(--wp--preset--spacing--40)\">\n<div class=\"wp-block-group uriach-header-block-cover-content has-global-padding is-layout-constrained wp-block-group-is-layout-constrained\">\n<h1 class=\"wp-block-heading\">Fins fundacionals<\/h1>\n\n\n\n<p class=\"has-text-align-left\">Els nostres fins fundacionals articulen el nostre prop\u00f2sit principal i els objectius centrals de la nostra organitzaci\u00f3. Una declaraci\u00f3 que defineix la nostra ra\u00f3 de ser i ens serveix de guia per a totes les nostres activitats i decisions.<\/p>\n<\/div>\n<\/div>\n\n\n\n<div class=\"wp-block-column is-layout-flow wp-block-column-is-layout-flow\"><\/div>\n<\/div>\n<\/div><\/div>\n<\/div>\n\n<div class=\"wp-block-group alignwide has-global-padding is-layout-constrained wp-block-group-is-layout-constrained\" style=\"margin-top:var(--wp--preset--spacing--40)\">\n<div class=\"wp-block-columns alignwide is-layout-flex wp-container-core-columns-is-layout-658170e2 wp-block-columns-is-layout-flex\">\n<div class=\"wp-block-column is-layout-flow wp-block-column-is-layout-flow\" style=\"flex-basis:33.33%\">\n<figure class=\"wp-block-image size-full\"><img loading=\"lazy\" decoding=\"async\" width=\"320\" height=\"280\" src=\"https:\/\/www.fu1838.org\/wp-content\/uploads\/2024\/11\/foto-joan-uriach.jpg\" alt=\"\" class=\"wp-image-136\" srcset=\"https:\/\/www.fu1838.org\/wp-content\/uploads\/2024\/11\/foto-joan-uriach.jpg 320w, https:\/\/www.fu1838.org\/wp-content\/uploads\/2024\/11\/foto-joan-uriach-300x263.jpg 300w\" sizes=\"auto, (max-width: 320px) 100vw, 320px\" \/><\/figure>\n<\/div>\n\n\n\n<div class=\"wp-block-column uriach-fines-fundacionales-comillas is-layout-flow wp-block-column-is-layout-flow\" style=\"padding-top:var(--wp--preset--spacing--10);flex-basis:66.66%\">\n<p class=\"has-large-font-size\" style=\"line-height:1.1\">\u201cDes de la seva creaci\u00f3 el 1988, la Fundaci\u00f3 Uriach s&#8217;ha convertit en un centre de refer\u00e8ncia en la difusi\u00f3 de la hist\u00f2ria de les ci\u00e8ncies de la salut, els beneficis de la nutrac\u00e8utica i la salut natural, aix\u00ed com del patrimoni hist\u00f2ric-art\u00edstic de la companyia Uriach\u201d.<\/p>\n\n\n\n<p>Dr. Joan Uriach i Marsal&#13;\nFundador de la Fundaci\u00f3 Uriach<\/p>\n<\/div>\n<\/div>\n<\/div>\n\n<div class=\"wp-block-group alignwide has-base-2-color has-text-color has-background has-link-color wp-elements-2742f523320c622f1fb890514cc00192 is-layout-flow wp-block-group-is-layout-flow\" style=\"border-top-right-radius:100px;background-color:#005ce5cc;margin-top:var(--wp--preset--spacing--40);padding-top:var(--wp--preset--spacing--40);padding-right:var(--wp--preset--spacing--40);padding-bottom:var(--wp--preset--spacing--40);padding-left:var(--wp--preset--spacing--40)\">\n<h2 class=\"wp-block-heading uriach-heading has-base-2-color has-text-color has-link-color wp-elements-505474c45d52b7064022419ccb1a2dcd\">Els fins fundacionals s\u00f3n:<\/h2>\n\n\n\n<p style=\"margin-top:var(--wp--preset--spacing--30)\">1. Preservar i difondre el coneixement de la hist\u00f2ria de les ci\u00e8ncies de la salut. Entre altres coses, conservar, enriquir i gestionar la \u201cBiblioteca d&#8217;Hist\u00f2ria de les Ci\u00e8ncies de la Salut\u201d de la pr\u00f2pia Fundaci\u00f3.<\/p>\n\n\n\n<p>2. Preservar, enriquir, gestionar i difondre el patrimoni industrial, cultural i art\u00edstic de la companyia Uriach des dels seus or\u00edgens fins al present.<\/p>\n\n\n\n<p>3. Promoure, difondre i impulsar el coneixement dels productes naturals sobre la salut, especialment de la nutrac\u00e8utica, aix\u00ed com els beneficis d&#8217;una vida saludable mitjan\u00e7ant activitats vinculades a l&#8217;\u00e0mbit educatiu, professional i social.<\/p>\n<\/div>\n\n<div class=\"wp-block-group alignwide has-global-padding is-layout-constrained wp-block-group-is-layout-constrained\" style=\"margin-top:var(--wp--preset--spacing--40);margin-bottom:var(--wp--preset--spacing--40)\">\n<div class=\"wp-block-columns alignwide are-vertically-aligned-center is-layout-flex wp-container-core-columns-is-layout-28f84493 wp-block-columns-is-layout-flex\">\n<div class=\"wp-block-column is-vertically-aligned-center is-layout-flow wp-block-column-is-layout-flow\">\n<h2 class=\"wp-block-heading has-custom-azul-color has-text-color has-link-color wp-elements-3fd31ac0bc133817a21b355c29f5c2f6\" style=\"font-size:clamp(16.834px, 1.052rem + ((1vw - 3.2px) * 1.302), 26px);\">Aquests fins es materialitzen gr\u00e0cies a la realitzaci\u00f3 de diferents activitats:<\/h2>\n<\/div>\n\n\n\n<div class=\"wp-block-column is-vertically-aligned-center is-layout-flow wp-block-column-is-layout-flow\">\n<ul class=\"wp-block-list\">\n<li>Gesti\u00f3 del patrimoni bibliogr\u00e0fic i arxiv\u00edstic.<\/li>\n\n\n\n<li>Adquisici\u00f3 de patrimoni bibliogr\u00e0fic.<\/li>\n\n\n\n<li>C\u00e0tedra Uriach de Nutrac\u00e8utica.<\/li>\n\n\n\n<li>Assignaci\u00f3 de beques acad\u00e8miques i professionals.<\/li>\n\n\n\n<li>Organitzaci\u00f3 de jornades sobre nutrac\u00e8utica.<\/li>\n\n\n\n<li>Entrega de premis al millor TFG i TFM.<\/li>\n\n\n\n<li>Muntatge d&#8217;exposicions f\u00edsiques i digitals.<\/li>\n\n\n\n<li>Celebraci\u00f3 d&#8217;actes sobre la hist\u00f2ria de les ci\u00e8ncies de la salut.<\/li>\n\n\n\n<li>Desenvolupament d&#8217;activitats relacionades amb la salut natural.<\/li>\n\n\n\n<li>Producci\u00f3 de v\u00eddeos divulgatius.<\/li>\n\n\n\n<li>Publicaci\u00f3 d&#8217;estudis cient\u00edfics.<\/li>\n\n\n\n<li>Edici\u00f3 de llibres.<\/li>\n\n\n\n<li>Participaci\u00f3 en jornades i congressos.<\/li>\n\n\n\n<li>Col\u00b7laboraci\u00f3 amb entitats afins.<\/li>\n<\/ul>\n<\/div>\n<\/div>\n<\/div>\n","protected":false},"excerpt":{"rendered":"<p>\u201cDes de la seva creaci\u00f3 el 1988, la Fundaci\u00f3 Uriach s&#8217;ha convertit en un centre de refer\u00e8ncia en la difusi\u00f3 de la hist\u00f2ria de les ci\u00e8ncies de la salut, els beneficis de la nutrac\u00e8utica i la salut natural, aix\u00ed com del patrimoni hist\u00f2ric-art\u00edstic de la companyia Uriach\u201d. Dr. Joan Uriach i Marsal&#13; Fundador de la [&hellip;]<\/p>\n","protected":false},"author":1,"featured_media":0,"parent":0,"menu_order":0,"comment_status":"closed","ping_status":"closed","template":"","meta":{"_acf_changed":false,"footnotes":""},"class_list":["post-6962","page","type-page","status-publish","hentry"],"acf":[],"yoast_head":"<!-- This site is optimized with the Yoast SEO plugin v24.1 - https:\/\/yoast.com\/wordpress\/plugins\/seo\/ -->\n<title>Fins fundacionals - Fundaci\u00f3n Uriach<\/title>\n<meta name=\"robots\" content=\"index, follow, max-snippet:-1, max-image-preview:large, max-video-preview:-1\" \/>\n<link rel=\"canonical\" href=\"https:\/\/www.fu1838.org\/ca\/fins-fundacionals\/\" \/>\n<meta property=\"og:locale\" content=\"ca_ES\" \/>\n<meta property=\"og:type\" content=\"article\" \/>\n<meta property=\"og:title\" content=\"Fins fundacionals - Fundaci\u00f3n Uriach\" \/>\n<meta property=\"og:description\" content=\"\u201cDes de la seva creaci\u00f3 el 1988, la Fundaci\u00f3 Uriach s&#8217;ha convertit en un centre de refer\u00e8ncia en la difusi\u00f3 de la hist\u00f2ria de les ci\u00e8ncies de la salut, els beneficis de la nutrac\u00e8utica i la salut natural, aix\u00ed com del patrimoni hist\u00f2ric-art\u00edstic de la companyia Uriach\u201d. Dr. Joan Uriach i Marsal&#013; Fundador de la [&hellip;]\" \/>\n<meta property=\"og:url\" content=\"https:\/\/www.fu1838.org\/ca\/fins-fundacionals\/\" \/>\n<meta property=\"og:site_name\" content=\"Fundaci\u00f3n Uriach\" \/>\n<meta property=\"article:modified_time\" content=\"2025-06-12T07:19:35+00:00\" \/>\n<meta property=\"og:image\" content=\"https:\/\/www.fu1838.org\/wp-content\/uploads\/2024\/11\/header-fines-fundacionales.jpg\" \/>\n\t<meta property=\"og:image:width\" content=\"1400\" \/>\n\t<meta property=\"og:image:height\" content=\"440\" \/>\n\t<meta property=\"og:image:type\" content=\"image\/jpeg\" \/>\n<meta name=\"twitter:card\" content=\"summary_large_image\" \/>\n<meta name=\"twitter:label1\" content=\"Temps estimat de lectura\" \/>\n\t<meta name=\"twitter:data1\" content=\"2 minuts\" \/>\n<script type=\"application\/ld+json\" class=\"yoast-schema-graph\">{\"@context\":\"https:\/\/schema.org\",\"@graph\":[{\"@type\":\"WebPage\",\"@id\":\"https:\/\/www.fu1838.org\/ca\/fins-fundacionals\/\",\"url\":\"https:\/\/www.fu1838.org\/ca\/fins-fundacionals\/\",\"name\":\"Fins fundacionals - Fundaci\u00f3n Uriach\",\"isPartOf\":{\"@id\":\"https:\/\/www.fu1838.org\/ca\/#website\"},\"primaryImageOfPage\":{\"@id\":\"https:\/\/www.fu1838.org\/ca\/fins-fundacionals\/#primaryimage\"},\"image\":{\"@id\":\"https:\/\/www.fu1838.org\/ca\/fins-fundacionals\/#primaryimage\"},\"thumbnailUrl\":\"https:\/\/www.fu1838.org\/wp-content\/uploads\/2024\/11\/header-fines-fundacionales.jpg\",\"datePublished\":\"2024-11-11T10:35:42+00:00\",\"dateModified\":\"2025-06-12T07:19:35+00:00\",\"breadcrumb\":{\"@id\":\"https:\/\/www.fu1838.org\/ca\/fins-fundacionals\/#breadcrumb\"},\"inLanguage\":\"ca\",\"potentialAction\":[{\"@type\":\"ReadAction\",\"target\":[\"https:\/\/www.fu1838.org\/ca\/fins-fundacionals\/\"]}]},{\"@type\":\"ImageObject\",\"inLanguage\":\"ca\",\"@id\":\"https:\/\/www.fu1838.org\/ca\/fins-fundacionals\/#primaryimage\",\"url\":\"https:\/\/www.fu1838.org\/wp-content\/uploads\/2024\/11\/header-fines-fundacionales.jpg\",\"contentUrl\":\"https:\/\/www.fu1838.org\/wp-content\/uploads\/2024\/11\/header-fines-fundacionales.jpg\"},{\"@type\":\"BreadcrumbList\",\"@id\":\"https:\/\/www.fu1838.org\/ca\/fins-fundacionals\/#breadcrumb\",\"itemListElement\":[{\"@type\":\"ListItem\",\"position\":1,\"name\":\"Portada\",\"item\":\"https:\/\/www.fu1838.org\/ca\/\"},{\"@type\":\"ListItem\",\"position\":2,\"name\":\"Fins fundacionals\"}]},{\"@type\":\"WebSite\",\"@id\":\"https:\/\/www.fu1838.org\/ca\/#website\",\"url\":\"https:\/\/www.fu1838.org\/ca\/\",\"name\":\"Fundaci\u00f3n Uriach\",\"description\":\"\",\"potentialAction\":[{\"@type\":\"SearchAction\",\"target\":{\"@type\":\"EntryPoint\",\"urlTemplate\":\"https:\/\/www.fu1838.org\/ca\/?s={search_term_string}\"},\"query-input\":{\"@type\":\"PropertyValueSpecification\",\"valueRequired\":true,\"valueName\":\"search_term_string\"}}],\"inLanguage\":\"ca\"}]}<\/script>\n<!-- \/ Yoast SEO plugin. -->","yoast_head_json":{"title":"Fins fundacionals - Fundaci\u00f3n Uriach","robots":{"index":"index","follow":"follow","max-snippet":"max-snippet:-1","max-image-preview":"max-image-preview:large","max-video-preview":"max-video-preview:-1"},"canonical":"https:\/\/www.fu1838.org\/ca\/fins-fundacionals\/","og_locale":"ca_ES","og_type":"article","og_title":"Fins fundacionals - Fundaci\u00f3n Uriach","og_description":"\u201cDes de la seva creaci\u00f3 el 1988, la Fundaci\u00f3 Uriach s&#8217;ha convertit en un centre de refer\u00e8ncia en la difusi\u00f3 de la hist\u00f2ria de les ci\u00e8ncies de la salut, els beneficis de la nutrac\u00e8utica i la salut natural, aix\u00ed com del patrimoni hist\u00f2ric-art\u00edstic de la companyia Uriach\u201d. Dr. Joan Uriach i Marsal&#13; Fundador de la [&hellip;]","og_url":"https:\/\/www.fu1838.org\/ca\/fins-fundacionals\/","og_site_name":"Fundaci\u00f3n Uriach","article_modified_time":"2025-06-12T07:19:35+00:00","og_image":[{"width":1400,"height":440,"url":"https:\/\/www.fu1838.org\/wp-content\/uploads\/2024\/11\/header-fines-fundacionales.jpg","type":"image\/jpeg"}],"twitter_card":"summary_large_image","twitter_misc":{"Temps estimat de lectura":"2 minuts"},"schema":{"@context":"https:\/\/schema.org","@graph":[{"@type":"WebPage","@id":"https:\/\/www.fu1838.org\/ca\/fins-fundacionals\/","url":"https:\/\/www.fu1838.org\/ca\/fins-fundacionals\/","name":"Fins fundacionals - Fundaci\u00f3n Uriach","isPartOf":{"@id":"https:\/\/www.fu1838.org\/ca\/#website"},"primaryImageOfPage":{"@id":"https:\/\/www.fu1838.org\/ca\/fins-fundacionals\/#primaryimage"},"image":{"@id":"https:\/\/www.fu1838.org\/ca\/fins-fundacionals\/#primaryimage"},"thumbnailUrl":"https:\/\/www.fu1838.org\/wp-content\/uploads\/2024\/11\/header-fines-fundacionales.jpg","datePublished":"2024-11-11T10:35:42+00:00","dateModified":"2025-06-12T07:19:35+00:00","breadcrumb":{"@id":"https:\/\/www.fu1838.org\/ca\/fins-fundacionals\/#breadcrumb"},"inLanguage":"ca","potentialAction":[{"@type":"ReadAction","target":["https:\/\/www.fu1838.org\/ca\/fins-fundacionals\/"]}]},{"@type":"ImageObject","inLanguage":"ca","@id":"https:\/\/www.fu1838.org\/ca\/fins-fundacionals\/#primaryimage","url":"https:\/\/www.fu1838.org\/wp-content\/uploads\/2024\/11\/header-fines-fundacionales.jpg","contentUrl":"https:\/\/www.fu1838.org\/wp-content\/uploads\/2024\/11\/header-fines-fundacionales.jpg"},{"@type":"BreadcrumbList","@id":"https:\/\/www.fu1838.org\/ca\/fins-fundacionals\/#breadcrumb","itemListElement":[{"@type":"ListItem","position":1,"name":"Portada","item":"https:\/\/www.fu1838.org\/ca\/"},{"@type":"ListItem","position":2,"name":"Fins fundacionals"}]},{"@type":"WebSite","@id":"https:\/\/www.fu1838.org\/ca\/#website","url":"https:\/\/www.fu1838.org\/ca\/","name":"Fundaci\u00f3n Uriach","description":"","potentialAction":[{"@type":"SearchAction","target":{"@type":"EntryPoint","urlTemplate":"https:\/\/www.fu1838.org\/ca\/?s={search_term_string}"},"query-input":{"@type":"PropertyValueSpecification","valueRequired":true,"valueName":"search_term_string"}}],"inLanguage":"ca"}]}},"_links":{"self":[{"href":"https:\/\/www.fu1838.org\/ca\/wp-json\/wp\/v2\/pages\/6962","targetHints":{"allow":["GET"]}}],"collection":[{"href":"https:\/\/www.fu1838.org\/ca\/wp-json\/wp\/v2\/pages"}],"about":[{"href":"https:\/\/www.fu1838.org\/ca\/wp-json\/wp\/v2\/types\/page"}],"author":[{"embeddable":true,"href":"https:\/\/www.fu1838.org\/ca\/wp-json\/wp\/v2\/users\/1"}],"replies":[{"embeddable":true,"href":"https:\/\/www.fu1838.org\/ca\/wp-json\/wp\/v2\/comments?post=6962"}],"version-history":[{"count":2,"href":"https:\/\/www.fu1838.org\/ca\/wp-json\/wp\/v2\/pages\/6962\/revisions"}],"predecessor-version":[{"id":36250,"href":"https:\/\/www.fu1838.org\/ca\/wp-json\/wp\/v2\/pages\/6962\/revisions\/36250"}],"wp:attachment":[{"href":"https:\/\/www.fu1838.org\/ca\/wp-json\/wp\/v2\/media?parent=6962"}],"curies":[{"name":"wp","href":"https:\/\/api.w.org\/{rel}","templated":true}]}}