{"id":6964,"date":"2024-11-11T11:49:02","date_gmt":"2024-11-11T10:49:02","guid":{"rendered":"https:\/\/www.fu1838.org\/patronat\/"},"modified":"2025-03-19T15:16:38","modified_gmt":"2025-03-19T14:16:38","slug":"patronat","status":"publish","type":"page","link":"https:\/\/www.fu1838.org\/ca\/patronat\/","title":{"rendered":"Patronat"},"content":{"rendered":"\n<div class=\"wp-block-group alignfull has-global-padding is-layout-constrained wp-block-group-is-layout-constrained\">\n<div class=\"wp-block-cover alignfull is-light uriach-header-block-cover\" style=\"padding-top:0;padding-right:0;padding-bottom:0;padding-left:0\"><span aria-hidden=\"true\" class=\"wp-block-cover__background has-background-dim-0 has-background-dim\" style=\"background-color:#5d819e\"><\/span><img loading=\"lazy\" decoding=\"async\" width=\"1400\" height=\"440\" class=\"wp-block-cover__image-background wp-image-146\" alt=\"\" src=\"https:\/\/www.fu1838.org\/wp-content\/uploads\/2024\/11\/header-patronato.jpg\" data-object-fit=\"cover\" srcset=\"https:\/\/www.fu1838.org\/wp-content\/uploads\/2024\/11\/header-patronato.jpg 1400w, https:\/\/www.fu1838.org\/wp-content\/uploads\/2024\/11\/header-patronato-300x94.jpg 300w, https:\/\/www.fu1838.org\/wp-content\/uploads\/2024\/11\/header-patronato-1024x322.jpg 1024w, https:\/\/www.fu1838.org\/wp-content\/uploads\/2024\/11\/header-patronato-768x241.jpg 768w\" sizes=\"auto, (max-width: 1400px) 100vw, 1400px\" \/><div class=\"wp-block-cover__inner-container has-global-padding is-layout-constrained wp-container-core-cover-is-layout-c06d165c wp-block-cover-is-layout-constrained\">\n<div class=\"wp-block-columns alignfull is-layout-flex wp-container-core-columns-is-layout-28f84493 wp-block-columns-is-layout-flex\">\n<div class=\"wp-block-column has-base-2-color has-text-color has-background has-link-color wp-elements-cdeb7227c39863a5380fec837b9a36ad is-layout-flow wp-block-column-is-layout-flow\" style=\"background-color:#005ce5cc;padding-top:var(--wp--preset--spacing--40);padding-right:var(--wp--preset--spacing--20);padding-bottom:var(--wp--preset--spacing--40)\">\n<div class=\"wp-block-group uriach-header-block-cover-content has-global-padding is-layout-constrained wp-block-group-is-layout-constrained\">\n<h1 class=\"wp-block-heading\">Patronat<\/h1>\n\n\n\n<p class=\"has-text-align-left\">El Patronat \u00e9s el m\u00e0xim \u00f2rgan de govern de la Fundaci\u00f3 Uriach i \u00e9s el responsable de la direcci\u00f3 i administraci\u00f3 de l&#8217;entitat, assegurant-se que aquesta compleixi amb els seus objectius i fins establerts en els seus estats.<\/p>\n<\/div>\n<\/div>\n\n\n\n<div class=\"wp-block-column is-layout-flow wp-block-column-is-layout-flow\"><\/div>\n<\/div>\n<\/div><\/div>\n<\/div>\n\n<div class=\"wp-block-group alignfull has-custom-gris-fondo-background-color has-background has-global-padding is-layout-constrained wp-block-group-is-layout-constrained\" style=\"margin-top:0;margin-bottom:0;padding-top:var(--wp--preset--spacing--40);padding-bottom:var(--wp--preset--spacing--40)\">\n<div class=\"wp-block-columns alignwide uriach-grid-patronato is-layout-flex wp-container-core-columns-is-layout-28f84493 wp-block-columns-is-layout-flex\">\n<div class=\"wp-block-column uriach-grid-patronato-item is-layout-flow wp-block-column-is-layout-flow\">\n<figure class=\"wp-block-image size-full\"><img loading=\"lazy\" decoding=\"async\" width=\"226\" height=\"258\" src=\"https:\/\/www.fu1838.org\/wp-content\/uploads\/2024\/11\/javier-uriach.jpg\" alt=\"\" class=\"wp-image-150\"\/><\/figure>\n\n\n\n<div class=\"wp-block-columns are-vertically-aligned-center is-layout-flex wp-container-core-columns-is-layout-28f84493 wp-block-columns-is-layout-flex\">\n<div class=\"wp-block-column is-vertically-aligned-center is-layout-flow wp-block-column-is-layout-flow\" style=\"flex-basis:80%\">\n<p>Javier Uriach i Torell\u00f3<\/p>\n\n\n\n<p style=\"margin-top:0;font-style:normal;font-weight:300\">Vicepresident i Patr\u00f3n<\/p>\n<\/div>\n\n\n\n<div class=\"wp-block-column is-vertically-aligned-center icono is-layout-flow wp-block-column-is-layout-flow\" style=\"flex-basis:20%\">\n<p class=\"has-text-align-center\"><a href=\"#\">+<\/a><\/p>\n<\/div>\n<\/div>\n\n\n\n<div class=\"wp-block-group uriach-grid-patronato-info has-global-padding is-layout-constrained wp-block-group-is-layout-constrained\">\n<p><strong>Javier Uriach i Torell\u00f3<\/strong> es va incorporar al grup el 1988. Primer, a la planta qu\u00edmica (Urquima, Sant Fost de Campsentelles) i m\u00e9s tard, com a m\u00e0xim responsable de la divisi\u00f3 industrial del grup familiar. Va ser membre del Consell d&#8217;Administraci\u00f3 d&#8217;Uriach en el per\u00edode 2001-2012 i va presidir Urquima des de 2001 fins a 2021. En el per\u00edode 2006-2012, tamb\u00e9 va ser president executiu del Family Office d&#8217;Uriach.<\/p>\n\n\n\n<p>De 2011 al 2019 va ser el responsable de la Fundaci\u00f3 Uriach, la qual va saber consolidar i fer evolucionar mitjan\u00e7ant l&#8217;adquisici\u00f3 d&#8217;algunes de les joies de la biblioteca, l&#8217;impuls a la revista \u201cFarm\u00e0cia, Medicina i Hist\u00f2ria\u201d, aix\u00ed com la creaci\u00f3 del museu corporatiu \u201cUriach Gallery\u201d, entre altres.<\/p>\n\n\n\n<p>Despr\u00e9s d&#8217;estudiar Veterin\u00e0ria a Saragossa, Javier Uriach i Torell\u00f3 es va llicenciar en Ci\u00e8ncies Empresarials el 1988. Posteriorment, va ampliar la seva formaci\u00f3 en tributaci\u00f3 i assessorament fiscal a ESINE i, m\u00e9s tard, el 1993, va completar el Programa de Direcci\u00f3 General a IESE.<\/p>\n<\/div>\n<\/div>\n\n\n\n<div class=\"wp-block-column uriach-grid-patronato-item is-layout-flow wp-block-column-is-layout-flow\">\n<figure class=\"wp-block-image size-full\"><img loading=\"lazy\" decoding=\"async\" width=\"226\" height=\"258\" src=\"https:\/\/www.fu1838.org\/wp-content\/uploads\/2024\/11\/joaquim-uriach.jpg\" alt=\"\" class=\"wp-image-152\"\/><\/figure>\n\n\n\n<div class=\"wp-block-columns are-vertically-aligned-center is-layout-flex wp-container-core-columns-is-layout-28f84493 wp-block-columns-is-layout-flex\">\n<div class=\"wp-block-column is-vertically-aligned-center is-layout-flow wp-block-column-is-layout-flow\" style=\"flex-basis:80%\">\n<p>Joaquim Uriach i Torell\u00f3<\/p>\n\n\n\n<p style=\"margin-top:0;font-style:normal;font-weight:300\">Patr\u00f3<\/p>\n<\/div>\n\n\n\n<div class=\"wp-block-column is-vertically-aligned-center icono is-layout-flow wp-block-column-is-layout-flow\" style=\"flex-basis:20%\">\n<p class=\"has-text-align-center\"><a href=\"#\">+<\/a><\/p>\n<\/div>\n<\/div>\n\n\n\n<div class=\"wp-block-group uriach-grid-patronato-info uriach-grid-patronato-info-right has-global-padding is-layout-constrained wp-block-group-is-layout-constrained\">\n<div class=\"wp-block-group has-global-padding is-layout-constrained wp-block-group-is-layout-constrained\">\n<p><strong>Joaquim Uriach i Torell\u00f3<\/strong> es va incorporar al grup el 1993, despr\u00e9s de diverses experi\u00e8ncies en empreses com Jufresa-Martell Abogados Associados i Holco Trading Company (Mann Group). De 1993 a 2003 va ocupar el c\u00e0rrec de responsable del departament Jur\u00eddic d&#8217;Uriach, per despr\u00e9s passar a ser secretari general, i el 2012 va assumir la presid\u00e8ncia del Grup fins al 2021.<\/p>\n\n\n\n<p>La seva relaci\u00f3 amb la Fundaci\u00f3 Uriach sempre va ser de gran rellev\u00e0ncia, destacant-se especialment per la seva excel\u00b7lent labor com a secretari de la mateixa des del 1997 fins al 2024, moment en qu\u00e8 va cedir el testimoni al Patron Javier Navarro.<\/p>\n\n\n\n<p>Amb una llicenciatura en Dret per la Universitat Aut\u00f2noma de Barcelona el 1988 i un MBA d&#8217;ESADE el 1994, va complementar la seva formaci\u00f3 amb estudis en Dret Internacional a la London Polytechnic School el 1987 i un PDG a IESE el 2004.<\/p>\n\n\n\n<p>Gran amant de la m\u00fasica, des del 2022 presideix l&#8217;Associaci\u00f3 Orfe\u00f3 Catal\u00e0 i la Fundaci\u00f3 Orfe\u00f3 Catal\u00e0-Palau de la M\u00fasica Catalana. Tamb\u00e9 \u00e9s Patr\u00f3 de la Fundaci\u00f3 Pau Casals, benefactor del Liceu i membre de la Junta Directiva del Cercle del Liceu i del Patronat de la Fundaci\u00f3 Vict\u00f2ria dels \u00c0ngels.<\/p>\n<\/div>\n\n\n\n<div class=\"wp-block-group has-global-padding is-layout-constrained wp-block-group-is-layout-constrained\" style=\"min-height:40px\">\n<figure class=\"wp-block-image alignright size-full has-custom-border\"><a href=\"https:\/\/www.linkedin.com\/in\/joaquim-uriach-0814b11\/\" target=\"_blank\" rel=\" noreferrer noopener\"><img loading=\"lazy\" decoding=\"async\" width=\"35\" height=\"35\" src=\"https:\/\/www.fu1838.org\/wp-content\/uploads\/2024\/11\/linkedin.png\" alt=\"\" class=\"wp-image-407\" style=\"border-radius:0px\"\/><\/a><\/figure>\n<\/div>\n<\/div>\n<\/div>\n\n\n\n<div class=\"wp-block-column uriach-grid-patronato-item is-layout-flow wp-block-column-is-layout-flow\">\n<figure class=\"wp-block-image size-full\"><img loading=\"lazy\" decoding=\"async\" width=\"226\" height=\"258\" src=\"https:\/\/www.fu1838.org\/wp-content\/uploads\/2024\/11\/juan-uriach.jpg\" alt=\"\" class=\"wp-image-153\"\/><\/figure>\n\n\n\n<div class=\"wp-block-columns are-vertically-aligned-center is-layout-flex wp-container-core-columns-is-layout-28f84493 wp-block-columns-is-layout-flex\">\n<div class=\"wp-block-column is-vertically-aligned-center is-layout-flow wp-block-column-is-layout-flow\" style=\"flex-basis:80%\">\n<p>Juan Uriach i Torell\u00f3<\/p>\n\n\n\n<p style=\"margin-top:0;font-style:normal;font-weight:300\">Patr\u00f3<\/p>\n<\/div>\n\n\n\n<div class=\"wp-block-column is-vertically-aligned-center icono is-layout-flow wp-block-column-is-layout-flow\" style=\"flex-basis:20%\">\n<p class=\"has-text-align-center\"><a href=\"#\">+<\/a><\/p>\n<\/div>\n<\/div>\n\n\n\n<div class=\"wp-block-group uriach-grid-patronato-info uriach-grid-patronato-info-right has-global-padding is-layout-constrained wp-block-group-is-layout-constrained\">\n<p><strong>Juan Uriach i Torell\u00f3<\/strong>, cinquena generaci\u00f3 de la fam\u00edlia Uriach, es va incorporar a la companyia el 1986 com a director del Departament de Compres i responsable de Producci\u00f3, c\u00e0rrecs que va ocupar fins al 1997. M\u00e9s tard, entre 2001 i 2009, va formar part del Consell d&#8217;Administraci\u00f3 del grup.<\/p>\n\n\n\n<p>Juan Uriach i Torell\u00f3 es va llicenciar en Farm\u00e0cia per la Universitat de Barcelona el 1983 i va treballar al Departament de Gal\u00e8nica de la mateixa facultat fins al 1984. Des d&#8217;aleshores i fins al 1986, va treballar a Laboratorios Leti (Caracas, Vene\u00e7uela), al laboratori farmac\u00e8utic Squibb (New Jersey, EUA) i a Smith Kline &amp; Beecham (Filad\u00e8lfia, EUA).<\/p>\n\n\n\n<p>El 1991 va obtenir el Doctorat en Farm\u00e0cia per la Universitat de Barcelona pel desenvolupament gal\u00e8nic de Tranilast, un nou principi actiu antiasm\u00e0tic, i el 1992 va completar la seva formaci\u00f3 cursant un PDG (Programa de Direcci\u00f3 General) a IESE.<\/p>\n\n\n\n<p>En paral\u00b7lel a la seva experi\u00e8ncia a Uriach, va ser soci i president de la biotecnol\u00f2gica Salupharma.<\/p>\n<\/div>\n<\/div>\n\n\n\n<div class=\"wp-block-column uriach-grid-patronato-item is-layout-flow wp-block-column-is-layout-flow\">\n<figure class=\"wp-block-image size-full\"><img loading=\"lazy\" decoding=\"async\" width=\"226\" height=\"258\" src=\"https:\/\/www.fu1838.org\/wp-content\/uploads\/2024\/11\/enrique-uriach.jpg\" alt=\"\" class=\"wp-image-159\"\/><\/figure>\n\n\n\n<div class=\"wp-block-columns are-vertically-aligned-center is-layout-flex wp-container-core-columns-is-layout-28f84493 wp-block-columns-is-layout-flex\">\n<div class=\"wp-block-column is-vertically-aligned-center is-layout-flow wp-block-column-is-layout-flow\" style=\"flex-basis:80%\">\n<p>Enrique Uriach i Torell\u00f3<\/p>\n\n\n\n<p style=\"margin-top:0;font-style:normal;font-weight:300\">Patr\u00f3<\/p>\n<\/div>\n\n\n\n<div class=\"wp-block-column is-vertically-aligned-center icono is-layout-flow wp-block-column-is-layout-flow\" style=\"flex-basis:20%\">\n<p class=\"has-text-align-center\"><a href=\"#\">+<\/a><\/p>\n<\/div>\n<\/div>\n\n\n\n<div class=\"wp-block-group uriach-grid-patronato-info has-global-padding is-layout-constrained wp-block-group-is-layout-constrained\">\n<div class=\"wp-block-group has-global-padding is-layout-constrained wp-block-group-is-layout-constrained\">\n<p><strong>Enrique Uriach i Torell\u00f3<\/strong> pertany a la cinquena generaci\u00f3 de la fam\u00edlia Uriach i va treballar al grup durant gaireb\u00e9 25 anys entre 1991 i 2015. De 2006 a 2012 va ser President Executiu i CEO de la companyia, una etapa en la qual es va iniciar la reorientaci\u00f3 estrat\u00e8gica cap al Consumer Healthcare. Anteriorment, va ocupar diversos c\u00e0rrecs dins de l&#8217;organitzaci\u00f3 (Finances, Comercial, Serveis Corporatius, etc.).<\/p>\n\n\n\n<p>Actualment, \u00e9s el president del Consell de Propietaris Familiar i membre del Consell d&#8217;Administraci\u00f3 de la companyia.<\/p>\n\n\n\n<p>Pel que fa a la seva formaci\u00f3, va cursar els seus estudis a la Universitat Aut\u00f2noma de Barcelona on va realitzar la carrera de Ci\u00e8ncies Empresarials. Posteriorment, va completar un M\u00e0ster en Auditoria i va realitzar un PDG (Programa de Direcci\u00f3 General) a IESE. Entre 1988 i 1991 va exercir com a consultor de finances a PwC.<\/p>\n\n\n\n<p>Des del 2013, Enrique Uriach tamb\u00e9 presideix Urilaria, la societat holding de l&#8217;activitat del Family Office de la fam\u00edlia Uriach.<\/p>\n<\/div>\n\n\n\n<div class=\"wp-block-group has-global-padding is-layout-constrained wp-block-group-is-layout-constrained\" style=\"min-height:40px\">\n<figure class=\"wp-block-image alignright size-full has-custom-border\"><a href=\"https:\/\/www.linkedin.com\/in\/enrique-uriach-torello-3a5b242b\/\" target=\"_blank\" rel=\" noreferrer noopener\"><img loading=\"lazy\" decoding=\"async\" width=\"35\" height=\"35\" src=\"https:\/\/www.fu1838.org\/wp-content\/uploads\/2024\/11\/linkedin.png\" alt=\"\" class=\"wp-image-407\" style=\"border-radius:0px\"\/><\/a><\/figure>\n<\/div>\n<\/div>\n<\/div>\n<\/div>\n\n\n\n<div class=\"wp-block-columns alignwide uriach-grid-patronato is-layout-flex wp-container-core-columns-is-layout-1e7a8a7b wp-block-columns-is-layout-flex\" style=\"margin-top:40px\">\n<div class=\"wp-block-column uriach-grid-patronato-item is-layout-flow wp-block-column-is-layout-flow\">\n<figure class=\"wp-block-image size-full\"><img loading=\"lazy\" decoding=\"async\" width=\"226\" height=\"258\" src=\"https:\/\/www.fu1838.org\/wp-content\/uploads\/2024\/11\/marta-uriach.jpg\" alt=\"\" class=\"wp-image-160\"\/><\/figure>\n\n\n\n<div class=\"wp-block-columns are-vertically-aligned-center is-layout-flex wp-container-core-columns-is-layout-28f84493 wp-block-columns-is-layout-flex\">\n<div class=\"wp-block-column is-vertically-aligned-center is-layout-flow wp-block-column-is-layout-flow\" style=\"flex-basis:80%\">\n<p>Marta Uriach i Torell\u00f3<\/p>\n\n\n\n<p style=\"margin-top:0;font-style:normal;font-weight:300\">Patrona<\/p>\n<\/div>\n\n\n\n<div class=\"wp-block-column is-vertically-aligned-center icono is-layout-flow wp-block-column-is-layout-flow\" style=\"flex-basis:20%\">\n<p class=\"has-text-align-center\"><a href=\"#\">+<\/a><\/p>\n<\/div>\n<\/div>\n\n\n\n<div class=\"wp-block-group uriach-grid-patronato-info has-global-padding is-layout-constrained wp-block-group-is-layout-constrained\">\n<p><strong>Marta Uriach i Torell\u00f3<\/strong> es va llicenciar en Interiorisme per la Universitat d&#8217;IADE el 1983 i va treballar com a interiorista a Estudis Sa\u00f1es des del 1984 fins al 1988, any en qu\u00e8 va decidir emprendre el seu propi Estudi d&#8217;interiorisme fins al 1999.<\/p>\n\n\n\n<p>El 1992 va completar la seva formaci\u00f3 cursant un SEP (Senior Executive Program) a ESADE\/BABSON College.<\/p>\n\n\n\n<p>Actualment \u00e9s membre del Consell de Propietaris Familiar i en el passat, tamb\u00e9 va exercir com a membre del Consell d&#8217;Administraci\u00f3 d&#8217;Uriach.<\/p>\n\n\n\n<p>Marta Uriach est\u00e0 molt compromesa amb diverses associacions que busquen impactar positivament en la societat, per aquest motiu exerceix com a Patrona de la Fundaci\u00f3 Vila Casas i Fundaci\u00f3 MACBA. A m\u00e9s, \u00e9s una col\u00b7laboradora molt activa de la Fundaci\u00f3 Esclerosis M\u00faltiple.<\/p>\n<\/div>\n<\/div>\n\n\n\n<div class=\"wp-block-column uriach-grid-patronato-item is-layout-flow wp-block-column-is-layout-flow\">\n<figure class=\"wp-block-image size-full\"><img loading=\"lazy\" decoding=\"async\" width=\"226\" height=\"258\" src=\"https:\/\/www.fu1838.org\/wp-content\/uploads\/2024\/11\/javier-navarro.jpg\" alt=\"\" class=\"wp-image-161\"\/><\/figure>\n\n\n\n<div class=\"wp-block-columns are-vertically-aligned-center is-layout-flex wp-container-core-columns-is-layout-28f84493 wp-block-columns-is-layout-flex\">\n<div class=\"wp-block-column is-vertically-aligned-center is-layout-flow wp-block-column-is-layout-flow\" style=\"flex-basis:80%\">\n<p>Javier Navarro i Olivella<\/p>\n\n\n\n<p style=\"margin-top:0;font-style:normal;font-weight:300\">Secretari i Patr\u00f3n<\/p>\n<\/div>\n\n\n\n<div class=\"wp-block-column is-vertically-aligned-center icono is-layout-flow wp-block-column-is-layout-flow\" style=\"flex-basis:20%\">\n<p class=\"has-text-align-center\"><a href=\"#\">+<\/a><\/p>\n<\/div>\n<\/div>\n\n\n\n<div class=\"wp-block-group uriach-grid-patronato-info uriach-grid-patronato-info-right has-global-padding is-layout-constrained wp-block-group-is-layout-constrained\">\n<div class=\"wp-block-group has-global-padding is-layout-constrained wp-block-group-is-layout-constrained\">\n<p><strong>Javier Navarro i Olivella<\/strong>, durant la seva \u00e0mplia carrera professional, ha treballat en diverses companyies, desenvolupant la seva etapa m\u00e9s rellevant a Uriach, una de les empreses l\u00edders a Europa en el desenvolupament i comercialitzaci\u00f3 de nutrac\u00e8utics i productes a base d&#8217;ingredients naturals. A Uriach va ser director general a Espanya, It\u00e0lia i Portugal, a m\u00e9s de m\u00e0xim responsable de la seva \u00e0rea d&#8217;innovaci\u00f3.<\/p>\n\n\n\n<p>Des del 2019 fins a l&#8217;actualitat, ha estat el responsable i guia de la Fundaci\u00f3 Uriach, ajudant-la a evolucionar, consolidar-se i assolir els seus fins fundacionals. Des del 2024, tamb\u00e9 exerceix com a secretari de la Fundaci\u00f3.<\/p>\n\n\n\n<p>\u00c9s llicenciat en Medicina i Cirurgia per la Universitat Aut\u00f2noma de Barcelona i M\u00e0ster en Administraci\u00f3 i Direcci\u00f3 d&#8217;Empreses per l&#8217;IESE. La seva traject\u00f2ria professional sempre ha estat vinculada a la ind\u00fastria farmac\u00e8utica, i molt especialment al camp de la nutrac\u00e8utica.<\/p>\n<\/div>\n\n\n\n<div class=\"wp-block-group has-global-padding is-layout-constrained wp-block-group-is-layout-constrained\" style=\"min-height:40px\">\n<figure class=\"wp-block-image alignright size-full has-custom-border\"><a href=\"https:\/\/www.linkedin.com\/in\/javier-n-9b833614\/\" target=\"_blank\" rel=\" noreferrer noopener\"><img loading=\"lazy\" decoding=\"async\" width=\"35\" height=\"35\" src=\"https:\/\/www.fu1838.org\/wp-content\/uploads\/2024\/11\/linkedin.png\" alt=\"\" class=\"wp-image-407\" style=\"border-radius:0px\"\/><\/a><\/figure>\n<\/div>\n<\/div>\n<\/div>\n\n\n\n<div class=\"wp-block-column uriach-grid-patronato-item is-layout-flow wp-block-column-is-layout-flow\">\n<figure class=\"wp-block-image size-full\"><img loading=\"lazy\" decoding=\"async\" width=\"226\" height=\"258\" src=\"https:\/\/www.fu1838.org\/wp-content\/uploads\/2024\/11\/alicia-espriu.jpg\" alt=\"\" class=\"wp-image-162\"\/><\/figure>\n\n\n\n<div class=\"wp-block-columns are-vertically-aligned-center is-layout-flex wp-container-core-columns-is-layout-28f84493 wp-block-columns-is-layout-flex\">\n<div class=\"wp-block-column is-vertically-aligned-center is-layout-flow wp-block-column-is-layout-flow\" style=\"flex-basis:80%\">\n<p>Alicia Espriu Calder\u00f3n<\/p>\n\n\n\n<p style=\"margin-top:0;font-style:normal;font-weight:300\">Patrona<\/p>\n<\/div>\n\n\n\n<div class=\"wp-block-column is-vertically-aligned-center icono is-layout-flow wp-block-column-is-layout-flow\" style=\"flex-basis:20%\">\n<p class=\"has-text-align-center\"><a href=\"#\">+<\/a><\/p>\n<\/div>\n<\/div>\n\n\n\n<div class=\"wp-block-group uriach-grid-patronato-info uriach-grid-patronato-info-right has-global-padding is-layout-constrained wp-block-group-is-layout-constrained\">\n<div class=\"wp-block-group has-global-padding is-layout-constrained wp-block-group-is-layout-constrained\">\n<p><strong>Alicia Espriu Calder\u00f3n<\/strong> \u00e9s una professional destacada en el m\u00f3n del m\u00e0rqueting, amb m\u00e9s de 20 anys d&#8217;experi\u00e8ncia al mercat de la salut i de gran consum. Alicia Espriu destaca en m\u00e0rqueting estrat\u00e8gic, branding, innovaci\u00f3 de productes i desenvolupament de negocis.<\/p>\n\n\n\n<p>Amb una \u00e0mplia experi\u00e8ncia en el sector, ocupant diferents posicions com a responsable de m\u00e0rqueting i marca en companyies com Omega Pharma (Perrigo), Vanity Fair, Roca i Indo, el 2016 s&#8217;incorpora a Uriach. Des d&#8217;aleshores la seva evoluci\u00f3 ha estat constant i, actualment, ocupa el c\u00e0rrec de Chief Growth Officer i \u00e9s membre de l&#8217;Executive Committee de la companyia.<\/p>\n\n\n\n<p>Alicia Espriu es va llicenciar en ADE i va ampliar els seus estudis a la Universitat Aut\u00f2noma de Barcelona amb un postgrau de Publicitat i Comunicaci\u00f3. Va cursar el Executive M\u00e0ster en M\u00e0rqueting i Vendes d&#8217;ESADE, i va ampliar la seva formaci\u00f3 amb el Programa de Desenvolupament Directiu (PDD) a IESE.<\/p>\n<\/div>\n\n\n\n<div class=\"wp-block-group has-global-padding is-layout-constrained wp-block-group-is-layout-constrained\" style=\"min-height:40px\">\n<figure class=\"wp-block-image alignright size-full has-custom-border\"><a href=\"https:\/\/www.linkedin.com\/in\/alicia-espriu-a73b77\/\" target=\"_blank\" rel=\" noreferrer noopener\"><img loading=\"lazy\" decoding=\"async\" width=\"35\" height=\"35\" src=\"https:\/\/www.fu1838.org\/wp-content\/uploads\/2024\/11\/linkedin.png\" alt=\"\" class=\"wp-image-407\" style=\"border-radius:0px\"\/><\/a><\/figure>\n<\/div>\n<\/div>\n<\/div>\n\n\n\n<div class=\"wp-block-column uriach-grid-patronato-item is-layout-flow wp-block-column-is-layout-flow\">\n<figure class=\"wp-block-image size-full\"><img loading=\"lazy\" decoding=\"async\" width=\"226\" height=\"258\" src=\"https:\/\/www.fu1838.org\/wp-content\/uploads\/2024\/11\/josep-antoni.jpg\" alt=\"\" class=\"wp-image-164\"\/><\/figure>\n\n\n\n<div class=\"wp-block-columns are-vertically-aligned-center is-layout-flex wp-container-core-columns-is-layout-28f84493 wp-block-columns-is-layout-flex\">\n<div class=\"wp-block-column is-vertically-aligned-center is-layout-flow wp-block-column-is-layout-flow\" style=\"flex-basis:80%\">\n<p>Josep Antoni Bomb\u00ed Latorre<\/p>\n\n\n\n<p style=\"margin-top:0;font-style:normal;font-weight:300\">Patr\u00f3<\/p>\n<\/div>\n\n\n\n<div class=\"wp-block-column is-vertically-aligned-center icono is-layout-flow wp-block-column-is-layout-flow\" style=\"flex-basis:20%\">\n<p class=\"has-text-align-center\"><a href=\"#\">+<\/a><\/p>\n<\/div>\n<\/div>\n\n\n\n<div class=\"wp-block-group uriach-grid-patronato-info has-global-padding is-layout-constrained wp-block-group-is-layout-constrained\">\n<p><strong>Josep Antoni Bomb\u00ed Latorre<\/strong>, al llarg de la seva extensa traject\u00f2ria, ha estat president de la Reial Acad\u00e8mia de Medicina de Catalunya des de 2017, i membre numerari des de 2005. Anteriorment, va ser dec\u00e0 de la Facultat de Medicina de la UB, president de la Confer\u00e8ncia de Decans de Facultats de Medicina d&#8217;Espanya, director de departament, coordinador del Programa de Doctorat en Anatomia Patol\u00f2gica, i president de l&#8217;Acad\u00e8mia de Ci\u00e8ncies M\u00e8diques i de la Salut de Catalunya i de Balears, aix\u00ed com del Consell Catal\u00e0 d&#8217;Especialitats en Ci\u00e8ncies de la Salut, entre altres c\u00e0rrecs. Durant aquests anys ha liderat nombrosos projectes de recerca i doc\u00e8ncia, publicant m\u00e9s de 240 articles en revistes nacionals i internacionals, a m\u00e9s de 3 llibres i 23 cap\u00edtols de llibres. Tamb\u00e9 ha presentat m\u00e9s de 250 comunicacions en congressos nacionals i internacionals i ha impartit m\u00e9s de 120 confer\u00e8ncies.<\/p>\n\n\n\n<p>Llicenciat en Medicina i doctor per la Universitat de Barcelona (1971 i 1973), \u00e9s Catedr\u00e0tic em\u00e8rit d&#8217;Anatomia Patol\u00f2gica de la Universitat de Barcelona i consultor s\u00e8nior (jubilat) de l&#8217;Hospital Cl\u00ednic. Expert en microsc\u00f2pia electr\u00f2nica i patologia digestiva. Diplomat en Gesti\u00f3 Hospital\u00e0ria per la UB.<\/p>\n\n\n\n<p>La seva labor ha estat reconeguda amb el Premi Jordi Gol i Gorina 2017 de l&#8217;ACMSCB i amb el seu nomenament com a membre d&#8217;honor de l&#8217;Institut M\u00e8dic-Farmac\u00e8utic de Catalunya, juntament amb altres reconeixements.<\/p>\n<\/div>\n<\/div>\n<\/div>\n\n\n\n<div class=\"wp-block-columns alignwide uriach-grid-patronato is-layout-flex wp-container-core-columns-is-layout-1e7a8a7b wp-block-columns-is-layout-flex\" style=\"margin-top:40px\">\n<div class=\"wp-block-column is-layout-flow wp-block-column-is-layout-flow\"><\/div>\n\n\n\n<div class=\"wp-block-column is-layout-flow wp-block-column-is-layout-flow\"><\/div>\n\n\n\n<div class=\"wp-block-column is-layout-flow wp-block-column-is-layout-flow\"><\/div>\n\n\n\n<div class=\"wp-block-column is-layout-flow wp-block-column-is-layout-flow\"><\/div>\n<\/div>\n<\/div>\n","protected":false},"excerpt":{"rendered":"<p>Javier Uriach i Torell\u00f3 Vicepresident i Patr\u00f3n + Javier Uriach i Torell\u00f3 es va incorporar al grup el 1988. Primer, a la planta qu\u00edmica (Urquima, Sant Fost de Campsentelles) i m\u00e9s tard, com a m\u00e0xim responsable de la divisi\u00f3 industrial del grup familiar. Va ser membre del Consell d&#8217;Administraci\u00f3 d&#8217;Uriach en el per\u00edode 2001-2012 i [&hellip;]<\/p>\n","protected":false},"author":1,"featured_media":0,"parent":0,"menu_order":0,"comment_status":"closed","ping_status":"closed","template":"","meta":{"_acf_changed":false,"footnotes":""},"class_list":["post-6964","page","type-page","status-publish","hentry"],"acf":[],"yoast_head":"<!-- This site is optimized with the Yoast SEO plugin v24.1 - https:\/\/yoast.com\/wordpress\/plugins\/seo\/ -->\n<title>Patronat - Fundaci\u00f3n Uriach<\/title>\n<meta name=\"robots\" content=\"index, follow, max-snippet:-1, max-image-preview:large, max-video-preview:-1\" \/>\n<link rel=\"canonical\" href=\"https:\/\/www.fu1838.org\/ca\/patronat\/\" \/>\n<meta property=\"og:locale\" content=\"ca_ES\" \/>\n<meta property=\"og:type\" content=\"article\" \/>\n<meta property=\"og:title\" content=\"Patronat - Fundaci\u00f3n Uriach\" \/>\n<meta property=\"og:description\" content=\"Javier Uriach i Torell\u00f3 Vicepresident i Patr\u00f3n + Javier Uriach i Torell\u00f3 es va incorporar al grup el 1988. Primer, a la planta qu\u00edmica (Urquima, Sant Fost de Campsentelles) i m\u00e9s tard, com a m\u00e0xim responsable de la divisi\u00f3 industrial del grup familiar. Va ser membre del Consell d&#8217;Administraci\u00f3 d&#8217;Uriach en el per\u00edode 2001-2012 i [&hellip;]\" \/>\n<meta property=\"og:url\" content=\"https:\/\/www.fu1838.org\/ca\/patronat\/\" \/>\n<meta property=\"og:site_name\" content=\"Fundaci\u00f3n Uriach\" \/>\n<meta property=\"article:modified_time\" content=\"2025-03-19T14:16:38+00:00\" \/>\n<meta property=\"og:image\" content=\"https:\/\/www.fu1838.org\/wp-content\/uploads\/2024\/11\/header-patronato.jpg\" \/>\n\t<meta property=\"og:image:width\" content=\"1400\" \/>\n\t<meta property=\"og:image:height\" content=\"440\" \/>\n\t<meta property=\"og:image:type\" content=\"image\/jpeg\" \/>\n<meta name=\"twitter:card\" content=\"summary_large_image\" \/>\n<meta name=\"twitter:label1\" content=\"Temps estimat de lectura\" \/>\n\t<meta name=\"twitter:data1\" content=\"7 minuts\" \/>\n<script type=\"application\/ld+json\" class=\"yoast-schema-graph\">{\"@context\":\"https:\/\/schema.org\",\"@graph\":[{\"@type\":\"WebPage\",\"@id\":\"https:\/\/www.fu1838.org\/ca\/patronat\/\",\"url\":\"https:\/\/www.fu1838.org\/ca\/patronat\/\",\"name\":\"Patronat - Fundaci\u00f3n Uriach\",\"isPartOf\":{\"@id\":\"https:\/\/www.fu1838.org\/ca\/#website\"},\"primaryImageOfPage\":{\"@id\":\"https:\/\/www.fu1838.org\/ca\/patronat\/#primaryimage\"},\"image\":{\"@id\":\"https:\/\/www.fu1838.org\/ca\/patronat\/#primaryimage\"},\"thumbnailUrl\":\"https:\/\/www.fu1838.org\/wp-content\/uploads\/2024\/11\/header-patronato.jpg\",\"datePublished\":\"2024-11-11T10:49:02+00:00\",\"dateModified\":\"2025-03-19T14:16:38+00:00\",\"breadcrumb\":{\"@id\":\"https:\/\/www.fu1838.org\/ca\/patronat\/#breadcrumb\"},\"inLanguage\":\"ca\",\"potentialAction\":[{\"@type\":\"ReadAction\",\"target\":[\"https:\/\/www.fu1838.org\/ca\/patronat\/\"]}]},{\"@type\":\"ImageObject\",\"inLanguage\":\"ca\",\"@id\":\"https:\/\/www.fu1838.org\/ca\/patronat\/#primaryimage\",\"url\":\"https:\/\/www.fu1838.org\/wp-content\/uploads\/2024\/11\/header-patronato.jpg\",\"contentUrl\":\"https:\/\/www.fu1838.org\/wp-content\/uploads\/2024\/11\/header-patronato.jpg\"},{\"@type\":\"BreadcrumbList\",\"@id\":\"https:\/\/www.fu1838.org\/ca\/patronat\/#breadcrumb\",\"itemListElement\":[{\"@type\":\"ListItem\",\"position\":1,\"name\":\"Portada\",\"item\":\"https:\/\/www.fu1838.org\/ca\/\"},{\"@type\":\"ListItem\",\"position\":2,\"name\":\"Patronat\"}]},{\"@type\":\"WebSite\",\"@id\":\"https:\/\/www.fu1838.org\/ca\/#website\",\"url\":\"https:\/\/www.fu1838.org\/ca\/\",\"name\":\"Fundaci\u00f3n Uriach\",\"description\":\"\",\"potentialAction\":[{\"@type\":\"SearchAction\",\"target\":{\"@type\":\"EntryPoint\",\"urlTemplate\":\"https:\/\/www.fu1838.org\/ca\/?s={search_term_string}\"},\"query-input\":{\"@type\":\"PropertyValueSpecification\",\"valueRequired\":true,\"valueName\":\"search_term_string\"}}],\"inLanguage\":\"ca\"}]}<\/script>\n<!-- \/ Yoast SEO plugin. -->","yoast_head_json":{"title":"Patronat - Fundaci\u00f3n Uriach","robots":{"index":"index","follow":"follow","max-snippet":"max-snippet:-1","max-image-preview":"max-image-preview:large","max-video-preview":"max-video-preview:-1"},"canonical":"https:\/\/www.fu1838.org\/ca\/patronat\/","og_locale":"ca_ES","og_type":"article","og_title":"Patronat - Fundaci\u00f3n Uriach","og_description":"Javier Uriach i Torell\u00f3 Vicepresident i Patr\u00f3n + Javier Uriach i Torell\u00f3 es va incorporar al grup el 1988. Primer, a la planta qu\u00edmica (Urquima, Sant Fost de Campsentelles) i m\u00e9s tard, com a m\u00e0xim responsable de la divisi\u00f3 industrial del grup familiar. Va ser membre del Consell d&#8217;Administraci\u00f3 d&#8217;Uriach en el per\u00edode 2001-2012 i [&hellip;]","og_url":"https:\/\/www.fu1838.org\/ca\/patronat\/","og_site_name":"Fundaci\u00f3n Uriach","article_modified_time":"2025-03-19T14:16:38+00:00","og_image":[{"width":1400,"height":440,"url":"https:\/\/www.fu1838.org\/wp-content\/uploads\/2024\/11\/header-patronato.jpg","type":"image\/jpeg"}],"twitter_card":"summary_large_image","twitter_misc":{"Temps estimat de lectura":"7 minuts"},"schema":{"@context":"https:\/\/schema.org","@graph":[{"@type":"WebPage","@id":"https:\/\/www.fu1838.org\/ca\/patronat\/","url":"https:\/\/www.fu1838.org\/ca\/patronat\/","name":"Patronat - Fundaci\u00f3n Uriach","isPartOf":{"@id":"https:\/\/www.fu1838.org\/ca\/#website"},"primaryImageOfPage":{"@id":"https:\/\/www.fu1838.org\/ca\/patronat\/#primaryimage"},"image":{"@id":"https:\/\/www.fu1838.org\/ca\/patronat\/#primaryimage"},"thumbnailUrl":"https:\/\/www.fu1838.org\/wp-content\/uploads\/2024\/11\/header-patronato.jpg","datePublished":"2024-11-11T10:49:02+00:00","dateModified":"2025-03-19T14:16:38+00:00","breadcrumb":{"@id":"https:\/\/www.fu1838.org\/ca\/patronat\/#breadcrumb"},"inLanguage":"ca","potentialAction":[{"@type":"ReadAction","target":["https:\/\/www.fu1838.org\/ca\/patronat\/"]}]},{"@type":"ImageObject","inLanguage":"ca","@id":"https:\/\/www.fu1838.org\/ca\/patronat\/#primaryimage","url":"https:\/\/www.fu1838.org\/wp-content\/uploads\/2024\/11\/header-patronato.jpg","contentUrl":"https:\/\/www.fu1838.org\/wp-content\/uploads\/2024\/11\/header-patronato.jpg"},{"@type":"BreadcrumbList","@id":"https:\/\/www.fu1838.org\/ca\/patronat\/#breadcrumb","itemListElement":[{"@type":"ListItem","position":1,"name":"Portada","item":"https:\/\/www.fu1838.org\/ca\/"},{"@type":"ListItem","position":2,"name":"Patronat"}]},{"@type":"WebSite","@id":"https:\/\/www.fu1838.org\/ca\/#website","url":"https:\/\/www.fu1838.org\/ca\/","name":"Fundaci\u00f3n Uriach","description":"","potentialAction":[{"@type":"SearchAction","target":{"@type":"EntryPoint","urlTemplate":"https:\/\/www.fu1838.org\/ca\/?s={search_term_string}"},"query-input":{"@type":"PropertyValueSpecification","valueRequired":true,"valueName":"search_term_string"}}],"inLanguage":"ca"}]}},"_links":{"self":[{"href":"https:\/\/www.fu1838.org\/ca\/wp-json\/wp\/v2\/pages\/6964","targetHints":{"allow":["GET"]}}],"collection":[{"href":"https:\/\/www.fu1838.org\/ca\/wp-json\/wp\/v2\/pages"}],"about":[{"href":"https:\/\/www.fu1838.org\/ca\/wp-json\/wp\/v2\/types\/page"}],"author":[{"embeddable":true,"href":"https:\/\/www.fu1838.org\/ca\/wp-json\/wp\/v2\/users\/1"}],"replies":[{"embeddable":true,"href":"https:\/\/www.fu1838.org\/ca\/wp-json\/wp\/v2\/comments?post=6964"}],"version-history":[{"count":2,"href":"https:\/\/www.fu1838.org\/ca\/wp-json\/wp\/v2\/pages\/6964\/revisions"}],"predecessor-version":[{"id":7417,"href":"https:\/\/www.fu1838.org\/ca\/wp-json\/wp\/v2\/pages\/6964\/revisions\/7417"}],"wp:attachment":[{"href":"https:\/\/www.fu1838.org\/ca\/wp-json\/wp\/v2\/media?parent=6964"}],"curies":[{"name":"wp","href":"https:\/\/api.w.org\/{rel}","templated":true}]}}