{"id":6969,"date":"2024-11-11T14:31:40","date_gmt":"2024-11-11T13:31:40","guid":{"rendered":"https:\/\/www.fu1838.org\/galeria-dillustres\/"},"modified":"2025-05-20T15:02:25","modified_gmt":"2025-05-20T13:02:25","slug":"galeria-dillustres","status":"publish","type":"page","link":"https:\/\/www.fu1838.org\/ca\/galeria-dillustres\/","title":{"rendered":"Galeria d&#8217;Il\u00b7lustres"},"content":{"rendered":"\n<div class=\"wp-block-group alignfull has-global-padding is-layout-constrained wp-block-group-is-layout-constrained\">\n<div class=\"wp-block-cover alignfull is-light uriach-header-block-cover\" style=\"padding-top:0;padding-right:0;padding-bottom:0;padding-left:0\"><img loading=\"lazy\" decoding=\"async\" width=\"1400\" height=\"440\" class=\"wp-block-cover__image-background wp-image-205\" alt=\"\" src=\"https:\/\/www.fu1838.org\/wp-content\/uploads\/2024\/11\/header-galeria-ilustres.jpg\" data-object-fit=\"cover\" srcset=\"https:\/\/www.fu1838.org\/wp-content\/uploads\/2024\/11\/header-galeria-ilustres.jpg 1400w, https:\/\/www.fu1838.org\/wp-content\/uploads\/2024\/11\/header-galeria-ilustres-300x94.jpg 300w, https:\/\/www.fu1838.org\/wp-content\/uploads\/2024\/11\/header-galeria-ilustres-1024x322.jpg 1024w, https:\/\/www.fu1838.org\/wp-content\/uploads\/2024\/11\/header-galeria-ilustres-768x241.jpg 768w\" sizes=\"auto, (max-width: 1400px) 100vw, 1400px\" \/><span aria-hidden=\"true\" class=\"wp-block-cover__background has-background-dim-0 has-background-dim\" style=\"background-color:#5d819e\"><\/span><div class=\"wp-block-cover__inner-container has-global-padding is-layout-constrained wp-container-core-cover-is-layout-c06d165c wp-block-cover-is-layout-constrained\">\n<div class=\"wp-block-columns alignfull is-layout-flex wp-container-core-columns-is-layout-28f84493 wp-block-columns-is-layout-flex\">\n<div class=\"wp-block-column has-base-2-color has-text-color has-background has-link-color wp-elements-9634e4b187e61772a50eed6d4a0265c4 is-layout-flow wp-block-column-is-layout-flow\" style=\"background-color:#00c405b3;padding-top:var(--wp--preset--spacing--40);padding-right:var(--wp--preset--spacing--20);padding-bottom:var(--wp--preset--spacing--40)\">\n<div class=\"wp-block-group uriach-header-block-cover-content has-global-padding is-layout-constrained wp-block-group-is-layout-constrained\">\n<h1 class=\"wp-block-heading has-base-2-color has-text-color has-link-color wp-elements-3267a3a3f736ded8ef5c0d32fcab4b48\">Galeria d&#8217;Il\u00b7lustres<\/h1>\n\n\n\n<p class=\"has-text-align-left\">Un espai on es ret homenatge i es d\u00f3na a con\u00e8ixer algunes de les persones rellevants que han contribu\u00eft amb la seva dedicaci\u00f3 i esfor\u00e7 al creixement i desenvolupament de la companyia i la Fundaci\u00f3 Uriach. Una selecci\u00f3 per la qual s&#8217;ha tingut en compte diverses caracter\u00edstiques amb l&#8217;objectiu d&#8217;assegurar una pres\u00e8ncia transversal en el temps i en c\u00e0rrecs de responsabilitat. Perqu\u00e8 tots han contribu\u00eft a millorar dia rere dia.<\/p>\n<\/div>\n<\/div>\n\n\n\n<div class=\"wp-block-column is-layout-flow wp-block-column-is-layout-flow\"><\/div>\n<\/div>\n<\/div><\/div>\n<\/div>\n\n<div class=\"wp-block-group alignfull has-custom-gris-fondo-background-color has-background has-global-padding is-layout-constrained wp-block-group-is-layout-constrained\" style=\"margin-top:0;padding-top:var(--wp--preset--spacing--40);padding-bottom:var(--wp--preset--spacing--40)\">\n<div class=\"wp-block-columns alignwide uriach-grid-galeria is-layout-flex wp-container-core-columns-is-layout-658170e2 wp-block-columns-is-layout-flex\">\n<div class=\"wp-block-column uriach-grid-galeria-item is-layout-flow wp-block-column-is-layout-flow\">\n<figure class=\"wp-block-image size-full\"><img loading=\"lazy\" decoding=\"async\" width=\"226\" height=\"258\" src=\"https:\/\/www.fu1838.org\/wp-content\/uploads\/2024\/11\/antonio-barrera.jpg\" alt=\"\" class=\"wp-image-331\"\/><\/figure>\n\n\n\n<div class=\"wp-block-columns are-vertically-aligned-center is-layout-flex wp-container-core-columns-is-layout-28f84493 wp-block-columns-is-layout-flex\">\n<div class=\"wp-block-column is-vertically-aligned-center is-layout-flow wp-block-column-is-layout-flow\" style=\"flex-basis:80%\">\n<p>Antonio Barrera del<br\/>Irimo <\/p>\n<\/div>\n\n\n\n<div class=\"wp-block-column is-vertically-aligned-center icono is-layout-flow wp-block-column-is-layout-flow\" style=\"flex-basis:20%\">\n<p class=\"has-text-align-center\"><a href=\"#\">+<\/a><\/p>\n<\/div>\n<\/div>\n\n\n\n<div class=\"wp-block-group uriach-grid-galeria-info has-global-padding is-layout-constrained wp-block-group-is-layout-constrained\">\n<p>Licenciat en Dret i Economia, les seves capacitats i experi\u00e8ncia com a ministre de Finances, vicepresident del Govern d&#8217;Espanya i president de Telef\u00f3nica el porten a ser un membre molt valu\u00f3s del Consell Assessor d&#8217;Uriach. Com a membre d&#8217;aquest consell, les seves aportacions s\u00f3n sempre molt destacades, especialment la seva proposta per a la creaci\u00f3 del Consell d&#8217;Administraci\u00f3 de la companyia, que implica una nova organitzaci\u00f3 interna i suposa un nou model de gesti\u00f3 del negoci. Tamb\u00e9 va jugar un paper clau en la transici\u00f3 generacional de la quarta a la cinquena generaci\u00f3 familiar, introduint bones pr\u00e0ctiques de gesti\u00f3, aix\u00ed com en la realitzaci\u00f3 del primer pla estrat\u00e8gic d&#8217;Uriach.<\/p>\n<\/div>\n<\/div>\n\n\n\n<div class=\"wp-block-column uriach-grid-galeria-item is-layout-flow wp-block-column-is-layout-flow\">\n<figure class=\"wp-block-image size-full\"><img loading=\"lazy\" decoding=\"async\" width=\"226\" height=\"258\" src=\"https:\/\/www.fu1838.org\/wp-content\/uploads\/2024\/11\/josep-barris.jpg\" alt=\"\" class=\"wp-image-321\"\/><\/figure>\n\n\n\n<div class=\"wp-block-columns are-vertically-aligned-center is-layout-flex wp-container-core-columns-is-layout-28f84493 wp-block-columns-is-layout-flex\">\n<div class=\"wp-block-column is-vertically-aligned-center is-layout-flow wp-block-column-is-layout-flow\" style=\"flex-basis:80%\">\n<p>Josep Barris Albanell<\/p>\n<\/div>\n\n\n\n<div class=\"wp-block-column is-vertically-aligned-center icono is-layout-flow wp-block-column-is-layout-flow\" style=\"flex-basis:20%\">\n<p class=\"has-text-align-center\"><a href=\"#\">+<\/a><\/p>\n<\/div>\n<\/div>\n\n\n\n<div class=\"wp-block-group uriach-grid-galeria-info  uriach-grid-galeria-info-right has-global-padding is-layout-constrained wp-block-group-is-layout-constrained\">\n<p>Des del seu nomenament com a cap de personal d&#8217;Uriach a principis dels anys 60, es converteix en una persona de la completa confian\u00e7a de Juan Uriach Tey gr\u00e0cies a la seva lleialtat, entrega i esfor\u00e7. Tot i que \u00e9s seri\u00f3s en la seva feina, tamb\u00e9 \u00e9s molt estimat pel seu car\u00e0cter amable i just. Durant els seus anys a Uriach com a responsable de recursos humans, ha de superar molts reptes derivats del creixement de la companyia i la progressiva automatitzaci\u00f3 amb l&#8217;arribada dels primers ordinadors a principis dels anys 70. Com a an\u00e8cdota, podem destacar que el Sr. Barris \u00e9s l&#8217;impulsor d&#8217;activitats de lleure per als treballadors, com la biblioteca popular fundada al 1973 o la creaci\u00f3 d&#8217;uns premis de dibuix en qu\u00e8 participaven els fills dels treballadors. Unes activitats que contribueixen a fer d&#8217;Uriach una empresa en creixement, per\u00f2 tamb\u00e9 preocupada pel benestar dels seus col\u00b7laboradors.<\/p>\n<\/div>\n<\/div>\n\n\n\n<div class=\"wp-block-column uriach-grid-galeria-item is-layout-flow wp-block-column-is-layout-flow\">\n<figure class=\"wp-block-image size-full\"><img loading=\"lazy\" decoding=\"async\" width=\"226\" height=\"258\" src=\"https:\/\/www.fu1838.org\/wp-content\/uploads\/2024\/11\/moises-broggi-valles.jpg\" alt=\"\" class=\"wp-image-326\"\/><\/figure>\n\n\n\n<div class=\"wp-block-columns are-vertically-aligned-center is-layout-flex wp-container-core-columns-is-layout-28f84493 wp-block-columns-is-layout-flex\">\n<div class=\"wp-block-column is-vertically-aligned-center is-layout-flow wp-block-column-is-layout-flow\" style=\"flex-basis:80%\">\n<p>Mois\u00e8s Broggi i Vall\u00e8s<\/p>\n<\/div>\n\n\n\n<div class=\"wp-block-column is-vertically-aligned-center icono is-layout-flow wp-block-column-is-layout-flow\" style=\"flex-basis:20%\">\n<p class=\"has-text-align-center\"><a href=\"#\">+<\/a><\/p>\n<\/div>\n<\/div>\n\n\n\n<div class=\"wp-block-group uriach-grid-galeria-info  uriach-grid-galeria-info-right has-global-padding is-layout-constrained wp-block-group-is-layout-constrained\">\n<p>Doctorat en Medicina el 1935, treballa com a cirurgi\u00e0 durant la Guerra Civil Espanyola, implantant els innovadors quir\u00f2fans m\u00f2bils i el servei d&#8217;urg\u00e8ncies hospital\u00e0ries al front. Despr\u00e9s de la guerra, \u00e9s inhabilitat per exercir c\u00e0rrecs p\u00fablics i es dedica a la pr\u00e0ctica privada, convertint-se en un dels cirurgians m\u00e9s prestigiosos del pa\u00eds. Al llarg de la seva traject\u00f2ria, sap combinar la seva tasca com a metge amb la seva participaci\u00f3 en entitats com la Reial Acad\u00e8mia de Medicina de Barcelona o la Fundaci\u00f3 Uriach, de la qual \u00e9s Patr\u00f3 des de 1988 fins al 2012, un any abans de la seva mort als 105 anys. Comprom\u00e8s amb el desenvolupament de l&#8217;\u00e8tica m\u00e8dica, les seves aportacions com a Patr\u00f3 van ser sempre de gran rellev\u00e0ncia i van contribuir a la consolidaci\u00f3 de la nostra entitat.<\/p>\n<\/div>\n<\/div>\n\n\n\n<div class=\"wp-block-column uriach-grid-galeria-item is-layout-flow wp-block-column-is-layout-flow\">\n<figure class=\"wp-block-image size-full\"><img loading=\"lazy\" decoding=\"async\" width=\"226\" height=\"258\" src=\"https:\/\/www.fu1838.org\/wp-content\/uploads\/2024\/11\/josefina-cordera.jpg\" alt=\"\" class=\"wp-image-319\"\/><\/figure>\n\n\n\n<div class=\"wp-block-columns are-vertically-aligned-center is-layout-flex wp-container-core-columns-is-layout-28f84493 wp-block-columns-is-layout-flex\">\n<div class=\"wp-block-column is-vertically-aligned-center is-layout-flow wp-block-column-is-layout-flow\" style=\"flex-basis:80%\">\n<p>Josefina Codera<\/p>\n<\/div>\n\n\n\n<div class=\"wp-block-column is-vertically-aligned-center icono is-layout-flow wp-block-column-is-layout-flow\" style=\"flex-basis:20%\">\n<p class=\"has-text-align-center\"><a href=\"#\">+<\/a><\/p>\n<\/div>\n<\/div>\n\n\n\n<div class=\"wp-block-group uriach-grid-galeria-info has-global-padding is-layout-constrained wp-block-group-is-layout-constrained\">\n<p>Origin\u00e0ria d&#8217;Arag\u00f3, entra a treballar a Uriach a mitjans del segle XX i continua fent-ho fins a la seva jubilaci\u00f3. La seva bona feina, sempre amb un somriure a la cara, la porta a ser la responsable de materials i instal\u00b7lacions, un lloc imprescindible per al correcte funcionament diari de la companyia. Un exemple d&#8217;aix\u00f2 \u00e9s la seva efic\u00e0cia en tenir sempre bates netes disponibles, una pe\u00e7a que, encara que avui dia est\u00e0 en des\u00fas, durant molts anys va ser utilitzada per tots els treballadors d&#8217;Uriach, independentment de la seva posici\u00f3, departament o c\u00e0rrec. Va ser molt estimada per tots els col\u00b7laboradors pel seu car\u00e0cter alegre i respectada per la seva gran efic\u00e0cia i dedicaci\u00f3 professional.<\/p>\n<\/div>\n<\/div>\n<\/div>\n\n\n\n<div class=\"wp-block-columns alignwide uriach-grid-galeria is-layout-flex wp-container-core-columns-is-layout-658170e2 wp-block-columns-is-layout-flex\">\n<div class=\"wp-block-column uriach-grid-galeria-item is-layout-flow wp-block-column-is-layout-flow\">\n<figure class=\"wp-block-image size-full\"><img loading=\"lazy\" decoding=\"async\" width=\"226\" height=\"258\" src=\"https:\/\/www.fu1838.org\/wp-content\/uploads\/2024\/11\/josep-danon-bretos.jpg\" alt=\"\" class=\"wp-image-329\"\/><\/figure>\n\n\n\n<div class=\"wp-block-columns are-vertically-aligned-center is-layout-flex wp-container-core-columns-is-layout-28f84493 wp-block-columns-is-layout-flex\">\n<div class=\"wp-block-column is-vertically-aligned-center is-layout-flow wp-block-column-is-layout-flow\" style=\"flex-basis:80%\">\n<p>Josep Dan\u00f3n Bretos<\/p>\n<\/div>\n\n\n\n<div class=\"wp-block-column is-vertically-aligned-center icono is-layout-flow wp-block-column-is-layout-flow\" style=\"flex-basis:20%\">\n<p class=\"has-text-align-center\"><a href=\"#\">+<\/a><\/p>\n<\/div>\n<\/div>\n\n\n\n<div class=\"wp-block-group uriach-grid-galeria-info  uriach-grid-galeria-info-right has-global-padding is-layout-constrained wp-block-group-is-layout-constrained\">\n<p>Llicenciat en Medicina i Cirurgia, s\u2019especialitza posteriorment en Pediatria i Puericultura, aix\u00ed com en Medicina del Treball i Medicina de l\u2019Esport. Sap combinar la seva activitat professional amb la seva altra gran passi\u00f3: la doc\u00e8ncia universit\u00e0ria, especialment vinculada a la Hist\u00f2ria de la Ci\u00e8ncia. L\u2019any 1969 inicia la seva relaci\u00f3 amb la companyia Uriach i, juntament amb el Dr. Joan Uriach i Marsal, \u00e9s l\u2019encarregat de crear el Centre de Documentaci\u00f3 d\u2019Hist\u00f2ria de la Medicina, precursor de l\u2019actual Fundaci\u00f3 Uriach. Com a responsable de la Fundaci\u00f3, la seva tasca \u00e9s molt fruct\u00edfera, destacant la creaci\u00f3 d\u2019una biblioteca d\u2019hist\u00f2ria de les ci\u00e8ncies de la salut, una base de dades bibliogr\u00e0fica d\u2019acc\u00e9s obert i gratu\u00eft, la publicaci\u00f3 de nombrosos llibres, revistes i articles, aix\u00ed com la instauraci\u00f3 de diversos premis, entre altres fites. Des dels seus inicis i fins a pocs anys despr\u00e9s de la seva jubilaci\u00f3, exerceix com a secretari del premi \u201cHist\u00f2ria de la Medicina\u201d. Finalment, el 2010, el Dr. Dan\u00f3n es jubila, deixant un llegat que encara perdura, fins i tot despr\u00e9s de la seva defunci\u00f3, l\u2019any 2022.<\/p>\n<\/div>\n<\/div>\n\n\n\n<div class=\"wp-block-column uriach-grid-galeria-item is-layout-flow wp-block-column-is-layout-flow\">\n<figure class=\"wp-block-image size-full\"><img loading=\"lazy\" decoding=\"async\" width=\"226\" height=\"258\" src=\"https:\/\/www.fu1838.org\/wp-content\/uploads\/2024\/11\/juli-garcia-rafanell.jpg\" alt=\"\" class=\"wp-image-328\"\/><\/figure>\n\n\n\n<div class=\"wp-block-columns are-vertically-aligned-center is-layout-flex wp-container-core-columns-is-layout-28f84493 wp-block-columns-is-layout-flex\">\n<div class=\"wp-block-column is-vertically-aligned-center is-layout-flow wp-block-column-is-layout-flow\" style=\"flex-basis:80%\">\n<p>Juli Garc\u00eda Rafanell<\/p>\n<\/div>\n\n\n\n<div class=\"wp-block-column is-vertically-aligned-center icono is-layout-flow wp-block-column-is-layout-flow\" style=\"flex-basis:20%\">\n<p class=\"has-text-align-center\"><a href=\"#\">+<\/a><\/p>\n<\/div>\n<\/div>\n\n\n\n<div class=\"wp-block-group uriach-grid-galeria-info has-global-padding is-layout-constrained wp-block-group-is-layout-constrained\">\n<p>Doctor en Qu\u00edmica i membre de la Reial Acad\u00e8mia de Farm\u00e0cia de Catalunya, despr\u00e9s d&#8217;uns primers anys de formaci\u00f3 cient\u00edfica, el 1973 s&#8217;incorpora a Uriach al departament de Farmacologia, aportant els seus coneixements en bioqu\u00edmica. Des d&#8217;aquest moment, la seva import\u00e0ncia i rellev\u00e0ncia a la companyia no deixen de cr\u00e9ixer fins a convertir-se en el m\u00e0xim responsable del departament d&#8217;investigaci\u00f3, on es desenvolupen alguns dels productes estrella de la companyia. Despr\u00e9s de molts anys d&#8217;\u00e8xit, despr\u00e9s de la seva jubilaci\u00f3 el 2014, s&#8217;incorpora com a Patr\u00f3 a la Fundaci\u00f3 Uriach. Des de la seva posici\u00f3 com a Patr\u00f3, el Dr. Rafanell sap unir el seu amor per la companyia, la seva experi\u00e8ncia i els seus coneixements del sector per impulsar la Fundaci\u00f3 a noves cotes de qualitat. Respectat i estimat a parts iguals, la seva inesperada p\u00e8rdua el 2023 suposa un gran impacte per a qui el van con\u00e8ixer.<\/p>\n<\/div>\n<\/div>\n\n\n\n<div class=\"wp-block-column uriach-grid-galeria-item is-layout-flow wp-block-column-is-layout-flow\">\n<figure class=\"wp-block-image size-full\"><img loading=\"lazy\" decoding=\"async\" width=\"226\" height=\"258\" src=\"https:\/\/www.fu1838.org\/wp-content\/uploads\/2024\/11\/clemente-garcia-rovira.jpg\" alt=\"\" class=\"wp-image-311\"\/><\/figure>\n\n\n\n<div class=\"wp-block-columns are-vertically-aligned-center is-layout-flex wp-container-core-columns-is-layout-28f84493 wp-block-columns-is-layout-flex\">\n<div class=\"wp-block-column is-vertically-aligned-center is-layout-flow wp-block-column-is-layout-flow\" style=\"flex-basis:80%\">\n<p>Clemente Garc\u00eda Rovira<\/p>\n<\/div>\n\n\n\n<div class=\"wp-block-column is-vertically-aligned-center icono is-layout-flow wp-block-column-is-layout-flow\" style=\"flex-basis:20%\">\n<p class=\"has-text-align-center\"><a href=\"#\">+<\/a><\/p>\n<\/div>\n<\/div>\n\n\n\n<div class=\"wp-block-group uriach-grid-galeria-info  uriach-grid-galeria-info-right has-global-padding is-layout-constrained wp-block-group-is-layout-constrained\">\n<p>Durant el dif\u00edcil per\u00edode d&#8217;entreguerres a principis del segle XX, la tasca del Sr. Garc\u00eda a Uriach \u00e9s molt rellevant gr\u00e0cies al seu ampli coneixement del negoci i del complex m\u00f3n de les exclusivitats farmac\u00e8utiques. La seva participaci\u00f3 \u00e9s determinant durant el trasllat de les oficines i magatzem del carrer Montcada al carrer Bruc de Barcelona el 1919. La seva professionalitat, honradesa, obsessi\u00f3 pel treball ben fet, humilitat i estima per la companyia s\u00f3n \u00e0mpliament reconegudes per tots. Durant tot el temps que treballa a Uriach, es popularitzen algunes de les seves frases m\u00e9s conegudes com ara \u201cper a manar cal aprendre a con\u00e8ixer tots els treballs\u201d o \u201csi tens un c\u00e0rrec de responsabilitat, procura envoltar-te de gent eficient\u201d, entre altres.<\/p>\n<\/div>\n<\/div>\n\n\n\n<div class=\"wp-block-column uriach-grid-galeria-item is-layout-flow wp-block-column-is-layout-flow\">\n<figure class=\"wp-block-image size-full\"><img loading=\"lazy\" decoding=\"async\" width=\"226\" height=\"258\" src=\"https:\/\/www.fu1838.org\/wp-content\/uploads\/2024\/11\/francisco-garcia-valdecasas.jpg\" alt=\"\" class=\"wp-image-325\"\/><\/figure>\n\n\n\n<div class=\"wp-block-columns are-vertically-aligned-center is-layout-flex wp-container-core-columns-is-layout-28f84493 wp-block-columns-is-layout-flex\">\n<div class=\"wp-block-column is-vertically-aligned-center is-layout-flow wp-block-column-is-layout-flow\" style=\"flex-basis:80%\">\n<p>Francisco Garc\u00eda-Valdecasas Santamar\u00eda<\/p>\n<\/div>\n\n\n\n<div class=\"wp-block-column is-vertically-aligned-center icono is-layout-flow wp-block-column-is-layout-flow\" style=\"flex-basis:20%\">\n<p class=\"has-text-align-center\"><a href=\"#\">+<\/a><\/p>\n<\/div>\n<\/div>\n\n\n\n<div class=\"wp-block-group uriach-grid-galeria-info  uriach-grid-galeria-info-right has-global-padding is-layout-constrained wp-block-group-is-layout-constrained\">\n<p>Doctor en medicina, reconegut fisi\u00f2leg i farmac\u00f2leg, el Dr. Garc\u00eda-Valdecasas va destacar per ser catedr\u00e0tic de Farmacologia a la Universitat de Barcelona (1940-1980), rector de la mateixa universitat, durant el per\u00edode 1965-1968, membre de la Reial Acad\u00e8mia de Medicina de Barcelona i de la Reial Acad\u00e8mia de Farm\u00e0cia de Catalunya. Els seus amplis coneixements i la seva experi\u00e8ncia com a gestor d&#8217;institucions acad\u00e8miques el porten a ser triat per formar part del primer Patronat de la Fundaci\u00f3 Uriach el 1988. Com a patr\u00f3, el Dr. Garc\u00eda-Valdecasas va contribuir significativament al desenvolupament i creixement als inicis de la Fundaci\u00f3 Uriach, gr\u00e0cies a les seves valuoses aportacions i comprom\u00eds amb la instituci\u00f3.<\/p>\n<\/div>\n<\/div>\n<\/div>\n\n\n\n<div class=\"wp-block-columns alignwide uriach-grid-galeria is-layout-flex wp-container-core-columns-is-layout-658170e2 wp-block-columns-is-layout-flex\">\n<div class=\"wp-block-column uriach-grid-galeria-item is-layout-flow wp-block-column-is-layout-flow\">\n<figure class=\"wp-block-image size-full\"><img loading=\"lazy\" decoding=\"async\" width=\"226\" height=\"258\" src=\"https:\/\/www.fu1838.org\/wp-content\/uploads\/2024\/11\/francesc-granell-trias.jpg\" alt=\"\" class=\"wp-image-332\"\/><\/figure>\n\n\n\n<div class=\"wp-block-columns are-vertically-aligned-center is-layout-flex wp-container-core-columns-is-layout-28f84493 wp-block-columns-is-layout-flex\">\n<div class=\"wp-block-column is-vertically-aligned-center is-layout-flow wp-block-column-is-layout-flow\" style=\"flex-basis:80%\">\n<p>Francesc Granell i Trias<\/p>\n<\/div>\n\n\n\n<div class=\"wp-block-column is-vertically-aligned-center icono is-layout-flow wp-block-column-is-layout-flow\" style=\"flex-basis:20%\">\n<p class=\"has-text-align-center\"><a href=\"#\">+<\/a><\/p>\n<\/div>\n<\/div>\n\n\n\n<div class=\"wp-block-group uriach-grid-galeria-info has-global-padding is-layout-constrained wp-block-group-is-layout-constrained\">\n<p>Catedr\u00e0tic d&#8217;Economia Aplicada, el Dr. Francesc Granell va tenir una \u00e0mplia i exitosa carrera professional, destacant la seva activitat com a director general de Comer\u00e7 i Turisme, la seva participaci\u00f3 en l&#8217;organitzaci\u00f3 dels Jocs Ol\u00edmpics de Barcelona, la creaci\u00f3 de l&#8217;Escola d&#8217;Administraci\u00f3 P\u00fablica de Catalunya i el Consell Interdepartamental d&#8217;Investigaci\u00f3 i Innovaci\u00f3 Tecnol\u00f2gica. Aquesta experi\u00e8ncia el converteix en un membre molt valu\u00f3s del Consell Assessor d&#8217;Uriach, aportant els seus coneixements i visi\u00f3 europeista al negoci, fet fonamental en la d\u00e8cada dels 90, que va contribuir a la transformaci\u00f3 d&#8217;Uriach en l&#8217;empresa multinacional que \u00e9s avui.<\/p>\n<\/div>\n<\/div>\n\n\n\n<div class=\"wp-block-column uriach-grid-galeria-item is-layout-flow wp-block-column-is-layout-flow\">\n<figure class=\"wp-block-image size-full\"><img loading=\"lazy\" decoding=\"async\" width=\"226\" height=\"258\" src=\"https:\/\/www.fu1838.org\/wp-content\/uploads\/2024\/11\/joan-morell-mestre.jpg\" alt=\"\" class=\"wp-image-327\"\/><\/figure>\n\n\n\n<div class=\"wp-block-columns are-vertically-aligned-center is-layout-flex wp-container-core-columns-is-layout-28f84493 wp-block-columns-is-layout-flex\">\n<div class=\"wp-block-column is-vertically-aligned-center is-layout-flow wp-block-column-is-layout-flow\" style=\"flex-basis:80%\">\n<p>Joan Morell Mestre<\/p>\n<\/div>\n\n\n\n<div class=\"wp-block-column is-vertically-aligned-center icono is-layout-flow wp-block-column-is-layout-flow\" style=\"flex-basis:20%\">\n<p class=\"has-text-align-center\"><a href=\"#\">+<\/a><\/p>\n<\/div>\n<\/div>\n\n\n\n<div class=\"wp-block-group uriach-grid-galeria-info has-global-padding is-layout-constrained wp-block-group-is-layout-constrained\">\n<p>Llicenciat en Farm\u00e0cia, des de la seva incorporaci\u00f3 a Uriach en la d\u00e8cada de 1970, la figura de Joan Morell no fa m\u00e9s que cr\u00e9ixer a la companyia fins a convertir-se en un dels seus pilars i en home de confian\u00e7a de la ger\u00e8ncia. Com a responsable de m\u00e0rqueting, impulsa innumerables campanyes d&#8217;\u00e8xit que propicien un augment en la venda de molts productes. Juntament amb el Dr. Joan Uriach i Marsal, \u00e9s un dels impulsors de la creaci\u00f3 de la Fundaci\u00f3 Uriach. S\u2019incorpora el 1988 com a Patr\u00f3, sent una figura molt rellevant, ja que, a m\u00e9s de ser un dels majors vincles entre la Fundaci\u00f3 i l&#8217;empresa, contribueix al desenvolupament i promoci\u00f3 de nombroses activitats per donar a con\u00e8ixer la nova instituci\u00f3. Amb un car\u00e0cter sempre positiu i una dedicaci\u00f3 al treball encomiable, la seva pr\u00f2pia i inesperada desaparici\u00f3 el 2006 va ser un dur cop per a tots.<\/p>\n<\/div>\n<\/div>\n\n\n\n<div class=\"wp-block-column uriach-grid-galeria-item is-layout-flow wp-block-column-is-layout-flow\">\n<figure class=\"wp-block-image size-full\"><img loading=\"lazy\" decoding=\"async\" width=\"226\" height=\"258\" src=\"https:\/\/www.fu1838.org\/wp-content\/uploads\/2024\/11\/antoni-negre-villavecchia.jpg\" alt=\"\" class=\"wp-image-330\"\/><\/figure>\n\n\n\n<div class=\"wp-block-columns are-vertically-aligned-center is-layout-flex wp-container-core-columns-is-layout-28f84493 wp-block-columns-is-layout-flex\">\n<div class=\"wp-block-column is-vertically-aligned-center is-layout-flow wp-block-column-is-layout-flow\" style=\"flex-basis:80%\">\n<p>Antoni Negre i Villavecchia<\/p>\n<\/div>\n\n\n\n<div class=\"wp-block-column is-vertically-aligned-center icono is-layout-flow wp-block-column-is-layout-flow\" style=\"flex-basis:20%\">\n<p class=\"has-text-align-center\"><a href=\"#\">+<\/a><\/p>\n<\/div>\n<\/div>\n\n\n\n<div class=\"wp-block-group uriach-grid-galeria-info  uriach-grid-galeria-info-right has-global-padding is-layout-constrained wp-block-group-is-layout-constrained\">\n<p>Llicenciat en Dret, Antoni Negre arriba al consell assessor d&#8217;Uriach despr\u00e9s d&#8217;una \u00e0mplia i exitosa carrera com a economista i empresari. La seva traject\u00f2ria destaca per la seva tasca com a president de la Cambra de Comer\u00e7, Ind\u00fastria i Navegaci\u00f3 de Barcelona i de la Eurocambra. Amb aquest bagatge professional i un ampli coneixement de l&#8217;economia i els mercats nacionals i internacionals, la seva incorporaci\u00f3 al Consell Assessor d&#8217;Uriach va ser fonamental per establir les bases de la nova estructura i futura organitzaci\u00f3 de la companyia, aix\u00ed com per facilitar la transici\u00f3 entre la quarta i la cinquena generaci\u00f3.<\/p>\n<\/div>\n<\/div>\n\n\n\n<div class=\"wp-block-column uriach-grid-galeria-item is-layout-flow wp-block-column-is-layout-flow\">\n<figure class=\"wp-block-image size-full\"><img loading=\"lazy\" decoding=\"async\" width=\"226\" height=\"258\" src=\"https:\/\/www.fu1838.org\/wp-content\/uploads\/2024\/11\/pedro-pages-galceran.jpg\" alt=\"\" class=\"wp-image-310\"\/><\/figure>\n\n\n\n<div class=\"wp-block-columns are-vertically-aligned-center is-layout-flex wp-container-core-columns-is-layout-28f84493 wp-block-columns-is-layout-flex\">\n<div class=\"wp-block-column is-vertically-aligned-center is-layout-flow wp-block-column-is-layout-flow\" style=\"flex-basis:80%\">\n<p>Pedro Pag\u00e9s Galcer\u00e1n<\/p>\n<\/div>\n\n\n\n<div class=\"wp-block-column is-vertically-aligned-center icono is-layout-flow wp-block-column-is-layout-flow\" style=\"flex-basis:20%\">\n<p class=\"has-text-align-center\"><a href=\"#\">+<\/a><\/p>\n<\/div>\n<\/div>\n\n\n\n<div class=\"wp-block-group uriach-grid-galeria-info has-global-padding is-layout-constrained wp-block-group-is-layout-constrained\">\n<p>El 1898, coincidint amb la creaci\u00f3 del primer laboratori qu\u00edmic farmac\u00e8utic de la companyia, el Sr. Pag\u00e8s assumeix majors responsabilitats a trav\u00e9s de l&#8217;atorgament de poders per a l&#8217;administraci\u00f3 de la societat \u201cJ. Uriach y C\u00eda, Sociedad en Comandita\u201d. A partir d&#8217;aquest moment, pot comprar, vendre, pagar productes i serveis, signar documentaci\u00f3 i representar la companyia davant les autoritats. Algunes funcions, compartides en molts casos amb Joaqu\u00edn Uriach, que s\u00f3n crucials en un moment cr\u00edtic per a la companyia degut a l&#8217;obertura del nou laboratori, el que situa Uriach en una nova dimensi\u00f3.<\/p>\n<\/div>\n<\/div>\n<\/div>\n\n\n\n<div class=\"wp-block-columns alignwide uriach-grid-galeria is-layout-flex wp-container-core-columns-is-layout-658170e2 wp-block-columns-is-layout-flex\">\n<div class=\"wp-block-column uriach-grid-galeria-item is-layout-flow wp-block-column-is-layout-flow\">\n<figure class=\"wp-block-image size-full\"><img loading=\"lazy\" decoding=\"async\" width=\"226\" height=\"258\" src=\"https:\/\/www.fu1838.org\/wp-content\/uploads\/2024\/11\/josep-piera-torres.jpg\" alt=\"\" class=\"wp-image-312\"\/><\/figure>\n\n\n\n<div class=\"wp-block-columns are-vertically-aligned-center is-layout-flex wp-container-core-columns-is-layout-28f84493 wp-block-columns-is-layout-flex\">\n<div class=\"wp-block-column is-vertically-aligned-center is-layout-flow wp-block-column-is-layout-flow\" style=\"flex-basis:80%\">\n<p>Josep Piera Torres<\/p>\n<\/div>\n\n\n\n<div class=\"wp-block-column is-vertically-aligned-center icono is-layout-flow wp-block-column-is-layout-flow\" style=\"flex-basis:20%\">\n<p class=\"has-text-align-center\"><a href=\"#\">+<\/a><\/p>\n<\/div>\n<\/div>\n\n\n\n<div class=\"wp-block-group uriach-grid-galeria-info  uriach-grid-galeria-info-right has-global-padding is-layout-constrained wp-block-group-is-layout-constrained\">\n<p>S&#8217;incorpora a Uriach l&#8217;any 1903 i, fins a la seva jubilaci\u00f3, destaca per ser una persona ordenada i treballadora, qualitats essencials per gestionar la tresoreria i la caixa d&#8217;una companyia en ple creixement com Uriach durant els anys 20. En l&#8217;\u00e0mbit personal, \u00e9s conegut pel seu humor ir\u00f2nic, que el fa molt popular entre els seus companys i per la seva educaci\u00f3, la seva eleg\u00e0ncia a l&#8217;hora de vestir, l\u2019anomenen \u201cel gentleman\u201d. Treballa sempre sota les ordres directes de Joan Uriach Tey, qui confia molt en la seva feina i el t\u00e9 en gran estima, tant professionalment com personalment.<\/p>\n<\/div>\n<\/div>\n\n\n\n<div class=\"wp-block-column uriach-grid-galeria-item is-layout-flow wp-block-column-is-layout-flow\">\n<figure class=\"wp-block-image size-full\"><img loading=\"lazy\" decoding=\"async\" width=\"226\" height=\"258\" src=\"https:\/\/www.fu1838.org\/wp-content\/uploads\/2024\/11\/maria-del-prado.jpg\" alt=\"\" class=\"wp-image-315\"\/><\/figure>\n\n\n\n<div class=\"wp-block-columns are-vertically-aligned-center is-layout-flex wp-container-core-columns-is-layout-28f84493 wp-block-columns-is-layout-flex\">\n<div class=\"wp-block-column is-vertically-aligned-center is-layout-flow wp-block-column-is-layout-flow\" style=\"flex-basis:80%\">\n<p>Mar\u00eda del Prado<\/p>\n<\/div>\n\n\n\n<div class=\"wp-block-column is-vertically-aligned-center icono is-layout-flow wp-block-column-is-layout-flow\" style=\"flex-basis:20%\">\n<p class=\"has-text-align-center\"><a href=\"#\">+<\/a><\/p>\n<\/div>\n<\/div>\n\n\n\n<div class=\"wp-block-group uriach-grid-galeria-info has-global-padding is-layout-constrained wp-block-group-is-layout-constrained\">\n<p>El 1935, Mar\u00eda del Prado comen\u00e7a a treballar a la secci\u00f3 de perfumeria de la drogueria que Uriach t\u00e9 al carrer Bruc de Barcelona. Encara que en aquell moment \u00e9s molt jove, r\u00e0pidament destaca per les seves habilitats naturals com a venedora i la seva amabilitat amb els clients, especialment amb les dones. Gr\u00e0cies a la seva bona imatge i pell mod\u00e8lica, les clientes solen preguntar quins productes d&#8217;Uriach utilitza, el que impulsa les vendes de determinats productes. Degut a la seva estima per la companyia, rebutja importants ofertes d&#8217;altres establiments de la ciutat. Amb el tancament de la secci\u00f3 de venda al detall als anys 60, es trasllada al laboratori, on romandr\u00e0 fins a la seva jubilaci\u00f3.<\/p>\n<\/div>\n<\/div>\n\n\n\n<div class=\"wp-block-column uriach-grid-galeria-item is-layout-flow wp-block-column-is-layout-flow\">\n<figure class=\"wp-block-image size-full\"><img loading=\"lazy\" decoding=\"async\" width=\"226\" height=\"258\" src=\"https:\/\/www.fu1838.org\/wp-content\/uploads\/2024\/11\/ramon-pujol-llussa.jpg\" alt=\"\" class=\"wp-image-318\"\/><\/figure>\n\n\n\n<div class=\"wp-block-columns are-vertically-aligned-center is-layout-flex wp-container-core-columns-is-layout-28f84493 wp-block-columns-is-layout-flex\">\n<div class=\"wp-block-column is-vertically-aligned-center is-layout-flow wp-block-column-is-layout-flow\" style=\"flex-basis:80%\">\n<p>Ram\u00f3n Pujol Llussa<\/p>\n<\/div>\n\n\n\n<div class=\"wp-block-column is-vertically-aligned-center icono is-layout-flow wp-block-column-is-layout-flow\" style=\"flex-basis:20%\">\n<p class=\"has-text-align-center\"><a href=\"#\">+<\/a><\/p>\n<\/div>\n<\/div>\n\n\n\n<div class=\"wp-block-group uriach-grid-galeria-info  uriach-grid-galeria-info-right has-global-padding is-layout-constrained wp-block-group-is-layout-constrained\">\n<p>Entra a treballar a Uriach a mitjans del segle XX, un per\u00edode de gran creixement per a l&#8217;empresa, especialment a nivell t\u00e8cnic i cient\u00edfic, que culmina amb la creaci\u00f3 del modern departament d&#8217;investigaci\u00f3 el 1970. Durant el seu temps a la companyia, destaca per la seva dedicaci\u00f3 a la millora dels medicaments, tant en termes terap\u00e8utics com en les formes d&#8217;administraci\u00f3. La seva tasca permet prescindir d&#8217;alguns prove\u00efdors i comen\u00e7ar a fabricar els productes directament, millorant aix\u00ed l&#8217;efici\u00e8ncia i rendibilitat. Durant gran part dels seus anys a Uriach, col\u00b7labora estretament amb el Dr. Joan Uriach i Marsal, qui s&#8217;incorpora al negoci com a responsable dels laboratoris en aquella \u00e8poca. Mor l&#8217;any 1962, a causa d&#8217;un accident de tr\u00e0nsit, deixant un gran buit entre els col\u00b7laboradors.<\/p>\n<\/div>\n<\/div>\n\n\n\n<div class=\"wp-block-column uriach-grid-galeria-item is-layout-flow wp-block-column-is-layout-flow\">\n<figure class=\"wp-block-image size-full\"><img loading=\"lazy\" decoding=\"async\" width=\"226\" height=\"258\" src=\"https:\/\/www.fu1838.org\/wp-content\/uploads\/2024\/11\/josep-m-robert-fort.jpg\" alt=\"\" class=\"wp-image-316\"\/><\/figure>\n\n\n\n<div class=\"wp-block-columns are-vertically-aligned-center is-layout-flex wp-container-core-columns-is-layout-28f84493 wp-block-columns-is-layout-flex\">\n<div class=\"wp-block-column is-vertically-aligned-center is-layout-flow wp-block-column-is-layout-flow\" style=\"flex-basis:80%\">\n<p>Josep M\u00aa Robert Fort<\/p>\n<\/div>\n\n\n\n<div class=\"wp-block-column is-vertically-aligned-center icono is-layout-flow wp-block-column-is-layout-flow\" style=\"flex-basis:20%\">\n<p class=\"has-text-align-center\"><a href=\"#\">+<\/a><\/p>\n<\/div>\n<\/div>\n\n\n\n<div class=\"wp-block-group uriach-grid-galeria-info has-global-padding is-layout-constrained wp-block-group-is-layout-constrained\">\n<p>Josep Maria Robert ingressa a la companyia el 1923 com a administratiu, destacant-se r\u00e0pidament per la seva efici\u00e8ncia en el treball i el seu agradable tracte personal. Gr\u00e0cies a la seva incansable i eficient tasca, ascendeix a responsable de comptabilitat, encarregant-se d&#8217;organitzar la part administrativa i comptable de la companyia en un moment molt complex, degut a la gran quantitat de negocis amb empreses internacionals ubicades en pa\u00efsos com Fran\u00e7a, It\u00e0lia o Estats Units, entre altres. Despr\u00e9s de 42 anys a Uriach, es jubila el 1965, convertint-se en un referent per a les generacions posteriors.<\/p>\n<\/div>\n<\/div>\n<\/div>\n\n\n\n<div class=\"wp-block-columns alignwide uriach-grid-galeria is-layout-flex wp-container-core-columns-is-layout-658170e2 wp-block-columns-is-layout-flex\">\n<div class=\"wp-block-column uriach-grid-galeria-item is-layout-flow wp-block-column-is-layout-flow\">\n<figure class=\"wp-block-image size-full\"><img loading=\"lazy\" decoding=\"async\" width=\"226\" height=\"258\" src=\"https:\/\/www.fu1838.org\/wp-content\/uploads\/2024\/11\/nicanor-robreno-zanne.jpg\" alt=\"\" class=\"wp-image-309\"\/><\/figure>\n\n\n\n<div class=\"wp-block-columns are-vertically-aligned-center is-layout-flex wp-container-core-columns-is-layout-28f84493 wp-block-columns-is-layout-flex\">\n<div class=\"wp-block-column is-vertically-aligned-center icono is-layout-flow wp-block-column-is-layout-flow\" style=\"flex-basis:80%\">\n<p>Nicanor Robre\u00f1o Zann\u00e9<\/p>\n<\/div>\n\n\n\n<div class=\"wp-block-column is-vertically-aligned-center icono is-layout-flow wp-block-column-is-layout-flow\" style=\"flex-basis:20%\">\n<p class=\"has-text-align-center\"><a href=\"#\">+<\/a><\/p>\n<\/div>\n<\/div>\n\n\n\n<div class=\"wp-block-group uriach-grid-galeria-info has-global-padding is-layout-constrained wp-block-group-is-layout-constrained\">\n<p>El 1891, despr\u00e9s de la dissoluci\u00f3 de la societat \u201cAlomar y Uriach\u201d i degut al creixement del negoci, el Sr. Robre\u00f1o passa de ser un simple treballador a convertir-se en responsable mitjan\u00e7ant la concessi\u00f3 de poders d&#8217;administraci\u00f3. Amb aquests poders, pot administrar la casa de comer\u00e7, realitzar pagaments, cobrar lletres de canvi, portar la comptabilitat general i signar documentaci\u00f3. Aquestes noves responsabilitats contribueixen a la millora de la societat i alliberen a Juan Uriach Feliu de moltes tasques administratives, permetent-li dedicar-se a la gesti\u00f3 i futura expansi\u00f3 del negoci.<\/p>\n<\/div>\n<\/div>\n\n\n\n<div class=\"wp-block-column uriach-grid-galeria-item is-layout-flow wp-block-column-is-layout-flow\">\n<figure class=\"wp-block-image size-full\"><img loading=\"lazy\" decoding=\"async\" width=\"226\" height=\"258\" src=\"https:\/\/www.fu1838.org\/wp-content\/uploads\/2024\/11\/alfred-roig-segarra.jpg\" alt=\"\" class=\"wp-image-323\"\/><\/figure>\n\n\n\n<div class=\"wp-block-columns are-vertically-aligned-center is-layout-flex wp-container-core-columns-is-layout-28f84493 wp-block-columns-is-layout-flex\">\n<div class=\"wp-block-column is-vertically-aligned-center is-layout-flow wp-block-column-is-layout-flow\" style=\"flex-basis:80%\">\n<p>Alfred Roig Segarra<\/p>\n<\/div>\n\n\n\n<div class=\"wp-block-column is-vertically-aligned-center icono is-layout-flow wp-block-column-is-layout-flow\" style=\"flex-basis:20%\">\n<p class=\"has-text-align-center\"><a href=\"#\">+<\/a><\/p>\n<\/div>\n<\/div>\n\n\n\n<div class=\"wp-block-group uriach-grid-galeria-info has-global-padding is-layout-constrained wp-block-group-is-layout-constrained\">\n<p>Des de la seva incorporaci\u00f3 a Uriach el 1925, amb tan sols 14 anys, el Sr. Roig poc a poc es converteix en un pilar per a la companyia, sobretot pel seu paper determinant en la creaci\u00f3 (1945) i evoluci\u00f3 de Biohorm, l&#8217;empresa creada per a la distribuci\u00f3 dels productes de la companyia. Sota la seva direcci\u00f3, tamb\u00e9 es desenvolupa el departament de publicitat, que aviat es converteix en un dels m\u00e9s moderns i importants del pa\u00eds. A m\u00e9s de la seva feina en aquests departaments, tamb\u00e9 va participar com a jurat en el premi \u201cMedicina e Historia\u201d. La seva entrega i amor per la companyia el porten a jubilar-se, despr\u00e9s de m\u00e9s de 50 anys de treball, sent un dels col\u00b7laboradors m\u00e9s longeus de l&#8217;empresa.<\/p>\n<\/div>\n<\/div>\n\n\n\n<div class=\"wp-block-column uriach-grid-galeria-item is-layout-flow wp-block-column-is-layout-flow\">\n<figure class=\"wp-block-image size-full\"><img loading=\"lazy\" decoding=\"async\" width=\"226\" height=\"258\" src=\"https:\/\/www.fu1838.org\/wp-content\/uploads\/2024\/12\/jordi-sans-sabrafens_tiny-1.jpg\" alt=\"\" class=\"wp-image-6454\"\/><\/figure>\n\n\n\n<div class=\"wp-block-columns are-vertically-aligned-center is-layout-flex wp-container-core-columns-is-layout-28f84493 wp-block-columns-is-layout-flex\">\n<div class=\"wp-block-column is-vertically-aligned-center is-layout-flow wp-block-column-is-layout-flow\" style=\"flex-basis:80%\">\n<p>Jordi Sans i Sabrafen<\/p>\n<\/div>\n\n\n\n<div class=\"wp-block-column is-vertically-aligned-center icono is-layout-flow wp-block-column-is-layout-flow\" style=\"flex-basis:20%\">\n<p class=\"has-text-align-center\"><a href=\"#\">+<\/a><\/p>\n<\/div>\n<\/div>\n\n\n\n<div class=\"wp-block-group uriach-grid-galeria-info has-global-padding is-layout-constrained wp-block-group-is-layout-constrained\">\n<p>Doctor en Cirurgia i Medicina per la Universitat de Barcelona, on tamb\u00e9 va exercir com a professor, va destacar com a pioner en el tractament de les leuc\u00e8mies a Espanya. El 1973 va crear el primer servei d&#8217;Hematologia i Oncologia M\u00e8dica del pa\u00eds a l&#8217;Hospital de la Creu Roja de Barcelona. Va ser cap de la Unitat d&#8217;Hematologia i Oncologia de l&#8217;Hospital del Sagrat Cor, vicepresident de l&#8217;Acad\u00e8mia de Ci\u00e8ncies M\u00e8diques de Catalunya i Balears, membre de la Reial Acad\u00e8mia de Medicina de Catalunya i president de la Societat Catalana d&#8217;Hematologia, entre altres destacats c\u00e0rrecs i responsabilitats.<\/p>\n\n\n\n<p>El 1989, a petici\u00f3 del Dr. Joan Uriach, s&#8217;incorpora al primer Patronat de la Fundaci\u00f3 Uriach, aportant els seus grans coneixements del sector i les seves capacitats de gesti\u00f3 per contribuir al creixement i consolidaci\u00f3 d&#8217;una incipient Fundaci\u00f3.<\/p>\n<\/div>\n<\/div>\n\n\n\n<div class=\"wp-block-column uriach-grid-galeria-item is-layout-flow wp-block-column-is-layout-flow\">\n<figure class=\"wp-block-image size-full\"><img loading=\"lazy\" decoding=\"async\" width=\"226\" height=\"258\" src=\"https:\/\/www.fu1838.org\/wp-content\/uploads\/2024\/11\/josep-sindreu-cardona.jpg\" alt=\"\" class=\"wp-image-317\"\/><\/figure>\n\n\n\n<div class=\"wp-block-columns are-vertically-aligned-center is-layout-flex wp-container-core-columns-is-layout-28f84493 wp-block-columns-is-layout-flex\">\n<div class=\"wp-block-column is-vertically-aligned-center is-layout-flow wp-block-column-is-layout-flow\" style=\"flex-basis:80%\">\n<p>Josep Sindreu i Cardona<\/p>\n<\/div>\n\n\n\n<div class=\"wp-block-column is-vertically-aligned-center icono is-layout-flow wp-block-column-is-layout-flow\" style=\"flex-basis:20%\">\n<p class=\"has-text-align-center\"><a href=\"#\">+<\/a><\/p>\n<\/div>\n<\/div>\n\n\n\n<div class=\"wp-block-group uriach-grid-galeria-info  uriach-grid-galeria-info-right has-global-padding is-layout-constrained wp-block-group-is-layout-constrained\">\n<p>Inicia la seva carrera a Uriach el 1923 en un c\u00e0rrec menor, per\u00f2 gr\u00e0cies al seu excel\u00b7lent treball, \u00e9s r\u00e0pidament promogut a encarregat de la secci\u00f3 d&#8217;espec\u00edfics i, posteriorment, a responsable del magatzem al carrer Bruc de Barcelona. Un c\u00e0rrec que implica gran responsabilitat, ja que Uriach en aquell moment \u00e9s el segon majorista del pa\u00eds i, per tant, ha de gestionar eficientment un gran nombre de comandes. A m\u00e9s d\u2019aquesta complexa tasca, en la seva posici\u00f3 tamb\u00e9 ha de treballar amb un gran volum de compres d&#8217;una \u00e0mplia varietat de productes i mat\u00e8ries primeres. Despr\u00e9s de 40 anys d&#8217;intensa dedicaci\u00f3, es jubila el 1967, deixant una profunda empremta a l&#8217;empresa.<\/p>\n<\/div>\n<\/div>\n<\/div>\n\n\n\n<div class=\"wp-block-columns alignwide uriach-grid-galeria is-layout-flex wp-container-core-columns-is-layout-658170e2 wp-block-columns-is-layout-flex\">\n<div class=\"wp-block-column uriach-grid-galeria-item is-layout-flow wp-block-column-is-layout-flow\">\n<figure class=\"wp-block-image size-full\"><img loading=\"lazy\" decoding=\"async\" width=\"226\" height=\"258\" src=\"https:\/\/www.fu1838.org\/wp-content\/uploads\/2024\/11\/montserrat-trujols.jpg\" alt=\"\" class=\"wp-image-322\"\/><\/figure>\n\n\n\n<div class=\"wp-block-columns are-vertically-aligned-center is-layout-flex wp-container-core-columns-is-layout-28f84493 wp-block-columns-is-layout-flex\">\n<div class=\"wp-block-column is-vertically-aligned-center is-layout-flow wp-block-column-is-layout-flow\" style=\"flex-basis:80%\">\n<p>Montserrat Trujols i Calvo<\/p>\n<\/div>\n\n\n\n<div class=\"wp-block-column is-vertically-aligned-center icono is-layout-flow wp-block-column-is-layout-flow\" style=\"flex-basis:20%\">\n<p class=\"has-text-align-center\"><a href=\"#\">+<\/a><\/p>\n<\/div>\n<\/div>\n\n\n\n<div class=\"wp-block-group uriach-grid-galeria-info  uriach-grid-galeria-info-right has-global-padding is-layout-constrained wp-block-group-is-layout-constrained\">\n<p>Comen\u00e7a a treballar com a administrativa l&#8217;any 1952 a Biohorm, empresa encarregada de la comercialitzaci\u00f3 de productes Uriach. El seu excel\u00b7lent treball i iniciativa la porten a ser promocionada al departament de publicitat, sota les ordres del Sr. Alfred Roig. El creixement del departament li permet desenvolupar-se professionalment, participant en populars campanyes publicit\u00e0ries, la creaci\u00f3 de materials promocionals i la realitzaci\u00f3 d&#8217;estudis de mercat. Durant els 44 anys que treballa a la companyia, sempre destaca per fer-ho de manera ordenada i met\u00f2dica, demostrant un car\u00e0cter fort i decidit que la fa popular i respectada entre els seus companys. L&#8217;any 1996, es jubila amb la satisfacci\u00f3 d&#8217;haver fet sempre una gran feina i d&#8217;haver obert cam\u00ed per a futures treballadores.<\/p>\n<\/div>\n<\/div>\n\n\n\n<div class=\"wp-block-column uriach-grid-galeria-item is-layout-flow wp-block-column-is-layout-flow\">\n<figure class=\"wp-block-image size-full\"><img loading=\"lazy\" decoding=\"async\" width=\"226\" height=\"258\" src=\"https:\/\/www.fu1838.org\/wp-content\/uploads\/2024\/11\/antoni-vera-bauza.jpg\" alt=\"\" class=\"wp-image-324\"\/><\/figure>\n\n\n\n<div class=\"wp-block-columns are-vertically-aligned-center is-layout-flex wp-container-core-columns-is-layout-28f84493 wp-block-columns-is-layout-flex\">\n<div class=\"wp-block-column is-vertically-aligned-center is-layout-flow wp-block-column-is-layout-flow\" style=\"flex-basis:80%\">\n<p>Antoni Vera Bauz\u00e0<\/p>\n<\/div>\n\n\n\n<div class=\"wp-block-column is-vertically-aligned-center icono is-layout-flow wp-block-column-is-layout-flow\" style=\"flex-basis:20%\">\n<p class=\"has-text-align-center\"><a href=\"#\">+<\/a><\/p>\n<\/div>\n<\/div>\n\n\n\n<div class=\"wp-block-group uriach-grid-galeria-info has-global-padding is-layout-constrained wp-block-group-is-layout-constrained\">\n<p>Llicenciat en Farm\u00e0cia i amb una \u00e0mplia formaci\u00f3 cient\u00edfica, el Sr. Vera s&#8217;incorpora a Uriach a principis de la d\u00e8cada dels anys 60, assumint la funci\u00f3 de director t\u00e8cnic del laboratori en substituci\u00f3 del Dr. Joan Uriach i Marsal, qui passa a ocupar c\u00e0rrecs de ger\u00e8ncia. En aquell moment, la funci\u00f3 de director t\u00e8cnic \u00e9s fonamental per al negoci, ja que \u00e9s el responsable de garantir la qualitat de tots els productes que la companyia produeix i posteriorment posa a la venda. De fet, el seu nom apareix impr\u00e8s en tots els envasos de productes. El seu dur treball i comprom\u00eds li permeten comptar sempre amb la confian\u00e7a de la direcci\u00f3 i amb el respecte i estima dels seus companys. Finalment, es jubila a mitjans dels anys 90, despr\u00e9s d&#8217;una llarga i exitosa traject\u00f2ria a Uriach.<\/p>\n<\/div>\n<\/div>\n\n\n\n<div class=\"wp-block-column uriach-grid-galeria-item is-layout-flow wp-block-column-is-layout-flow\">\n<figure class=\"wp-block-image size-full\"><img loading=\"lazy\" decoding=\"async\" width=\"226\" height=\"258\" src=\"https:\/\/www.fu1838.org\/wp-content\/uploads\/2024\/11\/joan-viarje-serral.jpg\" alt=\"\" class=\"wp-image-320\"\/><\/figure>\n\n\n\n<div class=\"wp-block-columns are-vertically-aligned-center is-layout-flex wp-container-core-columns-is-layout-28f84493 wp-block-columns-is-layout-flex\">\n<div class=\"wp-block-column is-vertically-aligned-center is-layout-flow wp-block-column-is-layout-flow\" style=\"flex-basis:80%\">\n<p>Joan Viarje Serral<\/p>\n<\/div>\n\n\n\n<div class=\"wp-block-column is-vertically-aligned-center icono is-layout-flow wp-block-column-is-layout-flow\" style=\"flex-basis:20%\">\n<p class=\"has-text-align-center\"><a href=\"#\">+<\/a><\/p>\n<\/div>\n<\/div>\n\n\n\n<div class=\"wp-block-group uriach-grid-galeria-info has-global-padding is-layout-constrained wp-block-group-is-layout-constrained\">\n<p>En el 1950, comen\u00e7a a treballar a Uriach com a agent de divulgaci\u00f3 m\u00e8dica tot i no tenir experi\u00e8ncia en aquest c\u00e0rrec. Un handicap que compensa amb la seva experi\u00e8ncia com a administrador a la Cl\u00ednica Bret\u00f3n de Barcelona que li proporciona amplis coneixements m\u00e8dics i de tracte amb les persones. La seva entrada a Uriach coincideix amb un moment en qu\u00e8 els productes de prescripci\u00f3 comencen a guanyar molta import\u00e0ncia en el negoci de la companyia. La tasca de divulgaci\u00f3 m\u00e8dica, que Joan Viarje gestiona millor que ning\u00fa, el converteix en un element clau en el negoci, gr\u00e0cies als seus coneixements i al seu car\u00e0cter afable, extravertit i carism\u00e0tic, aviat connecta amb els metges del pa\u00eds. Fruit de la seva tasca, \u00e9s considerat el \u201cDec\u00e0\u201d dels agents i assumeix el control d\u2019aquests i la seva formaci\u00f3. Una tasca que realitza de manera brillant fins a la seva jubilaci\u00f3 el 1977.<\/p>\n<\/div>\n<\/div>\n\n\n\n<div class=\"wp-block-column is-layout-flow wp-block-column-is-layout-flow\"><\/div>\n<\/div>\n<\/div>\n","protected":false},"excerpt":{"rendered":"<p>Antonio Barrera delIrimo + Licenciat en Dret i Economia, les seves capacitats i experi\u00e8ncia com a ministre de Finances, vicepresident del Govern d&#8217;Espanya i president de Telef\u00f3nica el porten a ser un membre molt valu\u00f3s del Consell Assessor d&#8217;Uriach. Com a membre d&#8217;aquest consell, les seves aportacions s\u00f3n sempre molt destacades, especialment la seva proposta [&hellip;]<\/p>\n","protected":false},"author":1,"featured_media":0,"parent":0,"menu_order":0,"comment_status":"closed","ping_status":"closed","template":"","meta":{"_acf_changed":false,"footnotes":""},"class_list":["post-6969","page","type-page","status-publish","hentry"],"acf":[],"yoast_head":"<!-- This site is optimized with the Yoast SEO plugin v24.1 - https:\/\/yoast.com\/wordpress\/plugins\/seo\/ -->\n<title>Galeria d&#039;Il\u00b7lustres - Fundaci\u00f3n Uriach<\/title>\n<meta name=\"robots\" content=\"index, follow, max-snippet:-1, max-image-preview:large, max-video-preview:-1\" \/>\n<link rel=\"canonical\" href=\"https:\/\/www.fu1838.org\/ca\/galeria-dillustres\/\" \/>\n<meta property=\"og:locale\" content=\"ca_ES\" \/>\n<meta property=\"og:type\" content=\"article\" \/>\n<meta property=\"og:title\" content=\"Galeria d&#039;Il\u00b7lustres - Fundaci\u00f3n Uriach\" \/>\n<meta property=\"og:description\" content=\"Antonio Barrera delIrimo + Licenciat en Dret i Economia, les seves capacitats i experi\u00e8ncia com a ministre de Finances, vicepresident del Govern d&#8217;Espanya i president de Telef\u00f3nica el porten a ser un membre molt valu\u00f3s del Consell Assessor d&#8217;Uriach. Com a membre d&#8217;aquest consell, les seves aportacions s\u00f3n sempre molt destacades, especialment la seva proposta [&hellip;]\" \/>\n<meta property=\"og:url\" content=\"https:\/\/www.fu1838.org\/ca\/galeria-dillustres\/\" \/>\n<meta property=\"og:site_name\" content=\"Fundaci\u00f3n Uriach\" \/>\n<meta property=\"article:modified_time\" content=\"2025-05-20T13:02:25+00:00\" \/>\n<meta property=\"og:image\" content=\"https:\/\/www.fu1838.org\/wp-content\/uploads\/2024\/11\/header-galeria-ilustres.jpg\" \/>\n\t<meta property=\"og:image:width\" content=\"1400\" \/>\n\t<meta property=\"og:image:height\" content=\"440\" \/>\n\t<meta property=\"og:image:type\" content=\"image\/jpeg\" \/>\n<meta name=\"twitter:card\" content=\"summary_large_image\" \/>\n<meta name=\"twitter:label1\" content=\"Temps estimat de lectura\" \/>\n\t<meta name=\"twitter:data1\" content=\"16 minuts\" \/>\n<script type=\"application\/ld+json\" class=\"yoast-schema-graph\">{\"@context\":\"https:\/\/schema.org\",\"@graph\":[{\"@type\":\"WebPage\",\"@id\":\"https:\/\/www.fu1838.org\/ca\/galeria-dillustres\/\",\"url\":\"https:\/\/www.fu1838.org\/ca\/galeria-dillustres\/\",\"name\":\"Galeria d'Il\u00b7lustres - Fundaci\u00f3n Uriach\",\"isPartOf\":{\"@id\":\"https:\/\/www.fu1838.org\/ca\/#website\"},\"primaryImageOfPage\":{\"@id\":\"https:\/\/www.fu1838.org\/ca\/galeria-dillustres\/#primaryimage\"},\"image\":{\"@id\":\"https:\/\/www.fu1838.org\/ca\/galeria-dillustres\/#primaryimage\"},\"thumbnailUrl\":\"https:\/\/www.fu1838.org\/wp-content\/uploads\/2024\/11\/header-galeria-ilustres.jpg\",\"datePublished\":\"2024-11-11T13:31:40+00:00\",\"dateModified\":\"2025-05-20T13:02:25+00:00\",\"breadcrumb\":{\"@id\":\"https:\/\/www.fu1838.org\/ca\/galeria-dillustres\/#breadcrumb\"},\"inLanguage\":\"ca\",\"potentialAction\":[{\"@type\":\"ReadAction\",\"target\":[\"https:\/\/www.fu1838.org\/ca\/galeria-dillustres\/\"]}]},{\"@type\":\"ImageObject\",\"inLanguage\":\"ca\",\"@id\":\"https:\/\/www.fu1838.org\/ca\/galeria-dillustres\/#primaryimage\",\"url\":\"https:\/\/www.fu1838.org\/wp-content\/uploads\/2024\/11\/header-galeria-ilustres.jpg\",\"contentUrl\":\"https:\/\/www.fu1838.org\/wp-content\/uploads\/2024\/11\/header-galeria-ilustres.jpg\"},{\"@type\":\"BreadcrumbList\",\"@id\":\"https:\/\/www.fu1838.org\/ca\/galeria-dillustres\/#breadcrumb\",\"itemListElement\":[{\"@type\":\"ListItem\",\"position\":1,\"name\":\"Portada\",\"item\":\"https:\/\/www.fu1838.org\/ca\/\"},{\"@type\":\"ListItem\",\"position\":2,\"name\":\"Galeria d&#8217;Il\u00b7lustres\"}]},{\"@type\":\"WebSite\",\"@id\":\"https:\/\/www.fu1838.org\/ca\/#website\",\"url\":\"https:\/\/www.fu1838.org\/ca\/\",\"name\":\"Fundaci\u00f3n Uriach\",\"description\":\"\",\"potentialAction\":[{\"@type\":\"SearchAction\",\"target\":{\"@type\":\"EntryPoint\",\"urlTemplate\":\"https:\/\/www.fu1838.org\/ca\/?s={search_term_string}\"},\"query-input\":{\"@type\":\"PropertyValueSpecification\",\"valueRequired\":true,\"valueName\":\"search_term_string\"}}],\"inLanguage\":\"ca\"}]}<\/script>\n<!-- \/ Yoast SEO plugin. -->","yoast_head_json":{"title":"Galeria d'Il\u00b7lustres - Fundaci\u00f3n Uriach","robots":{"index":"index","follow":"follow","max-snippet":"max-snippet:-1","max-image-preview":"max-image-preview:large","max-video-preview":"max-video-preview:-1"},"canonical":"https:\/\/www.fu1838.org\/ca\/galeria-dillustres\/","og_locale":"ca_ES","og_type":"article","og_title":"Galeria d'Il\u00b7lustres - Fundaci\u00f3n Uriach","og_description":"Antonio Barrera delIrimo + Licenciat en Dret i Economia, les seves capacitats i experi\u00e8ncia com a ministre de Finances, vicepresident del Govern d&#8217;Espanya i president de Telef\u00f3nica el porten a ser un membre molt valu\u00f3s del Consell Assessor d&#8217;Uriach. Com a membre d&#8217;aquest consell, les seves aportacions s\u00f3n sempre molt destacades, especialment la seva proposta [&hellip;]","og_url":"https:\/\/www.fu1838.org\/ca\/galeria-dillustres\/","og_site_name":"Fundaci\u00f3n Uriach","article_modified_time":"2025-05-20T13:02:25+00:00","og_image":[{"width":1400,"height":440,"url":"https:\/\/www.fu1838.org\/wp-content\/uploads\/2024\/11\/header-galeria-ilustres.jpg","type":"image\/jpeg"}],"twitter_card":"summary_large_image","twitter_misc":{"Temps estimat de lectura":"16 minuts"},"schema":{"@context":"https:\/\/schema.org","@graph":[{"@type":"WebPage","@id":"https:\/\/www.fu1838.org\/ca\/galeria-dillustres\/","url":"https:\/\/www.fu1838.org\/ca\/galeria-dillustres\/","name":"Galeria d'Il\u00b7lustres - Fundaci\u00f3n Uriach","isPartOf":{"@id":"https:\/\/www.fu1838.org\/ca\/#website"},"primaryImageOfPage":{"@id":"https:\/\/www.fu1838.org\/ca\/galeria-dillustres\/#primaryimage"},"image":{"@id":"https:\/\/www.fu1838.org\/ca\/galeria-dillustres\/#primaryimage"},"thumbnailUrl":"https:\/\/www.fu1838.org\/wp-content\/uploads\/2024\/11\/header-galeria-ilustres.jpg","datePublished":"2024-11-11T13:31:40+00:00","dateModified":"2025-05-20T13:02:25+00:00","breadcrumb":{"@id":"https:\/\/www.fu1838.org\/ca\/galeria-dillustres\/#breadcrumb"},"inLanguage":"ca","potentialAction":[{"@type":"ReadAction","target":["https:\/\/www.fu1838.org\/ca\/galeria-dillustres\/"]}]},{"@type":"ImageObject","inLanguage":"ca","@id":"https:\/\/www.fu1838.org\/ca\/galeria-dillustres\/#primaryimage","url":"https:\/\/www.fu1838.org\/wp-content\/uploads\/2024\/11\/header-galeria-ilustres.jpg","contentUrl":"https:\/\/www.fu1838.org\/wp-content\/uploads\/2024\/11\/header-galeria-ilustres.jpg"},{"@type":"BreadcrumbList","@id":"https:\/\/www.fu1838.org\/ca\/galeria-dillustres\/#breadcrumb","itemListElement":[{"@type":"ListItem","position":1,"name":"Portada","item":"https:\/\/www.fu1838.org\/ca\/"},{"@type":"ListItem","position":2,"name":"Galeria d&#8217;Il\u00b7lustres"}]},{"@type":"WebSite","@id":"https:\/\/www.fu1838.org\/ca\/#website","url":"https:\/\/www.fu1838.org\/ca\/","name":"Fundaci\u00f3n Uriach","description":"","potentialAction":[{"@type":"SearchAction","target":{"@type":"EntryPoint","urlTemplate":"https:\/\/www.fu1838.org\/ca\/?s={search_term_string}"},"query-input":{"@type":"PropertyValueSpecification","valueRequired":true,"valueName":"search_term_string"}}],"inLanguage":"ca"}]}},"_links":{"self":[{"href":"https:\/\/www.fu1838.org\/ca\/wp-json\/wp\/v2\/pages\/6969","targetHints":{"allow":["GET"]}}],"collection":[{"href":"https:\/\/www.fu1838.org\/ca\/wp-json\/wp\/v2\/pages"}],"about":[{"href":"https:\/\/www.fu1838.org\/ca\/wp-json\/wp\/v2\/types\/page"}],"author":[{"embeddable":true,"href":"https:\/\/www.fu1838.org\/ca\/wp-json\/wp\/v2\/users\/1"}],"replies":[{"embeddable":true,"href":"https:\/\/www.fu1838.org\/ca\/wp-json\/wp\/v2\/comments?post=6969"}],"version-history":[{"count":2,"href":"https:\/\/www.fu1838.org\/ca\/wp-json\/wp\/v2\/pages\/6969\/revisions"}],"predecessor-version":[{"id":7793,"href":"https:\/\/www.fu1838.org\/ca\/wp-json\/wp\/v2\/pages\/6969\/revisions\/7793"}],"wp:attachment":[{"href":"https:\/\/www.fu1838.org\/ca\/wp-json\/wp\/v2\/media?parent=6969"}],"curies":[{"name":"wp","href":"https:\/\/api.w.org\/{rel}","templated":true}]}}