{"id":6977,"date":"2024-11-19T12:51:20","date_gmt":"2024-11-19T11:51:20","guid":{"rendered":"https:\/\/www.fu1838.org\/historia-de-les-ciencies-de-la-salut\/exposicions\/"},"modified":"2025-03-26T11:19:16","modified_gmt":"2025-03-26T10:19:16","slug":"exposicions","status":"publish","type":"page","link":"https:\/\/www.fu1838.org\/ca\/historia-de-les-ciencies-de-la-salut\/exposicions\/","title":{"rendered":"Exposicions"},"content":{"rendered":"\n<div class=\"wp-block-group alignfull has-global-padding is-layout-constrained wp-block-group-is-layout-constrained\">\n<div class=\"wp-block-cover alignfull is-light uriach-header-block-cover\" style=\"padding-top:0;padding-right:0;padding-bottom:0;padding-left:0\"><span aria-hidden=\"true\" class=\"wp-block-cover__background has-background-dim-0 has-background-dim\" style=\"background-color:#5d819e\"><\/span><img loading=\"lazy\" decoding=\"async\" width=\"1400\" height=\"440\" class=\"wp-block-cover__image-background wp-image-428\" alt=\"\" src=\"https:\/\/www.fu1838.org\/wp-content\/uploads\/2024\/11\/header-exposiciones.jpg\" data-object-fit=\"cover\" srcset=\"https:\/\/www.fu1838.org\/wp-content\/uploads\/2024\/11\/header-exposiciones.jpg 1400w, https:\/\/www.fu1838.org\/wp-content\/uploads\/2024\/11\/header-exposiciones-300x94.jpg 300w, https:\/\/www.fu1838.org\/wp-content\/uploads\/2024\/11\/header-exposiciones-1024x322.jpg 1024w, https:\/\/www.fu1838.org\/wp-content\/uploads\/2024\/11\/header-exposiciones-768x241.jpg 768w\" sizes=\"auto, (max-width: 1400px) 100vw, 1400px\" \/><div class=\"wp-block-cover__inner-container has-global-padding is-layout-constrained wp-container-core-cover-is-layout-c06d165c wp-block-cover-is-layout-constrained\">\n<div class=\"wp-block-columns alignfull is-layout-flex wp-container-core-columns-is-layout-9c22b1e3 wp-block-columns-is-layout-flex\">\n<div class=\"wp-block-column has-base-2-color has-text-color has-background has-link-color wp-elements-0c506c02273ac701c0ee399adc4ed857 is-layout-flow wp-block-column-is-layout-flow\" style=\"background-color:#005ce5cc;padding-top:var(--wp--preset--spacing--40);padding-right:var(--wp--preset--spacing--20);padding-bottom:var(--wp--preset--spacing--40)\">\n<div class=\"wp-block-group uriach-header-block-cover-content has-global-padding is-layout-constrained wp-block-group-is-layout-constrained\">\n<h1 class=\"wp-block-heading has-base-2-color has-text-color has-link-color wp-elements-156e6cba857b11c83c08b253b037c2ae\">Exposicions<\/h1>\n\n\n\n<p class=\"has-text-align-left\">La Fundaci\u00f3 Uriach organitza exposicions amb el prop\u00f2sit de donar a con\u00e8ixer la hist\u00f2ria de les ci\u00e8ncies de la salut, aix\u00ed com el patrimoni art\u00edstic, cultural i hist\u00f2ric que la Fundaci\u00f3 gestiona.<\/p>\n<\/div>\n<\/div>\n\n\n\n<div class=\"wp-block-column is-layout-flow wp-block-column-is-layout-flow\"><\/div>\n<\/div>\n<\/div><\/div>\n<\/div>\n\n\n\n<div class=\"wp-block-group alignwide has-global-padding is-layout-constrained wp-block-group-is-layout-constrained\" style=\"margin-top:0;margin-bottom:0\">\n<div class=\"wp-block-query alignwide uriach-block-query is-layout-flow wp-block-query-is-layout-flow\">\n\n\n<div class=\"wp-block-group is-layout-flow wp-block-group-is-layout-flow\" style=\"margin-top:var(--wp--preset--spacing--40);margin-bottom:var(--wp--preset--spacing--40);padding-top:0;padding-right:0;padding-bottom:0;padding-left:0\"><ul class=\"columns-3 alignfull wp-block-post-template is-layout-grid wp-container-core-post-template-is-layout-2d080239 wp-block-post-template-is-layout-grid\"><li class=\"wp-block-post post-196358 exposiciones type-exposiciones status-publish has-post-thumbnail hentry\">\n<figure style=\"aspect-ratio:1; padding-bottom:0;margin-bottom:0;\" class=\"wp-block-post-featured-image\"><a href=\"https:\/\/www.fu1838.org\/ca\/exposiciones\/uriach-a-traves-dels-sentits\/\" target=\"_self\"  ><img loading=\"lazy\" decoding=\"async\" width=\"1958\" height=\"2560\" src=\"https:\/\/www.fu1838.org\/wp-content\/uploads\/2026\/02\/WebExpos2-scaled.jpg\" class=\"attachment-post-thumbnail size-post-thumbnail wp-post-image\" alt=\"Uriach a trav\u00e9s dels sentits\" style=\"border-radius:0px;width:100%;height:100%;object-fit:cover;\" srcset=\"https:\/\/www.fu1838.org\/wp-content\/uploads\/2026\/02\/WebExpos2-scaled.jpg 1958w, https:\/\/www.fu1838.org\/wp-content\/uploads\/2026\/02\/WebExpos2-229x300.jpg 229w, https:\/\/www.fu1838.org\/wp-content\/uploads\/2026\/02\/WebExpos2-783x1024.jpg 783w, https:\/\/www.fu1838.org\/wp-content\/uploads\/2026\/02\/WebExpos2-768x1004.jpg 768w, https:\/\/www.fu1838.org\/wp-content\/uploads\/2026\/02\/WebExpos2-1175x1536.jpg 1175w, https:\/\/www.fu1838.org\/wp-content\/uploads\/2026\/02\/WebExpos2-1567x2048.jpg 1567w\" sizes=\"auto, (max-width: 1958px) 100vw, 1958px\" \/><\/a><\/figure>\n\n\n<div class=\"wp-block-group is-vertical is-nowrap is-layout-flex wp-container-core-group-is-layout-7937c66e wp-block-group-is-layout-flex\" style=\"margin-top:var(--wp--preset--spacing--10);padding-top:0\"><h2 style=\"margin-top:0;margin-bottom:0;\" class=\"wp-block-post-title has-medium-font-size wp-container-content-32e3a40d\"><a href=\"https:\/\/www.fu1838.org\/ca\/exposiciones\/uriach-a-traves-dels-sentits\/\" target=\"_self\" >Uriach a trav\u00e9s dels sentits<\/a><\/h2>\n\n<div class=\"custom-field-exposicion-fechas\">9 febrer &#8211; 23 febrer 2026<\/div>\n\n<a style=\"text-decoration:underline;\" class=\"wp-block-read-more\" href=\"https:\/\/www.fu1838.org\/ca\/exposiciones\/uriach-a-traves-dels-sentits\/\" target=\"_self\">Llegir m\u00e9s<span class=\"screen-reader-text\">: Uriach a trav\u00e9s dels sentits<\/span><\/a><\/div>\n\n<\/li><li class=\"wp-block-post post-195980 exposiciones type-exposiciones status-publish has-post-thumbnail hentry\">\n<figure style=\"aspect-ratio:1; padding-bottom:0;margin-bottom:0;\" class=\"wp-block-post-featured-image\"><a href=\"https:\/\/www.fu1838.org\/ca\/exposiciones\/joan-uriach-marsal-1929-2024-empresa-ciencia-y-cultura\/\" target=\"_self\"  ><img loading=\"lazy\" decoding=\"async\" width=\"1920\" height=\"2560\" src=\"https:\/\/www.fu1838.org\/wp-content\/uploads\/2026\/01\/24341-scaled.jpg\" class=\"attachment-post-thumbnail size-post-thumbnail wp-post-image\" alt=\"Joan Uriach Marsal (1929\u20132024). Empresa, ciencia y cultura\" style=\"border-radius:0px;width:100%;height:100%;object-fit:cover;\" srcset=\"https:\/\/www.fu1838.org\/wp-content\/uploads\/2026\/01\/24341-scaled.jpg 1920w, https:\/\/www.fu1838.org\/wp-content\/uploads\/2026\/01\/24341-225x300.jpg 225w, https:\/\/www.fu1838.org\/wp-content\/uploads\/2026\/01\/24341-768x1024.jpg 768w, https:\/\/www.fu1838.org\/wp-content\/uploads\/2026\/01\/24341-1152x1536.jpg 1152w, https:\/\/www.fu1838.org\/wp-content\/uploads\/2026\/01\/24341-1536x2048.jpg 1536w\" sizes=\"auto, (max-width: 1920px) 100vw, 1920px\" \/><\/a><\/figure>\n\n\n<div class=\"wp-block-group is-vertical is-nowrap is-layout-flex wp-container-core-group-is-layout-7937c66e wp-block-group-is-layout-flex\" style=\"margin-top:var(--wp--preset--spacing--10);padding-top:0\"><h2 style=\"margin-top:0;margin-bottom:0;\" class=\"wp-block-post-title has-medium-font-size wp-container-content-32e3a40d\"><a href=\"https:\/\/www.fu1838.org\/ca\/exposiciones\/joan-uriach-marsal-1929-2024-empresa-ciencia-y-cultura\/\" target=\"_self\" >Joan Uriach Marsal (1929\u20132024). Empresa, ciencia y cultura<\/a><\/h2>\n\n<div class=\"custom-field-exposicion-fechas\">9 desembre \u2013 19 desembre 2025<\/div>\n\n<a style=\"text-decoration:underline;\" class=\"wp-block-read-more\" href=\"https:\/\/www.fu1838.org\/ca\/exposiciones\/joan-uriach-marsal-1929-2024-empresa-ciencia-y-cultura\/\" target=\"_self\">Llegir m\u00e9s<span class=\"screen-reader-text\">: Joan Uriach Marsal (1929\u20132024). Empresa, ciencia y cultura<\/span><\/a><\/div>\n\n<\/li><li class=\"wp-block-post post-36966 exposiciones type-exposiciones status-publish has-post-thumbnail hentry\">\n<figure style=\"aspect-ratio:1; padding-bottom:0;margin-bottom:0;\" class=\"wp-block-post-featured-image\"><a href=\"https:\/\/www.fu1838.org\/ca\/exposiciones\/las-bibliotecas-de-uriach-del-papel-al-pixel\/\" target=\"_self\"  ><img loading=\"lazy\" decoding=\"async\" width=\"2560\" height=\"1920\" src=\"https:\/\/www.fu1838.org\/wp-content\/uploads\/2025\/04\/P1144392-copia-scaled.jpg\" class=\"attachment-post-thumbnail size-post-thumbnail wp-post-image\" alt=\"Las bibliotecas de Uriach. Del papel al p\u00edxel\" style=\"border-radius:0px;width:100%;height:100%;object-fit:cover;\" srcset=\"https:\/\/www.fu1838.org\/wp-content\/uploads\/2025\/04\/P1144392-copia-scaled.jpg 2560w, https:\/\/www.fu1838.org\/wp-content\/uploads\/2025\/04\/P1144392-copia-300x225.jpg 300w, https:\/\/www.fu1838.org\/wp-content\/uploads\/2025\/04\/P1144392-copia-1024x768.jpg 1024w, https:\/\/www.fu1838.org\/wp-content\/uploads\/2025\/04\/P1144392-copia-768x576.jpg 768w, https:\/\/www.fu1838.org\/wp-content\/uploads\/2025\/04\/P1144392-copia-1536x1152.jpg 1536w, https:\/\/www.fu1838.org\/wp-content\/uploads\/2025\/04\/P1144392-copia-2048x1536.jpg 2048w\" sizes=\"auto, (max-width: 2560px) 100vw, 2560px\" \/><\/a><\/figure>\n\n\n<div class=\"wp-block-group is-vertical is-nowrap is-layout-flex wp-container-core-group-is-layout-7937c66e wp-block-group-is-layout-flex\" style=\"margin-top:var(--wp--preset--spacing--10);padding-top:0\"><h2 style=\"margin-top:0;margin-bottom:0;\" class=\"wp-block-post-title has-medium-font-size wp-container-content-32e3a40d\"><a href=\"https:\/\/www.fu1838.org\/ca\/exposiciones\/las-bibliotecas-de-uriach-del-papel-al-pixel\/\" target=\"_self\" >Las bibliotecas de Uriach. Del papel al p\u00edxel<\/a><\/h2>\n\n<div class=\"custom-field-exposicion-fechas\">22 abril &#8211; 6 maig 2025<\/div>\n\n<a style=\"text-decoration:underline;\" class=\"wp-block-read-more\" href=\"https:\/\/www.fu1838.org\/ca\/exposiciones\/las-bibliotecas-de-uriach-del-papel-al-pixel\/\" target=\"_self\">Llegir m\u00e9s<span class=\"screen-reader-text\">: Las bibliotecas de Uriach. Del papel al p\u00edxel<\/span><\/a><\/div>\n\n<\/li><li class=\"wp-block-post post-6995 exposiciones type-exposiciones status-publish has-post-thumbnail hentry\">\n<figure style=\"aspect-ratio:1; padding-bottom:0;margin-bottom:0;\" class=\"wp-block-post-featured-image\"><a href=\"https:\/\/www.fu1838.org\/ca\/exposiciones\/laborest-historia-i-nova-imatge\/\" target=\"_self\"  ><img loading=\"lazy\" decoding=\"async\" width=\"2560\" height=\"1920\" src=\"https:\/\/www.fu1838.org\/wp-content\/uploads\/2025\/02\/P1133302-scaled.jpg\" class=\"attachment-post-thumbnail size-post-thumbnail wp-post-image\" alt=\"Laborest. Hist\u00f2ria i nova imatge\" style=\"border-radius:0px;width:100%;height:100%;object-fit:cover;\" srcset=\"https:\/\/www.fu1838.org\/wp-content\/uploads\/2025\/02\/P1133302-scaled.jpg 2560w, https:\/\/www.fu1838.org\/wp-content\/uploads\/2025\/02\/P1133302-300x225.jpg 300w, https:\/\/www.fu1838.org\/wp-content\/uploads\/2025\/02\/P1133302-1024x768.jpg 1024w, https:\/\/www.fu1838.org\/wp-content\/uploads\/2025\/02\/P1133302-768x576.jpg 768w, https:\/\/www.fu1838.org\/wp-content\/uploads\/2025\/02\/P1133302-1536x1152.jpg 1536w, https:\/\/www.fu1838.org\/wp-content\/uploads\/2025\/02\/P1133302-2048x1536.jpg 2048w\" sizes=\"auto, (max-width: 2560px) 100vw, 2560px\" \/><\/a><\/figure>\n\n\n<div class=\"wp-block-group is-vertical is-nowrap is-layout-flex wp-container-core-group-is-layout-7937c66e wp-block-group-is-layout-flex\" style=\"margin-top:var(--wp--preset--spacing--10);padding-top:0\"><h2 style=\"margin-top:0;margin-bottom:0;\" class=\"wp-block-post-title has-medium-font-size wp-container-content-32e3a40d\"><a href=\"https:\/\/www.fu1838.org\/ca\/exposiciones\/laborest-historia-i-nova-imatge\/\" target=\"_self\" >Laborest. Hist\u00f2ria i nova imatge<\/a><\/h2>\n\n<div class=\"custom-field-exposicion-fechas\">3 &#8211; 14 de febrer 2025<\/div>\n\n<a style=\"text-decoration:underline;\" class=\"wp-block-read-more\" href=\"https:\/\/www.fu1838.org\/ca\/exposiciones\/laborest-historia-i-nova-imatge\/\" target=\"_self\">Llegir m\u00e9s<span class=\"screen-reader-text\">: Laborest. Hist\u00f2ria i nova imatge<\/span><\/a><\/div>\n\n<\/li><li class=\"wp-block-post post-6996 exposiciones type-exposiciones status-publish has-post-thumbnail hentry\">\n<figure style=\"aspect-ratio:1; padding-bottom:0;margin-bottom:0;\" class=\"wp-block-post-featured-image\"><a href=\"https:\/\/www.fu1838.org\/ca\/exposiciones\/uriach-on-fire\/\" target=\"_self\"  ><img loading=\"lazy\" decoding=\"async\" width=\"1944\" height=\"2592\" src=\"https:\/\/www.fu1838.org\/wp-content\/uploads\/2025\/02\/22520.png\" class=\"attachment-post-thumbnail size-post-thumbnail wp-post-image\" alt=\"Uriach on fire\" style=\"border-radius:0px;width:100%;height:100%;object-fit:cover;\" srcset=\"https:\/\/www.fu1838.org\/wp-content\/uploads\/2025\/02\/22520.png 1944w, https:\/\/www.fu1838.org\/wp-content\/uploads\/2025\/02\/22520-225x300.png 225w, https:\/\/www.fu1838.org\/wp-content\/uploads\/2025\/02\/22520-768x1024.png 768w, https:\/\/www.fu1838.org\/wp-content\/uploads\/2025\/02\/22520-1152x1536.png 1152w, https:\/\/www.fu1838.org\/wp-content\/uploads\/2025\/02\/22520-1536x2048.png 1536w\" sizes=\"auto, (max-width: 1944px) 100vw, 1944px\" \/><\/a><\/figure>\n\n\n<div class=\"wp-block-group is-vertical is-nowrap is-layout-flex wp-container-core-group-is-layout-7937c66e wp-block-group-is-layout-flex\" style=\"margin-top:var(--wp--preset--spacing--10);padding-top:0\"><h2 style=\"margin-top:0;margin-bottom:0;\" class=\"wp-block-post-title has-medium-font-size wp-container-content-32e3a40d\"><a href=\"https:\/\/www.fu1838.org\/ca\/exposiciones\/uriach-on-fire\/\" target=\"_self\" >Uriach on fire<\/a><\/h2>\n\n<div class=\"custom-field-exposicion-fechas\">11 &#8211; 22 novembre 2024<\/div>\n\n<a style=\"text-decoration:underline;\" class=\"wp-block-read-more\" href=\"https:\/\/www.fu1838.org\/ca\/exposiciones\/uriach-on-fire\/\" target=\"_self\">Llegir m\u00e9s<span class=\"screen-reader-text\">: Uriach on fire<\/span><\/a><\/div>\n\n<\/li><li class=\"wp-block-post post-6979 exposiciones type-exposiciones status-publish has-post-thumbnail hentry\">\n<figure style=\"aspect-ratio:1; padding-bottom:0;margin-bottom:0;\" class=\"wp-block-post-featured-image\"><a href=\"https:\/\/www.fu1838.org\/ca\/exposiciones\/trementinaires-upc\/\" target=\"_self\"  ><img loading=\"lazy\" decoding=\"async\" width=\"2560\" height=\"1920\" src=\"https:\/\/www.fu1838.org\/wp-content\/uploads\/2024\/11\/TrementinairesUPC.jpg\" class=\"attachment-post-thumbnail size-post-thumbnail wp-post-image\" alt=\"Trementinaires (UPC)\" style=\"border-radius:0px;width:100%;height:100%;object-fit:cover;\" srcset=\"https:\/\/www.fu1838.org\/wp-content\/uploads\/2024\/11\/TrementinairesUPC.jpg 2560w, https:\/\/www.fu1838.org\/wp-content\/uploads\/2024\/11\/TrementinairesUPC-300x225.jpg 300w, https:\/\/www.fu1838.org\/wp-content\/uploads\/2024\/11\/TrementinairesUPC-1024x768.jpg 1024w, https:\/\/www.fu1838.org\/wp-content\/uploads\/2024\/11\/TrementinairesUPC-768x576.jpg 768w, https:\/\/www.fu1838.org\/wp-content\/uploads\/2024\/11\/TrementinairesUPC-1536x1152.jpg 1536w, https:\/\/www.fu1838.org\/wp-content\/uploads\/2024\/11\/TrementinairesUPC-2048x1536.jpg 2048w\" sizes=\"auto, (max-width: 2560px) 100vw, 2560px\" \/><\/a><\/figure>\n\n\n<div class=\"wp-block-group is-vertical is-nowrap is-layout-flex wp-container-core-group-is-layout-7937c66e wp-block-group-is-layout-flex\" style=\"margin-top:var(--wp--preset--spacing--10);padding-top:0\"><h2 style=\"margin-top:0;margin-bottom:0;\" class=\"wp-block-post-title has-medium-font-size wp-container-content-32e3a40d\"><a href=\"https:\/\/www.fu1838.org\/ca\/exposiciones\/trementinaires-upc\/\" target=\"_self\" >Trementinaires (UPC)<\/a><\/h2>\n\n<div class=\"custom-field-exposicion-fechas\">20 de setembre \u2013 15 de novembre de 2024<\/div>\n\n<a style=\"text-decoration:underline;\" class=\"wp-block-read-more\" href=\"https:\/\/www.fu1838.org\/ca\/exposiciones\/trementinaires-upc\/\" target=\"_self\">Llegir m\u00e9s<span class=\"screen-reader-text\">: Trementinaires (UPC)<\/span><\/a><\/div>\n\n<\/li><li class=\"wp-block-post post-6980 exposiciones type-exposiciones status-publish has-post-thumbnail hentry\">\n<figure style=\"aspect-ratio:1; padding-bottom:0;margin-bottom:0;\" class=\"wp-block-post-featured-image\"><a href=\"https:\/\/www.fu1838.org\/ca\/exposiciones\/trementinaires-entre-muntanyes-i-remeis\/\" target=\"_self\"  ><img loading=\"lazy\" decoding=\"async\" width=\"2560\" height=\"1920\" src=\"https:\/\/www.fu1838.org\/wp-content\/uploads\/2024\/11\/Trementinaires_Uriach.jpg\" class=\"attachment-post-thumbnail size-post-thumbnail wp-post-image\" alt=\"Trementinaires: entre muntanyes i remeis\" style=\"border-radius:0px;width:100%;height:100%;object-fit:cover;\" srcset=\"https:\/\/www.fu1838.org\/wp-content\/uploads\/2024\/11\/Trementinaires_Uriach.jpg 2560w, https:\/\/www.fu1838.org\/wp-content\/uploads\/2024\/11\/Trementinaires_Uriach-300x225.jpg 300w, https:\/\/www.fu1838.org\/wp-content\/uploads\/2024\/11\/Trementinaires_Uriach-1024x768.jpg 1024w, https:\/\/www.fu1838.org\/wp-content\/uploads\/2024\/11\/Trementinaires_Uriach-768x576.jpg 768w, https:\/\/www.fu1838.org\/wp-content\/uploads\/2024\/11\/Trementinaires_Uriach-1536x1152.jpg 1536w, https:\/\/www.fu1838.org\/wp-content\/uploads\/2024\/11\/Trementinaires_Uriach-2048x1536.jpg 2048w\" sizes=\"auto, (max-width: 2560px) 100vw, 2560px\" \/><\/a><\/figure>\n\n\n<div class=\"wp-block-group is-vertical is-nowrap is-layout-flex wp-container-core-group-is-layout-7937c66e wp-block-group-is-layout-flex\" style=\"margin-top:var(--wp--preset--spacing--10);padding-top:0\"><h2 style=\"margin-top:0;margin-bottom:0;\" class=\"wp-block-post-title has-medium-font-size wp-container-content-32e3a40d\"><a href=\"https:\/\/www.fu1838.org\/ca\/exposiciones\/trementinaires-entre-muntanyes-i-remeis\/\" target=\"_self\" >Trementinaires: entre muntanyes i remeis<\/a><\/h2>\n\n<div class=\"custom-field-exposicion-fechas\">4 \u2013 14 de mar\u00e7 de 2024<\/div>\n\n<a style=\"text-decoration:underline;\" class=\"wp-block-read-more\" href=\"https:\/\/www.fu1838.org\/ca\/exposiciones\/trementinaires-entre-muntanyes-i-remeis\/\" target=\"_self\">Llegir m\u00e9s<span class=\"screen-reader-text\">: Trementinaires: entre muntanyes i remeis<\/span><\/a><\/div>\n\n<\/li><li class=\"wp-block-post post-6981 exposiciones type-exposiciones status-publish has-post-thumbnail hentry\">\n<figure style=\"aspect-ratio:1; padding-bottom:0;margin-bottom:0;\" class=\"wp-block-post-featured-image\"><a href=\"https:\/\/www.fu1838.org\/ca\/exposiciones\/uriach-digital\/\" target=\"_self\"  ><img loading=\"lazy\" decoding=\"async\" width=\"2560\" height=\"1920\" src=\"https:\/\/www.fu1838.org\/wp-content\/uploads\/2024\/11\/22118-scaled.jpg\" class=\"attachment-post-thumbnail size-post-thumbnail wp-post-image\" alt=\"Uriach Digital\" style=\"border-radius:0px;width:100%;height:100%;object-fit:cover;\" srcset=\"https:\/\/www.fu1838.org\/wp-content\/uploads\/2024\/11\/22118-scaled.jpg 2560w, https:\/\/www.fu1838.org\/wp-content\/uploads\/2024\/11\/22118-300x225.jpg 300w, https:\/\/www.fu1838.org\/wp-content\/uploads\/2024\/11\/22118-1024x768.jpg 1024w, https:\/\/www.fu1838.org\/wp-content\/uploads\/2024\/11\/22118-768x576.jpg 768w, https:\/\/www.fu1838.org\/wp-content\/uploads\/2024\/11\/22118-1536x1152.jpg 1536w, https:\/\/www.fu1838.org\/wp-content\/uploads\/2024\/11\/22118-2048x1536.jpg 2048w\" sizes=\"auto, (max-width: 2560px) 100vw, 2560px\" \/><\/a><\/figure>\n\n\n<div class=\"wp-block-group is-vertical is-nowrap is-layout-flex wp-container-core-group-is-layout-7937c66e wp-block-group-is-layout-flex\" style=\"margin-top:var(--wp--preset--spacing--10);padding-top:0\"><h2 style=\"margin-top:0;margin-bottom:0;\" class=\"wp-block-post-title has-medium-font-size wp-container-content-32e3a40d\"><a href=\"https:\/\/www.fu1838.org\/ca\/exposiciones\/uriach-digital\/\" target=\"_self\" >Uriach Digital<\/a><\/h2>\n\n<div class=\"custom-field-exposicion-fechas\">13 \u2013 24 de maig de 2024<\/div>\n\n<a style=\"text-decoration:underline;\" class=\"wp-block-read-more\" href=\"https:\/\/www.fu1838.org\/ca\/exposiciones\/uriach-digital\/\" target=\"_self\">Llegir m\u00e9s<span class=\"screen-reader-text\">: Uriach Digital<\/span><\/a><\/div>\n\n<\/li><li class=\"wp-block-post post-6982 exposiciones type-exposiciones status-publish has-post-thumbnail hentry\">\n<figure style=\"aspect-ratio:1; padding-bottom:0;margin-bottom:0;\" class=\"wp-block-post-featured-image\"><a href=\"https:\/\/www.fu1838.org\/ca\/exposiciones\/aquilea-50-anys-1973-2023\/\" target=\"_self\"  ><img loading=\"lazy\" decoding=\"async\" width=\"2048\" height=\"1536\" src=\"https:\/\/www.fu1838.org\/wp-content\/uploads\/2024\/11\/Aquilea50years_ImagenPrincipal-1.jpg\" class=\"attachment-post-thumbnail size-post-thumbnail wp-post-image\" alt=\"Aquilea, 50 anys (1973-2023)\" style=\"border-radius:0px;width:100%;height:100%;object-fit:cover;\" srcset=\"https:\/\/www.fu1838.org\/wp-content\/uploads\/2024\/11\/Aquilea50years_ImagenPrincipal-1.jpg 2048w, https:\/\/www.fu1838.org\/wp-content\/uploads\/2024\/11\/Aquilea50years_ImagenPrincipal-1-300x225.jpg 300w, https:\/\/www.fu1838.org\/wp-content\/uploads\/2024\/11\/Aquilea50years_ImagenPrincipal-1-1024x768.jpg 1024w, https:\/\/www.fu1838.org\/wp-content\/uploads\/2024\/11\/Aquilea50years_ImagenPrincipal-1-768x576.jpg 768w, https:\/\/www.fu1838.org\/wp-content\/uploads\/2024\/11\/Aquilea50years_ImagenPrincipal-1-1536x1152.jpg 1536w\" sizes=\"auto, (max-width: 2048px) 100vw, 2048px\" \/><\/a><\/figure>\n\n\n<div class=\"wp-block-group is-vertical is-nowrap is-layout-flex wp-container-core-group-is-layout-7937c66e wp-block-group-is-layout-flex\" style=\"margin-top:var(--wp--preset--spacing--10);padding-top:0\"><h2 style=\"margin-top:0;margin-bottom:0;\" class=\"wp-block-post-title has-medium-font-size wp-container-content-32e3a40d\"><a href=\"https:\/\/www.fu1838.org\/ca\/exposiciones\/aquilea-50-anys-1973-2023\/\" target=\"_self\" >Aquilea, 50 anys (1973-2023)<\/a><\/h2>\n\n<div class=\"custom-field-exposicion-fechas\">27 d\u2019abril \u2013 11 de maig de 2023<\/div>\n\n<a style=\"text-decoration:underline;\" class=\"wp-block-read-more\" href=\"https:\/\/www.fu1838.org\/ca\/exposiciones\/aquilea-50-anys-1973-2023\/\" target=\"_self\">Llegir m\u00e9s<span class=\"screen-reader-text\">: Aquilea, 50 anys (1973-2023)<\/span><\/a><\/div>\n\n<\/li><li class=\"wp-block-post post-6983 exposiciones type-exposiciones status-publish has-post-thumbnail hentry\">\n<figure style=\"aspect-ratio:1; padding-bottom:0;margin-bottom:0;\" class=\"wp-block-post-featured-image\"><a href=\"https:\/\/www.fu1838.org\/ca\/exposiciones\/la-dona-a-uriach-el-paper-de-la-dona-en-els-185-anys-dhistoria-de-la-companyia\/\" target=\"_self\"  ><img loading=\"lazy\" decoding=\"async\" width=\"2048\" height=\"1365\" src=\"https:\/\/www.fu1838.org\/wp-content\/uploads\/2024\/11\/MujerUriach_ImagenPrincipal-1.jpg\" class=\"attachment-post-thumbnail size-post-thumbnail wp-post-image\" alt=\"La dona a Uriach: el paper de la dona en els 185 anys d\u2019hist\u00f2ria de la companyia\" style=\"border-radius:0px;width:100%;height:100%;object-fit:cover;\" srcset=\"https:\/\/www.fu1838.org\/wp-content\/uploads\/2024\/11\/MujerUriach_ImagenPrincipal-1.jpg 2048w, https:\/\/www.fu1838.org\/wp-content\/uploads\/2024\/11\/MujerUriach_ImagenPrincipal-1-300x200.jpg 300w, https:\/\/www.fu1838.org\/wp-content\/uploads\/2024\/11\/MujerUriach_ImagenPrincipal-1-1024x683.jpg 1024w, https:\/\/www.fu1838.org\/wp-content\/uploads\/2024\/11\/MujerUriach_ImagenPrincipal-1-768x512.jpg 768w, https:\/\/www.fu1838.org\/wp-content\/uploads\/2024\/11\/MujerUriach_ImagenPrincipal-1-1536x1024.jpg 1536w\" sizes=\"auto, (max-width: 2048px) 100vw, 2048px\" \/><\/a><\/figure>\n\n\n<div class=\"wp-block-group is-vertical is-nowrap is-layout-flex wp-container-core-group-is-layout-7937c66e wp-block-group-is-layout-flex\" style=\"margin-top:var(--wp--preset--spacing--10);padding-top:0\"><h2 style=\"margin-top:0;margin-bottom:0;\" class=\"wp-block-post-title has-medium-font-size wp-container-content-32e3a40d\"><a href=\"https:\/\/www.fu1838.org\/ca\/exposiciones\/la-dona-a-uriach-el-paper-de-la-dona-en-els-185-anys-dhistoria-de-la-companyia\/\" target=\"_self\" >La dona a Uriach: el paper de la dona en els 185 anys d\u2019hist\u00f2ria de la companyia<\/a><\/h2>\n\n<div class=\"custom-field-exposicion-fechas\">8 \u2013 16 de mar\u00e7 de 2023<\/div>\n\n<a style=\"text-decoration:underline;\" class=\"wp-block-read-more\" href=\"https:\/\/www.fu1838.org\/ca\/exposiciones\/la-dona-a-uriach-el-paper-de-la-dona-en-els-185-anys-dhistoria-de-la-companyia\/\" target=\"_self\">Llegir m\u00e9s<span class=\"screen-reader-text\">: La dona a Uriach: el paper de la dona en els 185 anys d\u2019hist\u00f2ria de la companyia<\/span><\/a><\/div>\n\n<\/li><li class=\"wp-block-post post-6984 exposiciones type-exposiciones status-publish has-post-thumbnail hentry\">\n<figure style=\"aspect-ratio:1; padding-bottom:0;margin-bottom:0;\" class=\"wp-block-post-featured-image\"><a href=\"https:\/\/www.fu1838.org\/ca\/exposiciones\/els-medicaments-a-catalunya-empresa-ciencia-i-innovacio-per-a-la-salut\/\" target=\"_self\"  ><img loading=\"lazy\" decoding=\"async\" width=\"2048\" height=\"1365\" src=\"https:\/\/www.fu1838.org\/wp-content\/uploads\/2024\/11\/MedicamentosCatalunya_ImagenPrincipal-1.jpg\" class=\"attachment-post-thumbnail size-post-thumbnail wp-post-image\" alt=\"Els medicaments a Catalunya: empresa, ci\u00e8ncia i innovaci\u00f3 per a la salut\" style=\"border-radius:0px;width:100%;height:100%;object-fit:cover;\" srcset=\"https:\/\/www.fu1838.org\/wp-content\/uploads\/2024\/11\/MedicamentosCatalunya_ImagenPrincipal-1.jpg 2048w, https:\/\/www.fu1838.org\/wp-content\/uploads\/2024\/11\/MedicamentosCatalunya_ImagenPrincipal-1-300x200.jpg 300w, https:\/\/www.fu1838.org\/wp-content\/uploads\/2024\/11\/MedicamentosCatalunya_ImagenPrincipal-1-1024x683.jpg 1024w, https:\/\/www.fu1838.org\/wp-content\/uploads\/2024\/11\/MedicamentosCatalunya_ImagenPrincipal-1-768x512.jpg 768w, https:\/\/www.fu1838.org\/wp-content\/uploads\/2024\/11\/MedicamentosCatalunya_ImagenPrincipal-1-1536x1024.jpg 1536w\" sizes=\"auto, (max-width: 2048px) 100vw, 2048px\" \/><\/a><\/figure>\n\n\n<div class=\"wp-block-group is-vertical is-nowrap is-layout-flex wp-container-core-group-is-layout-7937c66e wp-block-group-is-layout-flex\" style=\"margin-top:var(--wp--preset--spacing--10);padding-top:0\"><h2 style=\"margin-top:0;margin-bottom:0;\" class=\"wp-block-post-title has-medium-font-size wp-container-content-32e3a40d\"><a href=\"https:\/\/www.fu1838.org\/ca\/exposiciones\/els-medicaments-a-catalunya-empresa-ciencia-i-innovacio-per-a-la-salut\/\" target=\"_self\" >Els medicaments a Catalunya: empresa, ci\u00e8ncia i innovaci\u00f3 per a la salut<\/a><\/h2>\n\n<div class=\"custom-field-exposicion-fechas\">21 de setembre de 2022 \u2013 30 de novembre de 2023<\/div>\n\n<a style=\"text-decoration:underline;\" class=\"wp-block-read-more\" href=\"https:\/\/www.fu1838.org\/ca\/exposiciones\/els-medicaments-a-catalunya-empresa-ciencia-i-innovacio-per-a-la-salut\/\" target=\"_self\">Llegir m\u00e9s<span class=\"screen-reader-text\">: Els medicaments a Catalunya: empresa, ci\u00e8ncia i innovaci\u00f3 per a la salut<\/span><\/a><\/div>\n\n<\/li><li class=\"wp-block-post post-6985 exposiciones type-exposiciones status-publish has-post-thumbnail hentry\">\n<figure style=\"aspect-ratio:1; padding-bottom:0;margin-bottom:0;\" class=\"wp-block-post-featured-image\"><a href=\"https:\/\/www.fu1838.org\/ca\/exposiciones\/biodramina-70e-aniversari\/\" target=\"_self\"  ><img loading=\"lazy\" decoding=\"async\" width=\"1944\" height=\"2592\" src=\"https:\/\/www.fu1838.org\/wp-content\/uploads\/2024\/11\/Biodramina_ImagenPrincipal.png\" class=\"attachment-post-thumbnail size-post-thumbnail wp-post-image\" alt=\"Biodramina, 70\u00e8 aniversari\" style=\"border-radius:0px;width:100%;height:100%;object-fit:cover;\" srcset=\"https:\/\/www.fu1838.org\/wp-content\/uploads\/2024\/11\/Biodramina_ImagenPrincipal.png 1944w, https:\/\/www.fu1838.org\/wp-content\/uploads\/2024\/11\/Biodramina_ImagenPrincipal-225x300.png 225w, https:\/\/www.fu1838.org\/wp-content\/uploads\/2024\/11\/Biodramina_ImagenPrincipal-768x1024.png 768w, https:\/\/www.fu1838.org\/wp-content\/uploads\/2024\/11\/Biodramina_ImagenPrincipal-1152x1536.png 1152w, https:\/\/www.fu1838.org\/wp-content\/uploads\/2024\/11\/Biodramina_ImagenPrincipal-1536x2048.png 1536w\" sizes=\"auto, (max-width: 1944px) 100vw, 1944px\" \/><\/a><\/figure>\n\n\n<div class=\"wp-block-group is-vertical is-nowrap is-layout-flex wp-container-core-group-is-layout-7937c66e wp-block-group-is-layout-flex\" style=\"margin-top:var(--wp--preset--spacing--10);padding-top:0\"><h2 style=\"margin-top:0;margin-bottom:0;\" class=\"wp-block-post-title has-medium-font-size wp-container-content-32e3a40d\"><a href=\"https:\/\/www.fu1838.org\/ca\/exposiciones\/biodramina-70e-aniversari\/\" target=\"_self\" >Biodramina, 70\u00e8 aniversari<\/a><\/h2>\n\n<div class=\"custom-field-exposicion-fechas\">18 \u2013 22 de juliol de 2022<\/div>\n\n<a style=\"text-decoration:underline;\" class=\"wp-block-read-more\" href=\"https:\/\/www.fu1838.org\/ca\/exposiciones\/biodramina-70e-aniversari\/\" target=\"_self\">Llegir m\u00e9s<span class=\"screen-reader-text\">: Biodramina, 70\u00e8 aniversari<\/span><\/a><\/div>\n\n<\/li><li class=\"wp-block-post post-6986 exposiciones type-exposiciones status-publish has-post-thumbnail hentry\">\n<figure style=\"aspect-ratio:1; padding-bottom:0;margin-bottom:0;\" class=\"wp-block-post-featured-image\"><a href=\"https:\/\/www.fu1838.org\/ca\/exposiciones\/uriach-184-anys\/\" target=\"_self\"  ><img loading=\"lazy\" decoding=\"async\" width=\"2048\" height=\"1536\" src=\"https:\/\/www.fu1838.org\/wp-content\/uploads\/2024\/11\/Uriach_184anys_ImagenPrincipal-1.jpg\" class=\"attachment-post-thumbnail size-post-thumbnail wp-post-image\" alt=\"Uriach, 184 anys\" style=\"border-radius:0px;width:100%;height:100%;object-fit:cover;\" srcset=\"https:\/\/www.fu1838.org\/wp-content\/uploads\/2024\/11\/Uriach_184anys_ImagenPrincipal-1.jpg 2048w, https:\/\/www.fu1838.org\/wp-content\/uploads\/2024\/11\/Uriach_184anys_ImagenPrincipal-1-300x225.jpg 300w, https:\/\/www.fu1838.org\/wp-content\/uploads\/2024\/11\/Uriach_184anys_ImagenPrincipal-1-1024x768.jpg 1024w, https:\/\/www.fu1838.org\/wp-content\/uploads\/2024\/11\/Uriach_184anys_ImagenPrincipal-1-768x576.jpg 768w, https:\/\/www.fu1838.org\/wp-content\/uploads\/2024\/11\/Uriach_184anys_ImagenPrincipal-1-1536x1152.jpg 1536w\" sizes=\"auto, (max-width: 2048px) 100vw, 2048px\" \/><\/a><\/figure>\n\n\n<div class=\"wp-block-group is-vertical is-nowrap is-layout-flex wp-container-core-group-is-layout-7937c66e wp-block-group-is-layout-flex\" style=\"margin-top:var(--wp--preset--spacing--10);padding-top:0\"><h2 style=\"margin-top:0;margin-bottom:0;\" class=\"wp-block-post-title has-medium-font-size wp-container-content-32e3a40d\"><a href=\"https:\/\/www.fu1838.org\/ca\/exposiciones\/uriach-184-anys\/\" target=\"_self\" >Uriach, 184 anys<\/a><\/h2>\n\n<div class=\"custom-field-exposicion-fechas\">25 \u2013 30 d\u2019abril de 2022<\/div>\n\n<a style=\"text-decoration:underline;\" class=\"wp-block-read-more\" href=\"https:\/\/www.fu1838.org\/ca\/exposiciones\/uriach-184-anys\/\" target=\"_self\">Llegir m\u00e9s<span class=\"screen-reader-text\">: Uriach, 184 anys<\/span><\/a><\/div>\n\n<\/li><li class=\"wp-block-post post-6987 exposiciones type-exposiciones status-publish has-post-thumbnail hentry\">\n<figure style=\"aspect-ratio:1; padding-bottom:0;margin-bottom:0;\" class=\"wp-block-post-featured-image\"><a href=\"https:\/\/www.fu1838.org\/ca\/exposiciones\/3-2-1-accio-30-anys-de-spots-publicitaris\/\" target=\"_self\"  ><img loading=\"lazy\" decoding=\"async\" width=\"2312\" height=\"1734\" src=\"https:\/\/www.fu1838.org\/wp-content\/uploads\/2024\/11\/321_Accion_ImagenPrincipal.jpg\" class=\"attachment-post-thumbnail size-post-thumbnail wp-post-image\" alt=\"3, 2, 1\u2026 Acci\u00f3! 30 anys de spots publicitaris\" style=\"border-radius:0px;width:100%;height:100%;object-fit:cover;\" srcset=\"https:\/\/www.fu1838.org\/wp-content\/uploads\/2024\/11\/321_Accion_ImagenPrincipal.jpg 2312w, https:\/\/www.fu1838.org\/wp-content\/uploads\/2024\/11\/321_Accion_ImagenPrincipal-300x225.jpg 300w, https:\/\/www.fu1838.org\/wp-content\/uploads\/2024\/11\/321_Accion_ImagenPrincipal-1024x768.jpg 1024w, https:\/\/www.fu1838.org\/wp-content\/uploads\/2024\/11\/321_Accion_ImagenPrincipal-768x576.jpg 768w, https:\/\/www.fu1838.org\/wp-content\/uploads\/2024\/11\/321_Accion_ImagenPrincipal-1536x1152.jpg 1536w, https:\/\/www.fu1838.org\/wp-content\/uploads\/2024\/11\/321_Accion_ImagenPrincipal-2048x1536.jpg 2048w\" sizes=\"auto, (max-width: 2312px) 100vw, 2312px\" \/><\/a><\/figure>\n\n\n<div class=\"wp-block-group is-vertical is-nowrap is-layout-flex wp-container-core-group-is-layout-7937c66e wp-block-group-is-layout-flex\" style=\"margin-top:var(--wp--preset--spacing--10);padding-top:0\"><h2 style=\"margin-top:0;margin-bottom:0;\" class=\"wp-block-post-title has-medium-font-size wp-container-content-32e3a40d\"><a href=\"https:\/\/www.fu1838.org\/ca\/exposiciones\/3-2-1-accio-30-anys-de-spots-publicitaris\/\" target=\"_self\" >3, 2, 1\u2026 Acci\u00f3! 30 anys de spots publicitaris<\/a><\/h2>\n\n<div class=\"custom-field-exposicion-fechas\">25 d\u2019octubre \u2013 26 de novembre de 2021<\/div>\n\n<a style=\"text-decoration:underline;\" class=\"wp-block-read-more\" href=\"https:\/\/www.fu1838.org\/ca\/exposiciones\/3-2-1-accio-30-anys-de-spots-publicitaris\/\" target=\"_self\">Llegir m\u00e9s<span class=\"screen-reader-text\">: 3, 2, 1\u2026 Acci\u00f3! 30 anys de spots publicitaris<\/span><\/a><\/div>\n\n<\/li><li class=\"wp-block-post post-6988 exposiciones type-exposiciones status-publish has-post-thumbnail hentry\">\n<figure style=\"aspect-ratio:1; padding-bottom:0;margin-bottom:0;\" class=\"wp-block-post-featured-image\"><a href=\"https:\/\/www.fu1838.org\/ca\/exposiciones\/aero-red-60e-aniversari\/\" target=\"_self\"  ><img loading=\"lazy\" decoding=\"async\" width=\"2048\" height=\"1536\" src=\"https:\/\/www.fu1838.org\/wp-content\/uploads\/2024\/11\/AeroRed_60aniversario_ImagenPrincipal-1.jpg\" class=\"attachment-post-thumbnail size-post-thumbnail wp-post-image\" alt=\"Aero-red, 60\u00e8 aniversari\" style=\"border-radius:0px;width:100%;height:100%;object-fit:cover;\" srcset=\"https:\/\/www.fu1838.org\/wp-content\/uploads\/2024\/11\/AeroRed_60aniversario_ImagenPrincipal-1.jpg 2048w, https:\/\/www.fu1838.org\/wp-content\/uploads\/2024\/11\/AeroRed_60aniversario_ImagenPrincipal-1-300x225.jpg 300w, https:\/\/www.fu1838.org\/wp-content\/uploads\/2024\/11\/AeroRed_60aniversario_ImagenPrincipal-1-1024x768.jpg 1024w, https:\/\/www.fu1838.org\/wp-content\/uploads\/2024\/11\/AeroRed_60aniversario_ImagenPrincipal-1-768x576.jpg 768w, https:\/\/www.fu1838.org\/wp-content\/uploads\/2024\/11\/AeroRed_60aniversario_ImagenPrincipal-1-1536x1152.jpg 1536w\" sizes=\"auto, (max-width: 2048px) 100vw, 2048px\" \/><\/a><\/figure>\n\n\n<div class=\"wp-block-group is-vertical is-nowrap is-layout-flex wp-container-core-group-is-layout-7937c66e wp-block-group-is-layout-flex\" style=\"margin-top:var(--wp--preset--spacing--10);padding-top:0\"><h2 style=\"margin-top:0;margin-bottom:0;\" class=\"wp-block-post-title has-medium-font-size wp-container-content-32e3a40d\"><a href=\"https:\/\/www.fu1838.org\/ca\/exposiciones\/aero-red-60e-aniversari\/\" target=\"_self\" >Aero-red, 60\u00e8 aniversari<\/a><\/h2>\n\n<div class=\"custom-field-exposicion-fechas\">27 de setembre \u2013 1 d\u2019octubre de 2021<\/div>\n\n<a style=\"text-decoration:underline;\" class=\"wp-block-read-more\" href=\"https:\/\/www.fu1838.org\/ca\/exposiciones\/aero-red-60e-aniversari\/\" target=\"_self\">Llegir m\u00e9s<span class=\"screen-reader-text\">: Aero-red, 60\u00e8 aniversari<\/span><\/a><\/div>\n\n<\/li><li class=\"wp-block-post post-6989 exposiciones type-exposiciones status-publish has-post-thumbnail hentry\">\n<figure style=\"aspect-ratio:1; padding-bottom:0;margin-bottom:0;\" class=\"wp-block-post-featured-image\"><a href=\"https:\/\/www.fu1838.org\/ca\/exposiciones\/welcome-ceregumil\/\" target=\"_self\"  ><img loading=\"lazy\" decoding=\"async\" width=\"2048\" height=\"1536\" src=\"https:\/\/www.fu1838.org\/wp-content\/uploads\/2024\/11\/WelcomeCeregumil_ImagenPrincipal-1.jpg\" class=\"attachment-post-thumbnail size-post-thumbnail wp-post-image\" alt=\"Welcome Ceregumil\" style=\"border-radius:0px;width:100%;height:100%;object-fit:cover;\" srcset=\"https:\/\/www.fu1838.org\/wp-content\/uploads\/2024\/11\/WelcomeCeregumil_ImagenPrincipal-1.jpg 2048w, https:\/\/www.fu1838.org\/wp-content\/uploads\/2024\/11\/WelcomeCeregumil_ImagenPrincipal-1-300x225.jpg 300w, https:\/\/www.fu1838.org\/wp-content\/uploads\/2024\/11\/WelcomeCeregumil_ImagenPrincipal-1-1024x768.jpg 1024w, https:\/\/www.fu1838.org\/wp-content\/uploads\/2024\/11\/WelcomeCeregumil_ImagenPrincipal-1-768x576.jpg 768w, https:\/\/www.fu1838.org\/wp-content\/uploads\/2024\/11\/WelcomeCeregumil_ImagenPrincipal-1-1536x1152.jpg 1536w\" sizes=\"auto, (max-width: 2048px) 100vw, 2048px\" \/><\/a><\/figure>\n\n\n<div class=\"wp-block-group is-vertical is-nowrap is-layout-flex wp-container-core-group-is-layout-7937c66e wp-block-group-is-layout-flex\" style=\"margin-top:var(--wp--preset--spacing--10);padding-top:0\"><h2 style=\"margin-top:0;margin-bottom:0;\" class=\"wp-block-post-title has-medium-font-size wp-container-content-32e3a40d\"><a href=\"https:\/\/www.fu1838.org\/ca\/exposiciones\/welcome-ceregumil\/\" target=\"_self\" >Welcome Ceregumil<\/a><\/h2>\n\n<div class=\"custom-field-exposicion-fechas\">25 -29 de gener de 2021<\/div>\n\n<a style=\"text-decoration:underline;\" class=\"wp-block-read-more\" href=\"https:\/\/www.fu1838.org\/ca\/exposiciones\/welcome-ceregumil\/\" target=\"_self\">Llegir m\u00e9s<span class=\"screen-reader-text\">: Welcome Ceregumil<\/span><\/a><\/div>\n\n<\/li><\/ul>\n\n\n<div style=\"margin-top:0;margin-bottom:0;height:var(--wp--preset--spacing--40)\" aria-hidden=\"true\" class=\"wp-block-spacer\"><\/div>\n\n\n<nav class=\"wp-block-query-pagination is-content-justification-center is-nowrap is-layout-flex wp-container-core-query-pagination-is-layout-12a27398 wp-block-query-pagination-is-layout-flex\" aria-label=\"Paginaci\u00f3\">\n\n\n<div class=\"wp-block-query-pagination-numbers\"><span aria-current=\"page\" class=\"page-numbers current\">1<\/span>\n<a class=\"page-numbers\" href=\"?query-20-page=2\">2<\/a><\/div>\n\n<a href=\"\/ca\/wp-json\/wp\/v2\/pages\/6977?query-20-page=2\" class=\"wp-block-query-pagination-next\" aria-label=\"P\u00e0gina seg\u00fcent\"><span class='wp-block-query-pagination-next-arrow is-arrow-arrow' aria-hidden='true'>\u2192<\/span><\/a>\n<\/nav><\/div>\n<\/div>\n<\/div>\n","protected":false},"excerpt":{"rendered":"","protected":false},"author":1,"featured_media":0,"parent":6975,"menu_order":0,"comment_status":"closed","ping_status":"closed","template":"","meta":{"_acf_changed":false,"footnotes":""},"class_list":["post-6977","page","type-page","status-publish","hentry"],"acf":[],"yoast_head":"<!-- This site is optimized with the Yoast SEO plugin v24.1 - https:\/\/yoast.com\/wordpress\/plugins\/seo\/ -->\n<title>Exposicions - Fundaci\u00f3n Uriach<\/title>\n<meta name=\"robots\" content=\"index, follow, max-snippet:-1, max-image-preview:large, max-video-preview:-1\" \/>\n<link rel=\"canonical\" href=\"https:\/\/www.fu1838.org\/ca\/historia-de-les-ciencies-de-la-salut\/exposicions\/\" \/>\n<link rel=\"next\" href=\"https:\/\/www.fu1838.org\/ca\/historia-de-les-ciencies-de-la-salut\/exposicions\/ca\/wp-json\/wp\/v2\/pages\/6977\/?query-20-page=2\" \/>\n<meta property=\"og:locale\" content=\"ca_ES\" \/>\n<meta property=\"og:type\" content=\"article\" \/>\n<meta property=\"og:title\" content=\"Exposicions - Fundaci\u00f3n Uriach\" \/>\n<meta property=\"og:url\" content=\"https:\/\/www.fu1838.org\/ca\/historia-de-les-ciencies-de-la-salut\/exposicions\/\" \/>\n<meta property=\"og:site_name\" content=\"Fundaci\u00f3n Uriach\" \/>\n<meta property=\"article:modified_time\" content=\"2025-03-26T10:19:16+00:00\" \/>\n<meta property=\"og:image\" content=\"https:\/\/www.fu1838.org\/wp-content\/uploads\/2024\/11\/header-exposiciones.jpg\" \/>\n\t<meta property=\"og:image:width\" content=\"1400\" \/>\n\t<meta property=\"og:image:height\" content=\"440\" \/>\n\t<meta property=\"og:image:type\" content=\"image\/jpeg\" \/>\n<meta name=\"twitter:card\" content=\"summary_large_image\" \/>\n<meta name=\"twitter:label1\" content=\"Temps estimat de lectura\" \/>\n\t<meta name=\"twitter:data1\" content=\"1 minut\" \/>\n<script type=\"application\/ld+json\" class=\"yoast-schema-graph\">{\"@context\":\"https:\/\/schema.org\",\"@graph\":[{\"@type\":\"WebPage\",\"@id\":\"https:\/\/www.fu1838.org\/ca\/historia-de-les-ciencies-de-la-salut\/exposicions\/\",\"url\":\"https:\/\/www.fu1838.org\/ca\/historia-de-les-ciencies-de-la-salut\/exposicions\/\",\"name\":\"Exposicions - Fundaci\u00f3n Uriach\",\"isPartOf\":{\"@id\":\"https:\/\/www.fu1838.org\/ca\/#website\"},\"primaryImageOfPage\":{\"@id\":\"https:\/\/www.fu1838.org\/ca\/historia-de-les-ciencies-de-la-salut\/exposicions\/#primaryimage\"},\"image\":{\"@id\":\"https:\/\/www.fu1838.org\/ca\/historia-de-les-ciencies-de-la-salut\/exposicions\/#primaryimage\"},\"thumbnailUrl\":\"https:\/\/www.fu1838.org\/wp-content\/uploads\/2024\/11\/header-exposiciones.jpg\",\"datePublished\":\"2024-11-19T11:51:20+00:00\",\"dateModified\":\"2025-03-26T10:19:16+00:00\",\"breadcrumb\":{\"@id\":\"https:\/\/www.fu1838.org\/ca\/historia-de-les-ciencies-de-la-salut\/exposicions\/#breadcrumb\"},\"inLanguage\":\"ca\",\"potentialAction\":[{\"@type\":\"ReadAction\",\"target\":[\"https:\/\/www.fu1838.org\/ca\/historia-de-les-ciencies-de-la-salut\/exposicions\/\"]}]},{\"@type\":\"ImageObject\",\"inLanguage\":\"ca\",\"@id\":\"https:\/\/www.fu1838.org\/ca\/historia-de-les-ciencies-de-la-salut\/exposicions\/#primaryimage\",\"url\":\"https:\/\/www.fu1838.org\/wp-content\/uploads\/2024\/11\/header-exposiciones.jpg\",\"contentUrl\":\"https:\/\/www.fu1838.org\/wp-content\/uploads\/2024\/11\/header-exposiciones.jpg\"},{\"@type\":\"BreadcrumbList\",\"@id\":\"https:\/\/www.fu1838.org\/ca\/historia-de-les-ciencies-de-la-salut\/exposicions\/#breadcrumb\",\"itemListElement\":[{\"@type\":\"ListItem\",\"position\":1,\"name\":\"Portada\",\"item\":\"https:\/\/www.fu1838.org\/ca\/\"},{\"@type\":\"ListItem\",\"position\":2,\"name\":\"Hist\u00f2ria de les ci\u00e8ncies de la salut\",\"item\":\"https:\/\/www.fu1838.org\/ca\/historia-de-les-ciencies-de-la-salut\/\"},{\"@type\":\"ListItem\",\"position\":3,\"name\":\"Exposicions\"}]},{\"@type\":\"WebSite\",\"@id\":\"https:\/\/www.fu1838.org\/ca\/#website\",\"url\":\"https:\/\/www.fu1838.org\/ca\/\",\"name\":\"Fundaci\u00f3n Uriach\",\"description\":\"\",\"potentialAction\":[{\"@type\":\"SearchAction\",\"target\":{\"@type\":\"EntryPoint\",\"urlTemplate\":\"https:\/\/www.fu1838.org\/ca\/?s={search_term_string}\"},\"query-input\":{\"@type\":\"PropertyValueSpecification\",\"valueRequired\":true,\"valueName\":\"search_term_string\"}}],\"inLanguage\":\"ca\"}]}<\/script>\n<!-- \/ Yoast SEO plugin. -->","yoast_head_json":{"title":"Exposicions - Fundaci\u00f3n Uriach","robots":{"index":"index","follow":"follow","max-snippet":"max-snippet:-1","max-image-preview":"max-image-preview:large","max-video-preview":"max-video-preview:-1"},"canonical":"https:\/\/www.fu1838.org\/ca\/historia-de-les-ciencies-de-la-salut\/exposicions\/","next":"https:\/\/www.fu1838.org\/ca\/historia-de-les-ciencies-de-la-salut\/exposicions\/ca\/wp-json\/wp\/v2\/pages\/6977?query-20-page=2","og_locale":"ca_ES","og_type":"article","og_title":"Exposicions - Fundaci\u00f3n Uriach","og_url":"https:\/\/www.fu1838.org\/ca\/historia-de-les-ciencies-de-la-salut\/exposicions\/","og_site_name":"Fundaci\u00f3n Uriach","article_modified_time":"2025-03-26T10:19:16+00:00","og_image":[{"width":1400,"height":440,"url":"https:\/\/www.fu1838.org\/wp-content\/uploads\/2024\/11\/header-exposiciones.jpg","type":"image\/jpeg"}],"twitter_card":"summary_large_image","twitter_misc":{"Temps estimat de lectura":"1 minut"},"schema":{"@context":"https:\/\/schema.org","@graph":[{"@type":"WebPage","@id":"https:\/\/www.fu1838.org\/ca\/historia-de-les-ciencies-de-la-salut\/exposicions\/","url":"https:\/\/www.fu1838.org\/ca\/historia-de-les-ciencies-de-la-salut\/exposicions\/","name":"Exposicions - Fundaci\u00f3n Uriach","isPartOf":{"@id":"https:\/\/www.fu1838.org\/ca\/#website"},"primaryImageOfPage":{"@id":"https:\/\/www.fu1838.org\/ca\/historia-de-les-ciencies-de-la-salut\/exposicions\/#primaryimage"},"image":{"@id":"https:\/\/www.fu1838.org\/ca\/historia-de-les-ciencies-de-la-salut\/exposicions\/#primaryimage"},"thumbnailUrl":"https:\/\/www.fu1838.org\/wp-content\/uploads\/2024\/11\/header-exposiciones.jpg","datePublished":"2024-11-19T11:51:20+00:00","dateModified":"2025-03-26T10:19:16+00:00","breadcrumb":{"@id":"https:\/\/www.fu1838.org\/ca\/historia-de-les-ciencies-de-la-salut\/exposicions\/#breadcrumb"},"inLanguage":"ca","potentialAction":[{"@type":"ReadAction","target":["https:\/\/www.fu1838.org\/ca\/historia-de-les-ciencies-de-la-salut\/exposicions\/"]}]},{"@type":"ImageObject","inLanguage":"ca","@id":"https:\/\/www.fu1838.org\/ca\/historia-de-les-ciencies-de-la-salut\/exposicions\/#primaryimage","url":"https:\/\/www.fu1838.org\/wp-content\/uploads\/2024\/11\/header-exposiciones.jpg","contentUrl":"https:\/\/www.fu1838.org\/wp-content\/uploads\/2024\/11\/header-exposiciones.jpg"},{"@type":"BreadcrumbList","@id":"https:\/\/www.fu1838.org\/ca\/historia-de-les-ciencies-de-la-salut\/exposicions\/#breadcrumb","itemListElement":[{"@type":"ListItem","position":1,"name":"Portada","item":"https:\/\/www.fu1838.org\/ca\/"},{"@type":"ListItem","position":2,"name":"Hist\u00f2ria de les ci\u00e8ncies de la salut","item":"https:\/\/www.fu1838.org\/ca\/historia-de-les-ciencies-de-la-salut\/"},{"@type":"ListItem","position":3,"name":"Exposicions"}]},{"@type":"WebSite","@id":"https:\/\/www.fu1838.org\/ca\/#website","url":"https:\/\/www.fu1838.org\/ca\/","name":"Fundaci\u00f3n Uriach","description":"","potentialAction":[{"@type":"SearchAction","target":{"@type":"EntryPoint","urlTemplate":"https:\/\/www.fu1838.org\/ca\/?s={search_term_string}"},"query-input":{"@type":"PropertyValueSpecification","valueRequired":true,"valueName":"search_term_string"}}],"inLanguage":"ca"}]}},"_links":{"self":[{"href":"https:\/\/www.fu1838.org\/ca\/wp-json\/wp\/v2\/pages\/6977","targetHints":{"allow":["GET"]}}],"collection":[{"href":"https:\/\/www.fu1838.org\/ca\/wp-json\/wp\/v2\/pages"}],"about":[{"href":"https:\/\/www.fu1838.org\/ca\/wp-json\/wp\/v2\/types\/page"}],"author":[{"embeddable":true,"href":"https:\/\/www.fu1838.org\/ca\/wp-json\/wp\/v2\/users\/1"}],"replies":[{"embeddable":true,"href":"https:\/\/www.fu1838.org\/ca\/wp-json\/wp\/v2\/comments?post=6977"}],"version-history":[{"count":2,"href":"https:\/\/www.fu1838.org\/ca\/wp-json\/wp\/v2\/pages\/6977\/revisions"}],"predecessor-version":[{"id":7470,"href":"https:\/\/www.fu1838.org\/ca\/wp-json\/wp\/v2\/pages\/6977\/revisions\/7470"}],"up":[{"embeddable":true,"href":"https:\/\/www.fu1838.org\/ca\/wp-json\/wp\/v2\/pages\/6975"}],"wp:attachment":[{"href":"https:\/\/www.fu1838.org\/ca\/wp-json\/wp\/v2\/media?parent=6977"}],"curies":[{"name":"wp","href":"https:\/\/api.w.org\/{rel}","templated":true}]}}