{"id":6997,"date":"2024-11-19T12:55:08","date_gmt":"2024-11-19T11:55:08","guid":{"rendered":"https:\/\/www.fu1838.org\/historia-de-les-ciencies-de-la-salut\/videos\/"},"modified":"2025-07-21T10:52:31","modified_gmt":"2025-07-21T08:52:31","slug":"videos","status":"publish","type":"page","link":"https:\/\/www.fu1838.org\/ca\/historia-de-les-ciencies-de-la-salut\/videos\/","title":{"rendered":"Videos"},"content":{"rendered":"\n<div class=\"wp-block-group alignfull has-global-padding is-layout-constrained wp-block-group-is-layout-constrained\">\n<div class=\"wp-block-cover alignfull uriach-header-block-cover\" style=\"padding-top:0;padding-right:0;padding-bottom:0;padding-left:0\"><span aria-hidden=\"true\" class=\"wp-block-cover__background has-background-dim-0 has-background-dim\" style=\"background-color:#5d819e\"><\/span><img loading=\"lazy\" decoding=\"async\" width=\"1400\" height=\"440\" class=\"wp-block-cover__image-background wp-image-432\" alt=\"\" src=\"https:\/\/www.fu1838.org\/wp-content\/uploads\/2024\/11\/header-videos.jpg\" data-object-fit=\"cover\" srcset=\"https:\/\/www.fu1838.org\/wp-content\/uploads\/2024\/11\/header-videos.jpg 1400w, https:\/\/www.fu1838.org\/wp-content\/uploads\/2024\/11\/header-videos-300x94.jpg 300w, https:\/\/www.fu1838.org\/wp-content\/uploads\/2024\/11\/header-videos-1024x322.jpg 1024w, https:\/\/www.fu1838.org\/wp-content\/uploads\/2024\/11\/header-videos-768x241.jpg 768w\" sizes=\"auto, (max-width: 1400px) 100vw, 1400px\" \/><div class=\"wp-block-cover__inner-container has-global-padding is-layout-constrained wp-container-core-cover-is-layout-c06d165c wp-block-cover-is-layout-constrained\">\n<div class=\"wp-block-columns alignfull is-layout-flex wp-container-core-columns-is-layout-28f84493 wp-block-columns-is-layout-flex\">\n<div class=\"wp-block-column has-base-2-color has-text-color has-background has-link-color wp-elements-63adc13b927c40942ceed4585736e309 is-layout-flow wp-block-column-is-layout-flow\" style=\"background-color:#00c405b3;padding-top:var(--wp--preset--spacing--30);padding-right:var(--wp--preset--spacing--20);padding-bottom:var(--wp--preset--spacing--30)\">\n<div class=\"wp-block-group uriach-header-block-cover-content has-global-padding is-layout-constrained wp-block-group-is-layout-constrained\">\n<h1 class=\"wp-block-heading has-base-2-color has-text-color has-link-color wp-elements-ea3b4f110c53296d9d58af3dcc026fca\">Audiovisuals<\/h1>\n\n\n\n<p class=\"has-text-align-left\">La Fundaci\u00f3 Uriach realitza v\u00eddeos divulgatius amb la finalitat de donar a con\u00e8ixer la hist\u00f2ria de les ci\u00e8ncies de la salut, els beneficis de la nutrac\u00e8utica i la salut natural, el patrimoni de la companyia centen\u00e0ria Uriach, aix\u00ed com algunes de les principals activitats de la Fundaci\u00f3.<\/p>\n<\/div>\n<\/div>\n\n\n\n<div class=\"wp-block-column is-layout-flow wp-block-column-is-layout-flow\"><\/div>\n<\/div>\n<\/div><\/div>\n<\/div>\n\n<div class=\"wp-block-group alignwide has-global-padding is-layout-constrained wp-block-group-is-layout-constrained\" style=\"margin-top:0;margin-bottom:0\">\n<div class=\"wp-block-query alignwide uriach-block-query uriach-block-query-videos is-layout-flow wp-block-query-is-layout-flow\">\n\n\n<div class=\"wp-block-group is-layout-flow wp-block-group-is-layout-flow\" style=\"margin-top:var(--wp--preset--spacing--40);margin-bottom:var(--wp--preset--spacing--40);padding-top:0;padding-right:0;padding-bottom:0;padding-left:0\"><ul class=\"columns-2 alignfull wp-block-post-template is-layout-grid wp-container-core-post-template-is-layout-523d4961 wp-block-post-template-is-layout-grid\"><li class=\"wp-block-post post-141446 videos type-videos status-publish hentry\">\n\n<div class=\"wp-block-group has-global-padding is-layout-constrained wp-block-group-is-layout-constrained\"><div class=\"custom-field-videos-iframe\"><iframe loading=\"lazy\" title=\"vimeo-player\" src=\"https:\/\/player.vimeo.com\/video\/1100235377?h=8dbaced04f\" width=\"640\" height=\"360\" frameborder=\"0\" referrerpolicy=\"strict-origin-when-cross-origin\" allow=\"autoplay; fullscreen; picture-in-picture; clipboard-write; encrypted-media; web-share\"   allowfullscreen><\/iframe><\/div><\/div>\n\n\n\n<div class=\"wp-block-group is-vertical is-nowrap is-layout-flex wp-container-core-group-is-layout-667aea89 wp-block-group-is-layout-flex\" style=\"margin-top:0;padding-top:0\">\n<div class=\"wp-block-group has-global-padding is-layout-constrained wp-block-group-is-layout-constrained\"><div class=\"video-title\"><strong>Uriach Friends<\/strong> (2025)<\/div><\/div>\n\n\n<div class=\"entry-content wp-block-post-content is-layout-flow wp-block-post-content-is-layout-flow\">\n<p>Uriach Friends t\u00e9 com a objectiu reunir antics col\u00b7laboradors de la companyia Uriach per compartir experi\u00e8ncies, celebrar assoliments comuns i crear nous records. En un m\u00f3n tan canviant i globalitzat, iniciatives com aquesta esdevenen espais de pausa, on reflexionar sobre el passat ens ajuda a seguir construint el futur. Un espai de retrobament i uni\u00f3, creat per la Fundaci\u00f3 Uriach, on aquells que han format part d\u2019Uriach poden continuar sentint-se part de la seva hist\u00f2ria.<\/p>\n<\/div><\/div>\n\n<\/li><li class=\"wp-block-post post-36600 videos type-videos status-publish hentry\">\n\n<div class=\"wp-block-group has-global-padding is-layout-constrained wp-block-group-is-layout-constrained\"><div class=\"custom-field-videos-iframe\"><div style=\"padding:56.25% 0 0 0;position:relative;\"><iframe src=\"https:\/\/player.vimeo.com\/video\/1092679104?badge=0&#038;autopause=0&#038;player_id=0&#038;app_id=58479\" frameborder=\"0\" allow=\"autoplay; fullscreen; picture-in-picture; clipboard-write; encrypted-media; web-share\" style=\"position:absolute;top:0;left:0;width:100%;height:100%;\" title=\"Visita al Jard\u00ed Bot\u00e0nic de Barcelona (2025)\"><\/iframe><\/div><script src=\"https:\/\/player.vimeo.com\/api\/player.js\"><\/script><\/div><\/div>\n\n\n\n<div class=\"wp-block-group is-vertical is-nowrap is-layout-flex wp-container-core-group-is-layout-667aea89 wp-block-group-is-layout-flex\" style=\"margin-top:0;padding-top:0\">\n<div class=\"wp-block-group has-global-padding is-layout-constrained wp-block-group-is-layout-constrained\"><div class=\"video-title\"><strong>Visita Jard\u00ed Bot\u00e0nico de Barcelona<\/strong> (2025)<\/div><\/div>\n\n\n<div class=\"entry-content wp-block-post-content is-layout-flow wp-block-post-content-is-layout-flow\">\n<p>Visita organitzada per la Fundaci\u00f3 Uriach per als col\u00b7laboradors d\u2019Uriach al Jard\u00ed Bot\u00e0nic de Barcelona. Durant l\u2019activitat, els visitants van poder gaudir d\u2019un recorregut pel jard\u00ed, guiats per Pere Vives, president de l\u2019Associaci\u00f3 d\u2019Amics del Jard\u00ed Bot\u00e0nic, qui va explicar les propietats i els efectes de les plantes medicinals presents al jard\u00ed. Aquesta informaci\u00f3 va ser complementada pel personal d\u2019Innovaci\u00f3 d\u2019Uriach, que va detallar en quins dels nostres productes s\u2019utilitzen aquestes plantes.<\/p>\n<\/div><\/div>\n\n<\/li><li class=\"wp-block-post post-36694 videos type-videos status-publish hentry\">\n\n<div class=\"wp-block-group has-global-padding is-layout-constrained wp-block-group-is-layout-constrained\"><div class=\"custom-field-videos-iframe\"><iframe loading=\"lazy\" title=\"vimeo-player\" src=\"https:\/\/player.vimeo.com\/video\/1065031053?h=be67debf67\" width=\"640\" height=\"360\" frameborder=\"0\"    allowfullscreen><\/iframe>\r\n<\/div><\/div>\n\n\n\n<div class=\"wp-block-group is-vertical is-nowrap is-layout-flex wp-container-core-group-is-layout-667aea89 wp-block-group-is-layout-flex\" style=\"margin-top:0;padding-top:0\">\n<div class=\"wp-block-group has-global-padding is-layout-constrained wp-block-group-is-layout-constrained\"><div class=\"video-title\"><strong>IV Jornades de Nutrac\u00e8utica. C\u00e8tedra Uriach de Nutrac\u00e8utica<\/strong> (2025)<\/div><\/div>\n\n\n<div class=\"entry-content wp-block-post-content is-layout-flow wp-block-post-content-is-layout-flow\">\n<p>V\u00eddeo resum de les IV Jornades de Nutrac\u00e8utica \u00abCompostos bioactius i nutrac\u00e8utics\u00bb, organitzades per la C\u00e0tedra Uriach de Nutrac\u00e8utica. En aquesta edici\u00f3 es van presentar els resultats m\u00e9s recents en temes com la salut intestinal, la microbiota, l\u2019obesitat, la diabetis i altres malalties metab\u00f2liques, el deteriorament cognitiu i la intel\u00b7lig\u00e8ncia artificial en l\u2019estudi dels compostos bioactius.<\/p>\n<\/div><\/div>\n\n<\/li><li class=\"wp-block-post post-6999 videos type-videos status-publish hentry\">\n\n<div class=\"wp-block-group has-global-padding is-layout-constrained wp-block-group-is-layout-constrained\"><div class=\"custom-field-videos-iframe\"><iframe loading=\"lazy\" title=\"vimeo-player\" src=\"https:\/\/player.vimeo.com\/video\/1018642857?h=730027500c\" width=\"640\" height=\"360\" frameborder=\"0\"    allowfullscreen><\/iframe><\/div><\/div>\n\n\n\n<div class=\"wp-block-group is-vertical is-nowrap is-layout-flex wp-container-core-group-is-layout-667aea89 wp-block-group-is-layout-flex\" style=\"margin-top:0;padding-top:0\">\n<div class=\"wp-block-group has-global-padding is-layout-constrained wp-block-group-is-layout-constrained\"><div class=\"video-title\"><strong>Experi\u00e8ncia Virtual Uriach<\/strong> (2023)<\/div><\/div>\n\n\n<div class=\"entry-content wp-block-post-content is-layout-flow wp-block-post-content-is-layout-flow\">\n<p>V\u00eddeo sobre l&#8217;experi\u00e8ncia de realitat virtual immersiva, mitjan\u00e7ant ulleres VR, creada per la Fundaci\u00f3 Uriach per donar a con\u00e8ixer la hist\u00f2ria i els valors de la companyia Uriach, des dels seus humils or\u00edgens en una drogueria ubicada al centre de Barcelona fins a convertir-se en l\u2019actual empresa l\u00edder en Natural Consumer Health.<\/p>\n<\/div><\/div>\n\n<\/li><li class=\"wp-block-post post-7000 videos type-videos status-publish hentry\">\n\n<div class=\"wp-block-group has-global-padding is-layout-constrained wp-block-group-is-layout-constrained\"><div class=\"custom-field-videos-iframe\"><iframe loading=\"lazy\" title=\"vimeo-player\" src=\"https:\/\/player.vimeo.com\/video\/1018596249?h=78c0a012fe\" width=\"640\" height=\"360\" frameborder=\"0\"    allowfullscreen><\/iframe><\/div><\/div>\n\n\n\n<div class=\"wp-block-group is-vertical is-nowrap is-layout-flex wp-container-core-group-is-layout-667aea89 wp-block-group-is-layout-flex\" style=\"margin-top:0;padding-top:0\">\n<div class=\"wp-block-group has-global-padding is-layout-constrained wp-block-group-is-layout-constrained\"><div class=\"video-title\"><strong>II Jornades de Nutrac\u00e8utica. C\u00e0tedra Uriach de Nutrac\u00e8utica (2023)<\/strong> (2023)<\/div><\/div>\n\n\n<div class=\"entry-content wp-block-post-content is-layout-flow wp-block-post-content-is-layout-flow\">\n<p>Resum de les II Jornades de Nutrac\u00e8utica Compostos bioactius i nutrac\u00e8utics, organitzades per la C\u00e0tedra Uriach de Nutrac\u00e8utica. Una trobada cient\u00edfica en qu\u00e8 es presenten els resultats m\u00e9s recents en relaci\u00f3 amb els compostos bioactius i nutrac\u00e8utics, i que tamb\u00e9 serveix com a punt de trobada per als cient\u00edfics que treballen en aquest \u00e0mbit.<\/p>\n<\/div><\/div>\n\n<\/li><li class=\"wp-block-post post-7001 videos type-videos status-publish hentry\">\n\n<div class=\"wp-block-group has-global-padding is-layout-constrained wp-block-group-is-layout-constrained\"><div class=\"custom-field-videos-iframe\"><iframe loading=\"lazy\" title=\"vimeo-player\" src=\"https:\/\/player.vimeo.com\/video\/1018616554?h=8c20e76d5b\" width=\"640\" height=\"360\" frameborder=\"0\"    allowfullscreen><\/iframe><\/div><\/div>\n\n\n\n<div class=\"wp-block-group is-vertical is-nowrap is-layout-flex wp-container-core-group-is-layout-667aea89 wp-block-group-is-layout-flex\" style=\"margin-top:0;padding-top:0\">\n<div class=\"wp-block-group has-global-padding is-layout-constrained wp-block-group-is-layout-constrained\"><div class=\"video-title\"><strong>Biodramina, 70 aniversari (2022)<\/strong> (2022)<\/div><\/div>\n\n\n<div class=\"entry-content wp-block-post-content is-layout-flow wp-block-post-content-is-layout-flow\">\n<p>Amb motiu del 70\u00e8 aniversari de la Biodramina, la Fundaci\u00f3 Uriach va organitzar una exposici\u00f3 sobre la hist\u00f2ria de la marca, creada el 1952 i actualment l\u00edder en el seu sector, juntament amb una experi\u00e8ncia de realitat virtual que va permetre als visitants explorar el Gran Can\u00f3 del Colorado, els carrers de T\u00f2quio o el fons de l\u2019oce\u00e0. Uns viatges que, gr\u00e0cies a Biodramina, es podien fer sense marejos.<\/p>\n<\/div><\/div>\n\n<\/li><li class=\"wp-block-post post-7002 videos type-videos status-publish hentry\">\n\n<div class=\"wp-block-group has-global-padding is-layout-constrained wp-block-group-is-layout-constrained\"><div class=\"custom-field-videos-iframe\"><iframe loading=\"lazy\" title=\"vimeo-player\" src=\"https:\/\/player.vimeo.com\/video\/1022434089?h=e098713069\" width=\"640\" height=\"360\" frameborder=\"0\"    allowfullscreen><\/iframe><\/div><\/div>\n\n\n\n<div class=\"wp-block-group is-vertical is-nowrap is-layout-flex wp-container-core-group-is-layout-667aea89 wp-block-group-is-layout-flex\" style=\"margin-top:0;padding-top:0\">\n<div class=\"wp-block-group has-global-padding is-layout-constrained wp-block-group-is-layout-constrained\"><div class=\"video-title\"><strong>Palau-solit\u00e0 i Plegamans. On vam comen\u00e7ar a somiar (2022)<\/strong> (2022)<\/div><\/div>\n\n\n<div class=\"entry-content wp-block-post-content is-layout-flow wp-block-post-content-is-layout-flow\">\n<p>Coincidint amb el trasllat de la companyia Uriach el 2022 a la seva nova seu a Sant Cugat del Vall\u00e8s, la Fundaci\u00f3 Uriach va decidir fer un v\u00eddeo homenatge als moments viscuts a Palau-solit\u00e0 i Plegamans, el lloc que, des de l\u2019any 2002, va ser casa nostra. Un conjunt d\u2019imatges, realitzades per la Fundaci\u00f3 Uriach pocs mesos abans del trasllat, on destaquen especialment les persones i els moments \u00fanics viscuts.<\/p>\n<\/div><\/div>\n\n<\/li><li class=\"wp-block-post post-7003 videos type-videos status-publish hentry\">\n\n<div class=\"wp-block-group has-global-padding is-layout-constrained wp-block-group-is-layout-constrained\"><div class=\"custom-field-videos-iframe\"><iframe loading=\"lazy\" title=\"vimeo-player\" src=\"https:\/\/player.vimeo.com\/video\/1018618592?h=b41183bf1a\" width=\"640\" height=\"360\" frameborder=\"0\"    allowfullscreen><\/iframe><\/div><\/div>\n\n\n\n<div class=\"wp-block-group is-vertical is-nowrap is-layout-flex wp-container-core-group-is-layout-667aea89 wp-block-group-is-layout-flex\" style=\"margin-top:0;padding-top:0\">\n<div class=\"wp-block-group has-global-padding is-layout-constrained wp-block-group-is-layout-constrained\"><div class=\"video-title\"><strong>Un futur millor. El m\u00f3n despr\u00e9s de les grans pand\u00e8mies (2021)<\/strong> (2021)<\/div><\/div>\n\n\n<div class=\"entry-content wp-block-post-content is-layout-flow wp-block-post-content-is-layout-flow\">\n<p>Davant la perspectiva d\u2019un futur incert despr\u00e9s de la pand\u00e8mia de coronavirus, la Fundaci\u00f3 Uriach va crear aquest v\u00eddeo per explicar com aquestes situacions s\u00f3n, en molts casos, una finestra cap a noves oportunitats de millora. Es tracta d\u2019una reflexi\u00f3 sobre el m\u00f3n que tindrem despr\u00e9s del final de la pand\u00e8mia, a trav\u00e9s d\u2019un rep\u00e0s dels efectes que altres pand\u00e8mies han deixat en les diferents societats de la seva \u00e8poca.<\/p>\n<\/div><\/div>\n\n<\/li><li class=\"wp-block-post post-7004 videos type-videos status-publish hentry\">\n\n<div class=\"wp-block-group has-global-padding is-layout-constrained wp-block-group-is-layout-constrained\"><div class=\"custom-field-videos-iframe\"><iframe loading=\"lazy\" title=\"vimeo-player\" src=\"https:\/\/player.vimeo.com\/video\/1022389896?h=e0e91a8ee6\" width=\"640\" height=\"360\" frameborder=\"0\"    allowfullscreen><\/iframe><\/div><\/div>\n\n\n\n<div class=\"wp-block-group is-vertical is-nowrap is-layout-flex wp-container-core-group-is-layout-667aea89 wp-block-group-is-layout-flex\" style=\"margin-top:0;padding-top:0\">\n<div class=\"wp-block-group has-global-padding is-layout-constrained wp-block-group-is-layout-constrained\"><div class=\"video-title\"><strong>Negacionisme &#038; Descartes (2021)<\/strong> (2021)<\/div><\/div>\n\n\n<div class=\"entry-content wp-block-post-content is-layout-flow wp-block-post-content-is-layout-flow\">\n<p>Aquest v\u00eddeo explica l\u2019evoluci\u00f3 del moviment negacionista al llarg de la hist\u00f2ria moderna, des dels seus or\u00edgens amb Galileo fins als actuals grups que neguen tant l\u2019origen del virus de la COVID-19 com fins i tot la seva exist\u00e8ncia. Una pe\u00e7a audiovisual creada per la Fundaci\u00f3 amb la intenci\u00f3 de contextualitzar aquest moviment i destacar la import\u00e0ncia de la divulgaci\u00f3 cient\u00edfica en un m\u00f3n cada cop m\u00e9s global i digitalitzat.<\/p>\n<\/div><\/div>\n\n<\/li><li class=\"wp-block-post post-157267 videos type-videos status-publish hentry\">\n\n<div class=\"wp-block-group has-global-padding is-layout-constrained wp-block-group-is-layout-constrained\"><div class=\"custom-field-videos-iframe\"><div style=\"padding:75% 0 0 0;position:relative;\"><iframe src=\"https:\/\/player.vimeo.com\/video\/1105065643?badge=0&#038;autopause=0&#038;player_id=0&#038;app_id=58479\" frameborder=\"0\" allow=\"autoplay; fullscreen; picture-in-picture; clipboard-write; encrypted-media; web-share\" referrerpolicy=\"strict-origin-when-cross-origin\" style=\"position:absolute;top:0;left:0;width:100%;height:100%;\" title=\"Uriach Gallery\"><\/iframe><\/div><script src=\"https:\/\/player.vimeo.com\/api\/player.js\"><\/script><\/div><\/div>\n\n\n\n<div class=\"wp-block-group is-vertical is-nowrap is-layout-flex wp-container-core-group-is-layout-667aea89 wp-block-group-is-layout-flex\" style=\"margin-top:0;padding-top:0\">\n<div class=\"wp-block-group has-global-padding is-layout-constrained wp-block-group-is-layout-constrained\"><div class=\"video-title\"><strong>Uriach Gallery<\/strong> (2020)<\/div><\/div>\n\n\n<div class=\"entry-content wp-block-post-content is-layout-flow wp-block-post-content-is-layout-flow\">\n<p>Extracte del videomapping creat per al museu corporatiu <em data-start=\"93\" data-end=\"109\">Uriach Gallery<\/em> (2017-2022), creat per la Fundaci\u00f3 Uriach. L\u2019audiovisual representa la drogueria d\u2019Uriach, a inicis del segle XIX, situada al passeig del Born de Barcelona, on va comen\u00e7ar a treballar el fundador de la companyia, Joan Uriach Feliu.<\/p>\n<\/div><\/div>\n\n<\/li><\/ul>\n\n\n<div style=\"margin-top:0;margin-bottom:0;height:var(--wp--preset--spacing--40)\" aria-hidden=\"true\" class=\"wp-block-spacer\"><\/div>\n\n\n<nav class=\"wp-block-query-pagination is-content-justification-center is-nowrap is-layout-flex wp-container-core-query-pagination-is-layout-12a27398 wp-block-query-pagination-is-layout-flex\" aria-label=\"Paginaci\u00f3\">\n\n\n<div class=\"wp-block-query-pagination-numbers\"><span aria-current=\"page\" class=\"page-numbers current\">1<\/span>\n<a class=\"page-numbers\" href=\"?query-20-page=2\">2<\/a>\n<a class=\"page-numbers\" href=\"?query-20-page=3\">3<\/a><\/div>\n\n<a href=\"\/ca\/wp-json\/wp\/v2\/pages\/6997?query-20-page=2\" class=\"wp-block-query-pagination-next\" aria-label=\"P\u00e0gina seg\u00fcent\"><span class='wp-block-query-pagination-next-arrow is-arrow-arrow' aria-hidden='true'>\u2192<\/span><\/a>\n<\/nav><\/div>\n<\/div>\n<\/div>\n","protected":false},"excerpt":{"rendered":"","protected":false},"author":1,"featured_media":0,"parent":6975,"menu_order":0,"comment_status":"closed","ping_status":"closed","template":"","meta":{"_acf_changed":false,"footnotes":""},"class_list":["post-6997","page","type-page","status-publish","hentry"],"acf":[],"yoast_head":"<!-- This site is optimized with the Yoast SEO plugin v24.1 - https:\/\/yoast.com\/wordpress\/plugins\/seo\/ -->\n<title>Videos - Fundaci\u00f3n Uriach<\/title>\n<meta name=\"robots\" content=\"index, follow, max-snippet:-1, max-image-preview:large, max-video-preview:-1\" \/>\n<link rel=\"canonical\" href=\"https:\/\/www.fu1838.org\/ca\/historia-de-les-ciencies-de-la-salut\/videos\/\" \/>\n<link rel=\"next\" href=\"https:\/\/www.fu1838.org\/ca\/historia-de-les-ciencies-de-la-salut\/videos\/ca\/wp-json\/wp\/v2\/pages\/6997\/?query-20-page=2\" \/>\n<meta property=\"og:locale\" content=\"ca_ES\" \/>\n<meta property=\"og:type\" content=\"article\" \/>\n<meta property=\"og:title\" content=\"Videos - Fundaci\u00f3n Uriach\" \/>\n<meta property=\"og:url\" content=\"https:\/\/www.fu1838.org\/ca\/historia-de-les-ciencies-de-la-salut\/videos\/\" \/>\n<meta property=\"og:site_name\" content=\"Fundaci\u00f3n Uriach\" \/>\n<meta property=\"article:modified_time\" content=\"2025-07-21T08:52:31+00:00\" \/>\n<meta property=\"og:image\" content=\"https:\/\/www.fu1838.org\/wp-content\/uploads\/2024\/11\/header-videos.jpg\" \/>\n\t<meta property=\"og:image:width\" content=\"1400\" \/>\n\t<meta property=\"og:image:height\" content=\"440\" \/>\n\t<meta property=\"og:image:type\" content=\"image\/jpeg\" \/>\n<meta name=\"twitter:card\" content=\"summary_large_image\" \/>\n<script type=\"application\/ld+json\" class=\"yoast-schema-graph\">{\"@context\":\"https:\/\/schema.org\",\"@graph\":[{\"@type\":\"WebPage\",\"@id\":\"https:\/\/www.fu1838.org\/ca\/historia-de-les-ciencies-de-la-salut\/videos\/\",\"url\":\"https:\/\/www.fu1838.org\/ca\/historia-de-les-ciencies-de-la-salut\/videos\/\",\"name\":\"Videos - Fundaci\u00f3n Uriach\",\"isPartOf\":{\"@id\":\"https:\/\/www.fu1838.org\/ca\/#website\"},\"primaryImageOfPage\":{\"@id\":\"https:\/\/www.fu1838.org\/ca\/historia-de-les-ciencies-de-la-salut\/videos\/#primaryimage\"},\"image\":{\"@id\":\"https:\/\/www.fu1838.org\/ca\/historia-de-les-ciencies-de-la-salut\/videos\/#primaryimage\"},\"thumbnailUrl\":\"https:\/\/www.fu1838.org\/wp-content\/uploads\/2024\/11\/header-videos.jpg\",\"datePublished\":\"2024-11-19T11:55:08+00:00\",\"dateModified\":\"2025-07-21T08:52:31+00:00\",\"breadcrumb\":{\"@id\":\"https:\/\/www.fu1838.org\/ca\/historia-de-les-ciencies-de-la-salut\/videos\/#breadcrumb\"},\"inLanguage\":\"ca\",\"potentialAction\":[{\"@type\":\"ReadAction\",\"target\":[\"https:\/\/www.fu1838.org\/ca\/historia-de-les-ciencies-de-la-salut\/videos\/\"]}]},{\"@type\":\"ImageObject\",\"inLanguage\":\"ca\",\"@id\":\"https:\/\/www.fu1838.org\/ca\/historia-de-les-ciencies-de-la-salut\/videos\/#primaryimage\",\"url\":\"https:\/\/www.fu1838.org\/wp-content\/uploads\/2024\/11\/header-videos.jpg\",\"contentUrl\":\"https:\/\/www.fu1838.org\/wp-content\/uploads\/2024\/11\/header-videos.jpg\"},{\"@type\":\"BreadcrumbList\",\"@id\":\"https:\/\/www.fu1838.org\/ca\/historia-de-les-ciencies-de-la-salut\/videos\/#breadcrumb\",\"itemListElement\":[{\"@type\":\"ListItem\",\"position\":1,\"name\":\"Portada\",\"item\":\"https:\/\/www.fu1838.org\/ca\/\"},{\"@type\":\"ListItem\",\"position\":2,\"name\":\"Hist\u00f2ria de les ci\u00e8ncies de la salut\",\"item\":\"https:\/\/www.fu1838.org\/ca\/historia-de-les-ciencies-de-la-salut\/\"},{\"@type\":\"ListItem\",\"position\":3,\"name\":\"Videos\"}]},{\"@type\":\"WebSite\",\"@id\":\"https:\/\/www.fu1838.org\/ca\/#website\",\"url\":\"https:\/\/www.fu1838.org\/ca\/\",\"name\":\"Fundaci\u00f3n Uriach\",\"description\":\"\",\"potentialAction\":[{\"@type\":\"SearchAction\",\"target\":{\"@type\":\"EntryPoint\",\"urlTemplate\":\"https:\/\/www.fu1838.org\/ca\/?s={search_term_string}\"},\"query-input\":{\"@type\":\"PropertyValueSpecification\",\"valueRequired\":true,\"valueName\":\"search_term_string\"}}],\"inLanguage\":\"ca\"}]}<\/script>\n<!-- \/ Yoast SEO plugin. -->","yoast_head_json":{"title":"Videos - Fundaci\u00f3n Uriach","robots":{"index":"index","follow":"follow","max-snippet":"max-snippet:-1","max-image-preview":"max-image-preview:large","max-video-preview":"max-video-preview:-1"},"canonical":"https:\/\/www.fu1838.org\/ca\/historia-de-les-ciencies-de-la-salut\/videos\/","next":"https:\/\/www.fu1838.org\/ca\/historia-de-les-ciencies-de-la-salut\/videos\/ca\/wp-json\/wp\/v2\/pages\/6997?query-20-page=2","og_locale":"ca_ES","og_type":"article","og_title":"Videos - Fundaci\u00f3n Uriach","og_url":"https:\/\/www.fu1838.org\/ca\/historia-de-les-ciencies-de-la-salut\/videos\/","og_site_name":"Fundaci\u00f3n Uriach","article_modified_time":"2025-07-21T08:52:31+00:00","og_image":[{"width":1400,"height":440,"url":"https:\/\/www.fu1838.org\/wp-content\/uploads\/2024\/11\/header-videos.jpg","type":"image\/jpeg"}],"twitter_card":"summary_large_image","schema":{"@context":"https:\/\/schema.org","@graph":[{"@type":"WebPage","@id":"https:\/\/www.fu1838.org\/ca\/historia-de-les-ciencies-de-la-salut\/videos\/","url":"https:\/\/www.fu1838.org\/ca\/historia-de-les-ciencies-de-la-salut\/videos\/","name":"Videos - Fundaci\u00f3n Uriach","isPartOf":{"@id":"https:\/\/www.fu1838.org\/ca\/#website"},"primaryImageOfPage":{"@id":"https:\/\/www.fu1838.org\/ca\/historia-de-les-ciencies-de-la-salut\/videos\/#primaryimage"},"image":{"@id":"https:\/\/www.fu1838.org\/ca\/historia-de-les-ciencies-de-la-salut\/videos\/#primaryimage"},"thumbnailUrl":"https:\/\/www.fu1838.org\/wp-content\/uploads\/2024\/11\/header-videos.jpg","datePublished":"2024-11-19T11:55:08+00:00","dateModified":"2025-07-21T08:52:31+00:00","breadcrumb":{"@id":"https:\/\/www.fu1838.org\/ca\/historia-de-les-ciencies-de-la-salut\/videos\/#breadcrumb"},"inLanguage":"ca","potentialAction":[{"@type":"ReadAction","target":["https:\/\/www.fu1838.org\/ca\/historia-de-les-ciencies-de-la-salut\/videos\/"]}]},{"@type":"ImageObject","inLanguage":"ca","@id":"https:\/\/www.fu1838.org\/ca\/historia-de-les-ciencies-de-la-salut\/videos\/#primaryimage","url":"https:\/\/www.fu1838.org\/wp-content\/uploads\/2024\/11\/header-videos.jpg","contentUrl":"https:\/\/www.fu1838.org\/wp-content\/uploads\/2024\/11\/header-videos.jpg"},{"@type":"BreadcrumbList","@id":"https:\/\/www.fu1838.org\/ca\/historia-de-les-ciencies-de-la-salut\/videos\/#breadcrumb","itemListElement":[{"@type":"ListItem","position":1,"name":"Portada","item":"https:\/\/www.fu1838.org\/ca\/"},{"@type":"ListItem","position":2,"name":"Hist\u00f2ria de les ci\u00e8ncies de la salut","item":"https:\/\/www.fu1838.org\/ca\/historia-de-les-ciencies-de-la-salut\/"},{"@type":"ListItem","position":3,"name":"Videos"}]},{"@type":"WebSite","@id":"https:\/\/www.fu1838.org\/ca\/#website","url":"https:\/\/www.fu1838.org\/ca\/","name":"Fundaci\u00f3n Uriach","description":"","potentialAction":[{"@type":"SearchAction","target":{"@type":"EntryPoint","urlTemplate":"https:\/\/www.fu1838.org\/ca\/?s={search_term_string}"},"query-input":{"@type":"PropertyValueSpecification","valueRequired":true,"valueName":"search_term_string"}}],"inLanguage":"ca"}]}},"_links":{"self":[{"href":"https:\/\/www.fu1838.org\/ca\/wp-json\/wp\/v2\/pages\/6997","targetHints":{"allow":["GET"]}}],"collection":[{"href":"https:\/\/www.fu1838.org\/ca\/wp-json\/wp\/v2\/pages"}],"about":[{"href":"https:\/\/www.fu1838.org\/ca\/wp-json\/wp\/v2\/types\/page"}],"author":[{"embeddable":true,"href":"https:\/\/www.fu1838.org\/ca\/wp-json\/wp\/v2\/users\/1"}],"replies":[{"embeddable":true,"href":"https:\/\/www.fu1838.org\/ca\/wp-json\/wp\/v2\/comments?post=6997"}],"version-history":[{"count":5,"href":"https:\/\/www.fu1838.org\/ca\/wp-json\/wp\/v2\/pages\/6997\/revisions"}],"predecessor-version":[{"id":142609,"href":"https:\/\/www.fu1838.org\/ca\/wp-json\/wp\/v2\/pages\/6997\/revisions\/142609"}],"up":[{"embeddable":true,"href":"https:\/\/www.fu1838.org\/ca\/wp-json\/wp\/v2\/pages\/6975"}],"wp:attachment":[{"href":"https:\/\/www.fu1838.org\/ca\/wp-json\/wp\/v2\/media?parent=6997"}],"curies":[{"name":"wp","href":"https:\/\/api.w.org\/{rel}","templated":true}]}}