{"id":7016,"date":"2024-11-19T12:58:09","date_gmt":"2024-11-19T11:58:09","guid":{"rendered":"https:\/\/www.fu1838.org\/historia-de-les-ciencies-de-la-salut\/actes-divulgatius\/"},"modified":"2025-03-26T11:22:59","modified_gmt":"2025-03-26T10:22:59","slug":"actes-divulgatius","status":"publish","type":"page","link":"https:\/\/www.fu1838.org\/ca\/historia-de-les-ciencies-de-la-salut\/actes-divulgatius\/","title":{"rendered":"Actes divulgatius"},"content":{"rendered":"\n<div class=\"wp-block-group alignfull has-global-padding is-layout-constrained wp-block-group-is-layout-constrained\">\n<div class=\"wp-block-cover alignfull uriach-header-block-cover\" style=\"padding-top:0;padding-right:0;padding-bottom:0;padding-left:0\"><span aria-hidden=\"true\" class=\"wp-block-cover__background has-background-dim-0 has-background-dim\" style=\"background-color:#5d819e\"><\/span><img loading=\"lazy\" decoding=\"async\" width=\"1400\" height=\"546\" class=\"wp-block-cover__image-background wp-image-436\" alt=\"\" src=\"https:\/\/www.fu1838.org\/wp-content\/uploads\/2024\/11\/header-actos-divulgativos.jpg\" data-object-fit=\"cover\" srcset=\"https:\/\/www.fu1838.org\/wp-content\/uploads\/2024\/11\/header-actos-divulgativos.jpg 1400w, https:\/\/www.fu1838.org\/wp-content\/uploads\/2024\/11\/header-actos-divulgativos-300x117.jpg 300w, https:\/\/www.fu1838.org\/wp-content\/uploads\/2024\/11\/header-actos-divulgativos-1024x399.jpg 1024w, https:\/\/www.fu1838.org\/wp-content\/uploads\/2024\/11\/header-actos-divulgativos-768x300.jpg 768w\" sizes=\"auto, (max-width: 1400px) 100vw, 1400px\" \/><div class=\"wp-block-cover__inner-container has-global-padding is-layout-constrained wp-container-core-cover-is-layout-c06d165c wp-block-cover-is-layout-constrained\">\n<div class=\"wp-block-columns alignfull is-layout-flex wp-container-core-columns-is-layout-9c22b1e3 wp-block-columns-is-layout-flex\">\n<div class=\"wp-block-column has-base-2-color has-text-color has-background has-link-color wp-elements-3bffa79dab2a1b6ab15df0bfa9af9cef is-layout-flow wp-block-column-is-layout-flow\" style=\"background-color:#005ce5cc;padding-top:var(--wp--preset--spacing--40);padding-right:var(--wp--preset--spacing--20);padding-bottom:var(--wp--preset--spacing--40)\">\n<div class=\"wp-block-group uriach-header-block-cover-content has-global-padding is-layout-constrained wp-block-group-is-layout-constrained\">\n<h1 class=\"wp-block-heading has-base-2-color has-text-color has-link-color wp-elements-4a45b294007695c3569bfcc9281a2757\">Actes divulgatius<\/h1>\n\n\n\n<p class=\"has-text-align-left\">Una de les nostres finalitats fundacionals \u00e9s donar a con\u00e8ixer la hist\u00f2ria de les ci\u00e8ncies de la salut. Amb aquest objectiu, la Fundaci\u00f3 realitza diverses activitats, com la publicaci\u00f3 de llibres, visites i confer\u00e8ncies, entre altres. En aquesta secci\u00f3 podr\u00e0s accedir a alguns d\u2019aquests actes.<\/p>\n<\/div>\n<\/div>\n\n\n\n<div class=\"wp-block-column is-layout-flow wp-block-column-is-layout-flow\"><\/div>\n<\/div>\n<\/div><\/div>\n<\/div>\n\n\n\n<div class=\"wp-block-group alignwide has-global-padding is-layout-constrained wp-block-group-is-layout-constrained\" style=\"margin-top:0;margin-bottom:0\">\n<div class=\"wp-block-query alignwide uriach-block-query is-layout-flow wp-block-query-is-layout-flow\">\n\n\n<div class=\"wp-block-group is-layout-flow wp-block-group-is-layout-flow\" style=\"margin-top:var(--wp--preset--spacing--40);margin-bottom:var(--wp--preset--spacing--40);padding-top:0;padding-right:0;padding-bottom:0;padding-left:0\"><ul class=\"columns-3 alignfull wp-block-post-template is-layout-grid wp-container-core-post-template-is-layout-2d080239 wp-block-post-template-is-layout-grid\"><li class=\"wp-block-post post-7018 actos-divulgativos type-actos-divulgativos status-publish has-post-thumbnail hentry\">\n<figure style=\"aspect-ratio:1; padding-bottom:var(--wp--preset--spacing--10);margin-bottom:0;\" class=\"wp-block-post-featured-image\"><a href=\"https:\/\/www.fu1838.org\/ca\/actos-divulgativos\/clausura-master-metabolisme-i-nutricio\/\" target=\"_self\"  ><img loading=\"lazy\" decoding=\"async\" width=\"2048\" height=\"1365\" src=\"https:\/\/www.fu1838.org\/wp-content\/uploads\/2024\/11\/ClausuraMaster_ImagenPrincipal-1.jpg\" class=\"attachment-post-thumbnail size-post-thumbnail wp-post-image\" alt=\"Clausura M\u00e0ster Metabolisme i Nutrici\u00f3\" style=\"border-radius:0px;width:100%;height:100%;object-fit:cover;\" srcset=\"https:\/\/www.fu1838.org\/wp-content\/uploads\/2024\/11\/ClausuraMaster_ImagenPrincipal-1.jpg 2048w, https:\/\/www.fu1838.org\/wp-content\/uploads\/2024\/11\/ClausuraMaster_ImagenPrincipal-1-300x200.jpg 300w, https:\/\/www.fu1838.org\/wp-content\/uploads\/2024\/11\/ClausuraMaster_ImagenPrincipal-1-1024x683.jpg 1024w, https:\/\/www.fu1838.org\/wp-content\/uploads\/2024\/11\/ClausuraMaster_ImagenPrincipal-1-768x512.jpg 768w, https:\/\/www.fu1838.org\/wp-content\/uploads\/2024\/11\/ClausuraMaster_ImagenPrincipal-1-1536x1024.jpg 1536w\" sizes=\"auto, (max-width: 2048px) 100vw, 2048px\" \/><\/a><\/figure>\n\n\n<div class=\"wp-block-group is-vertical is-nowrap is-layout-flex wp-container-core-group-is-layout-cc530c28 wp-block-group-is-layout-flex\" style=\"margin-top:0;padding-top:0\"><h2 style=\"color:#005ce5;\" class=\"has-link-color wp-elements-b155fae5086022bfef34b88fb95e082b wp-block-post-title has-text-color has-medium-font-size\"><a href=\"https:\/\/www.fu1838.org\/ca\/actos-divulgativos\/clausura-master-metabolisme-i-nutricio\/\" target=\"_self\" >Clausura M\u00e0ster Metabolisme i Nutrici\u00f3<\/a><\/h2>\n\n<a style=\"color:#005ce5; text-decoration:underline; margin-top:0;margin-bottom:0;\" class=\"wp-elements-57f55b992f3e00725911408d7df1ba61 wp-block-read-more has-text-color\" href=\"https:\/\/www.fu1838.org\/ca\/actos-divulgativos\/clausura-master-metabolisme-i-nutricio\/\" target=\"_self\">Llegir m\u00e9s<span class=\"screen-reader-text\">: Clausura M\u00e0ster Metabolisme i Nutrici\u00f3<\/span><\/a><\/div>\n\n<\/li><li class=\"wp-block-post post-7019 actos-divulgativos type-actos-divulgativos status-publish has-post-thumbnail hentry\">\n<figure style=\"aspect-ratio:1; padding-bottom:var(--wp--preset--spacing--10);margin-bottom:0;\" class=\"wp-block-post-featured-image\"><a href=\"https:\/\/www.fu1838.org\/ca\/actos-divulgativos\/collaboracions-amb-entitats-afins\/\" target=\"_self\"  ><img loading=\"lazy\" decoding=\"async\" width=\"2048\" height=\"1536\" src=\"https:\/\/www.fu1838.org\/wp-content\/uploads\/2024\/11\/Colaboraciones_ImagenPrincipal-1.jpg\" class=\"attachment-post-thumbnail size-post-thumbnail wp-post-image\" alt=\"Col\u00b7laboracions amb entitats afins\" style=\"border-radius:0px;width:100%;height:100%;object-fit:cover;\" srcset=\"https:\/\/www.fu1838.org\/wp-content\/uploads\/2024\/11\/Colaboraciones_ImagenPrincipal-1.jpg 2048w, https:\/\/www.fu1838.org\/wp-content\/uploads\/2024\/11\/Colaboraciones_ImagenPrincipal-1-300x225.jpg 300w, https:\/\/www.fu1838.org\/wp-content\/uploads\/2024\/11\/Colaboraciones_ImagenPrincipal-1-1024x768.jpg 1024w, https:\/\/www.fu1838.org\/wp-content\/uploads\/2024\/11\/Colaboraciones_ImagenPrincipal-1-768x576.jpg 768w, https:\/\/www.fu1838.org\/wp-content\/uploads\/2024\/11\/Colaboraciones_ImagenPrincipal-1-1536x1152.jpg 1536w\" sizes=\"auto, (max-width: 2048px) 100vw, 2048px\" \/><\/a><\/figure>\n\n\n<div class=\"wp-block-group is-vertical is-nowrap is-layout-flex wp-container-core-group-is-layout-cc530c28 wp-block-group-is-layout-flex\" style=\"margin-top:0;padding-top:0\"><h2 style=\"color:#005ce5;\" class=\"has-link-color wp-elements-b155fae5086022bfef34b88fb95e082b wp-block-post-title has-text-color has-medium-font-size\"><a href=\"https:\/\/www.fu1838.org\/ca\/actos-divulgativos\/collaboracions-amb-entitats-afins\/\" target=\"_self\" >Col\u00b7laboracions amb entitats afins<\/a><\/h2>\n\n<a style=\"color:#005ce5; text-decoration:underline; margin-top:0;margin-bottom:0;\" class=\"wp-elements-57f55b992f3e00725911408d7df1ba61 wp-block-read-more has-text-color\" href=\"https:\/\/www.fu1838.org\/ca\/actos-divulgativos\/collaboracions-amb-entitats-afins\/\" target=\"_self\">Llegir m\u00e9s<span class=\"screen-reader-text\">: Col\u00b7laboracions amb entitats afins<\/span><\/a><\/div>\n\n<\/li><li class=\"wp-block-post post-7020 actos-divulgativos type-actos-divulgativos status-publish has-post-thumbnail hentry\">\n<figure style=\"aspect-ratio:1; padding-bottom:var(--wp--preset--spacing--10);margin-bottom:0;\" class=\"wp-block-post-featured-image\"><a href=\"https:\/\/www.fu1838.org\/ca\/actos-divulgativos\/premis-tfg-i-tfm\/\" target=\"_self\"  ><img loading=\"lazy\" decoding=\"async\" width=\"2048\" height=\"1365\" src=\"https:\/\/www.fu1838.org\/wp-content\/uploads\/2024\/11\/Premios_TFG_TFM_ImagenPrincipal-1.jpg\" class=\"attachment-post-thumbnail size-post-thumbnail wp-post-image\" alt=\"Premis TFG i TFM\" style=\"border-radius:0px;width:100%;height:100%;object-fit:cover;\" srcset=\"https:\/\/www.fu1838.org\/wp-content\/uploads\/2024\/11\/Premios_TFG_TFM_ImagenPrincipal-1.jpg 2048w, https:\/\/www.fu1838.org\/wp-content\/uploads\/2024\/11\/Premios_TFG_TFM_ImagenPrincipal-1-300x200.jpg 300w, https:\/\/www.fu1838.org\/wp-content\/uploads\/2024\/11\/Premios_TFG_TFM_ImagenPrincipal-1-1024x683.jpg 1024w, https:\/\/www.fu1838.org\/wp-content\/uploads\/2024\/11\/Premios_TFG_TFM_ImagenPrincipal-1-768x512.jpg 768w, https:\/\/www.fu1838.org\/wp-content\/uploads\/2024\/11\/Premios_TFG_TFM_ImagenPrincipal-1-1536x1024.jpg 1536w\" sizes=\"auto, (max-width: 2048px) 100vw, 2048px\" \/><\/a><\/figure>\n\n\n<div class=\"wp-block-group is-vertical is-nowrap is-layout-flex wp-container-core-group-is-layout-cc530c28 wp-block-group-is-layout-flex\" style=\"margin-top:0;padding-top:0\"><h2 style=\"color:#005ce5;\" class=\"has-link-color wp-elements-b155fae5086022bfef34b88fb95e082b wp-block-post-title has-text-color has-medium-font-size\"><a href=\"https:\/\/www.fu1838.org\/ca\/actos-divulgativos\/premis-tfg-i-tfm\/\" target=\"_self\" >Premis TFG i TFM<\/a><\/h2>\n\n<a style=\"color:#005ce5; text-decoration:underline; margin-top:0;margin-bottom:0;\" class=\"wp-elements-57f55b992f3e00725911408d7df1ba61 wp-block-read-more has-text-color\" href=\"https:\/\/www.fu1838.org\/ca\/actos-divulgativos\/premis-tfg-i-tfm\/\" target=\"_self\">Llegir m\u00e9s<span class=\"screen-reader-text\">: Premis TFG i TFM<\/span><\/a><\/div>\n\n<\/li><li class=\"wp-block-post post-7021 actos-divulgativos type-actos-divulgativos status-publish has-post-thumbnail hentry\">\n<figure style=\"aspect-ratio:1; padding-bottom:var(--wp--preset--spacing--10);margin-bottom:0;\" class=\"wp-block-post-featured-image\"><a href=\"https:\/\/www.fu1838.org\/ca\/actos-divulgativos\/beques\/\" target=\"_self\"  ><img loading=\"lazy\" decoding=\"async\" width=\"1200\" height=\"675\" src=\"https:\/\/www.fu1838.org\/wp-content\/uploads\/2024\/11\/Becas_Imagen01.jpg\" class=\"attachment-post-thumbnail size-post-thumbnail wp-post-image\" alt=\"Beques\" style=\"border-radius:0px;width:100%;height:100%;object-fit:cover;\" srcset=\"https:\/\/www.fu1838.org\/wp-content\/uploads\/2024\/11\/Becas_Imagen01.jpg 1200w, https:\/\/www.fu1838.org\/wp-content\/uploads\/2024\/11\/Becas_Imagen01-300x169.jpg 300w, https:\/\/www.fu1838.org\/wp-content\/uploads\/2024\/11\/Becas_Imagen01-1024x576.jpg 1024w, https:\/\/www.fu1838.org\/wp-content\/uploads\/2024\/11\/Becas_Imagen01-768x432.jpg 768w\" sizes=\"auto, (max-width: 1200px) 100vw, 1200px\" \/><\/a><\/figure>\n\n\n<div class=\"wp-block-group is-vertical is-nowrap is-layout-flex wp-container-core-group-is-layout-cc530c28 wp-block-group-is-layout-flex\" style=\"margin-top:0;padding-top:0\"><h2 style=\"color:#005ce5;\" class=\"has-link-color wp-elements-b155fae5086022bfef34b88fb95e082b wp-block-post-title has-text-color has-medium-font-size\"><a href=\"https:\/\/www.fu1838.org\/ca\/actos-divulgativos\/beques\/\" target=\"_self\" >Beques<\/a><\/h2>\n\n<a style=\"color:#005ce5; text-decoration:underline; margin-top:0;margin-bottom:0;\" class=\"wp-elements-57f55b992f3e00725911408d7df1ba61 wp-block-read-more has-text-color\" href=\"https:\/\/www.fu1838.org\/ca\/actos-divulgativos\/beques\/\" target=\"_self\">Llegir m\u00e9s<span class=\"screen-reader-text\">: Beques<\/span><\/a><\/div>\n\n<\/li><li class=\"wp-block-post post-7022 actos-divulgativos type-actos-divulgativos status-publish has-post-thumbnail hentry\">\n<figure style=\"aspect-ratio:1; padding-bottom:var(--wp--preset--spacing--10);margin-bottom:0;\" class=\"wp-block-post-featured-image\"><a href=\"https:\/\/www.fu1838.org\/ca\/actos-divulgativos\/visites-al-museu-uriach-gallery\/\" target=\"_self\"  ><img loading=\"lazy\" decoding=\"async\" width=\"2048\" height=\"1363\" src=\"https:\/\/www.fu1838.org\/wp-content\/uploads\/2024\/11\/UriachGallery_ImagenPrincipal-1.jpg\" class=\"attachment-post-thumbnail size-post-thumbnail wp-post-image\" alt=\"Visites al museu &#8220;Uriach Gallery&#8221;\" style=\"border-radius:0px;width:100%;height:100%;object-fit:cover;\" srcset=\"https:\/\/www.fu1838.org\/wp-content\/uploads\/2024\/11\/UriachGallery_ImagenPrincipal-1.jpg 2048w, https:\/\/www.fu1838.org\/wp-content\/uploads\/2024\/11\/UriachGallery_ImagenPrincipal-1-300x200.jpg 300w, https:\/\/www.fu1838.org\/wp-content\/uploads\/2024\/11\/UriachGallery_ImagenPrincipal-1-1024x682.jpg 1024w, https:\/\/www.fu1838.org\/wp-content\/uploads\/2024\/11\/UriachGallery_ImagenPrincipal-1-768x511.jpg 768w, https:\/\/www.fu1838.org\/wp-content\/uploads\/2024\/11\/UriachGallery_ImagenPrincipal-1-1536x1022.jpg 1536w\" sizes=\"auto, (max-width: 2048px) 100vw, 2048px\" \/><\/a><\/figure>\n\n\n<div class=\"wp-block-group is-vertical is-nowrap is-layout-flex wp-container-core-group-is-layout-cc530c28 wp-block-group-is-layout-flex\" style=\"margin-top:0;padding-top:0\"><h2 style=\"color:#005ce5;\" class=\"has-link-color wp-elements-b155fae5086022bfef34b88fb95e082b wp-block-post-title has-text-color has-medium-font-size\"><a href=\"https:\/\/www.fu1838.org\/ca\/actos-divulgativos\/visites-al-museu-uriach-gallery\/\" target=\"_self\" >Visites al museu &#8220;Uriach Gallery&#8221;<\/a><\/h2>\n\n<a style=\"color:#005ce5; text-decoration:underline; margin-top:0;margin-bottom:0;\" class=\"wp-elements-57f55b992f3e00725911408d7df1ba61 wp-block-read-more has-text-color\" href=\"https:\/\/www.fu1838.org\/ca\/actos-divulgativos\/visites-al-museu-uriach-gallery\/\" target=\"_self\">Llegir m\u00e9s<span class=\"screen-reader-text\">: Visites al museu &#8220;Uriach Gallery&#8221;<\/span><\/a><\/div>\n\n<\/li><li class=\"wp-block-post post-7023 actos-divulgativos type-actos-divulgativos status-publish has-post-thumbnail hentry\">\n<figure style=\"aspect-ratio:1; padding-bottom:var(--wp--preset--spacing--10);margin-bottom:0;\" class=\"wp-block-post-featured-image\"><a href=\"https:\/\/www.fu1838.org\/ca\/actos-divulgativos\/visites-a-la-biblioteca-historica\/\" target=\"_self\"  ><img loading=\"lazy\" decoding=\"async\" width=\"1824\" height=\"1368\" src=\"https:\/\/www.fu1838.org\/wp-content\/uploads\/2024\/11\/visitas-biblio.jpg\" class=\"attachment-post-thumbnail size-post-thumbnail wp-post-image\" alt=\"Visites a la biblioteca hist\u00f2rica\" style=\"border-radius:0px;width:100%;height:100%;object-fit:cover;\" srcset=\"https:\/\/www.fu1838.org\/wp-content\/uploads\/2024\/11\/visitas-biblio.jpg 1824w, https:\/\/www.fu1838.org\/wp-content\/uploads\/2024\/11\/visitas-biblio-300x225.jpg 300w, https:\/\/www.fu1838.org\/wp-content\/uploads\/2024\/11\/visitas-biblio-1024x768.jpg 1024w, https:\/\/www.fu1838.org\/wp-content\/uploads\/2024\/11\/visitas-biblio-768x576.jpg 768w, https:\/\/www.fu1838.org\/wp-content\/uploads\/2024\/11\/visitas-biblio-1536x1152.jpg 1536w\" sizes=\"auto, (max-width: 1824px) 100vw, 1824px\" \/><\/a><\/figure>\n\n\n<div class=\"wp-block-group is-vertical is-nowrap is-layout-flex wp-container-core-group-is-layout-cc530c28 wp-block-group-is-layout-flex\" style=\"margin-top:0;padding-top:0\"><h2 style=\"color:#005ce5;\" class=\"has-link-color wp-elements-b155fae5086022bfef34b88fb95e082b wp-block-post-title has-text-color has-medium-font-size\"><a href=\"https:\/\/www.fu1838.org\/ca\/actos-divulgativos\/visites-a-la-biblioteca-historica\/\" target=\"_self\" >Visites a la biblioteca hist\u00f2rica<\/a><\/h2>\n\n<a style=\"color:#005ce5; text-decoration:underline; margin-top:0;margin-bottom:0;\" class=\"wp-elements-57f55b992f3e00725911408d7df1ba61 wp-block-read-more has-text-color\" href=\"https:\/\/www.fu1838.org\/ca\/actos-divulgativos\/visites-a-la-biblioteca-historica\/\" target=\"_self\">Llegir m\u00e9s<span class=\"screen-reader-text\">: Visites a la biblioteca hist\u00f2rica<\/span><\/a><\/div>\n\n<\/li><li class=\"wp-block-post post-7024 actos-divulgativos type-actos-divulgativos status-publish has-post-thumbnail hentry\">\n<figure style=\"aspect-ratio:1; padding-bottom:var(--wp--preset--spacing--10);margin-bottom:0;\" class=\"wp-block-post-featured-image\"><a href=\"https:\/\/www.fu1838.org\/ca\/actos-divulgativos\/premi-historia-de-la-medicina\/\" target=\"_self\"  ><img loading=\"lazy\" decoding=\"async\" width=\"1800\" height=\"1453\" src=\"https:\/\/www.fu1838.org\/wp-content\/uploads\/2024\/11\/imatge-principal-1.jpg\" class=\"attachment-post-thumbnail size-post-thumbnail wp-post-image\" alt=\"Premi \u201cHist\u00f2ria de la Medicina\u201d\" style=\"border-radius:0px;width:100%;height:100%;object-fit:cover;\" srcset=\"https:\/\/www.fu1838.org\/wp-content\/uploads\/2024\/11\/imatge-principal-1.jpg 1800w, https:\/\/www.fu1838.org\/wp-content\/uploads\/2024\/11\/imatge-principal-1-300x242.jpg 300w, https:\/\/www.fu1838.org\/wp-content\/uploads\/2024\/11\/imatge-principal-1-1024x827.jpg 1024w, https:\/\/www.fu1838.org\/wp-content\/uploads\/2024\/11\/imatge-principal-1-768x620.jpg 768w, https:\/\/www.fu1838.org\/wp-content\/uploads\/2024\/11\/imatge-principal-1-1536x1240.jpg 1536w\" sizes=\"auto, (max-width: 1800px) 100vw, 1800px\" \/><\/a><\/figure>\n\n\n<div class=\"wp-block-group is-vertical is-nowrap is-layout-flex wp-container-core-group-is-layout-cc530c28 wp-block-group-is-layout-flex\" style=\"margin-top:0;padding-top:0\"><h2 style=\"color:#005ce5;\" class=\"has-link-color wp-elements-b155fae5086022bfef34b88fb95e082b wp-block-post-title has-text-color has-medium-font-size\"><a href=\"https:\/\/www.fu1838.org\/ca\/actos-divulgativos\/premi-historia-de-la-medicina\/\" target=\"_self\" >Premi \u201cHist\u00f2ria de la Medicina\u201d<\/a><\/h2>\n\n<a style=\"color:#005ce5; text-decoration:underline; margin-top:0;margin-bottom:0;\" class=\"wp-elements-57f55b992f3e00725911408d7df1ba61 wp-block-read-more has-text-color\" href=\"https:\/\/www.fu1838.org\/ca\/actos-divulgativos\/premi-historia-de-la-medicina\/\" target=\"_self\">Llegir m\u00e9s<span class=\"screen-reader-text\">: Premi \u201cHist\u00f2ria de la Medicina\u201d<\/span><\/a><\/div>\n\n<\/li><li class=\"wp-block-post post-7025 actos-divulgativos type-actos-divulgativos status-publish has-post-thumbnail hentry\">\n<figure style=\"aspect-ratio:1; padding-bottom:var(--wp--preset--spacing--10);margin-bottom:0;\" class=\"wp-block-post-featured-image\"><a href=\"https:\/\/www.fu1838.org\/ca\/actos-divulgativos\/presentacio-del-llibre-santa-maria-del-mar\/\" target=\"_self\"  ><img loading=\"lazy\" decoding=\"async\" width=\"2304\" height=\"1728\" src=\"https:\/\/www.fu1838.org\/wp-content\/uploads\/2024\/11\/Presentacion_LibroSantaMaria_ImagenPrincipal.jpg\" class=\"attachment-post-thumbnail size-post-thumbnail wp-post-image\" alt=\"Presentaci\u00f3 del llibre &#8220;Santa Maria del Mar&#8221;\" style=\"border-radius:0px;width:100%;height:100%;object-fit:cover;\" srcset=\"https:\/\/www.fu1838.org\/wp-content\/uploads\/2024\/11\/Presentacion_LibroSantaMaria_ImagenPrincipal.jpg 2304w, https:\/\/www.fu1838.org\/wp-content\/uploads\/2024\/11\/Presentacion_LibroSantaMaria_ImagenPrincipal-300x225.jpg 300w, https:\/\/www.fu1838.org\/wp-content\/uploads\/2024\/11\/Presentacion_LibroSantaMaria_ImagenPrincipal-1024x768.jpg 1024w, https:\/\/www.fu1838.org\/wp-content\/uploads\/2024\/11\/Presentacion_LibroSantaMaria_ImagenPrincipal-768x576.jpg 768w, https:\/\/www.fu1838.org\/wp-content\/uploads\/2024\/11\/Presentacion_LibroSantaMaria_ImagenPrincipal-1536x1152.jpg 1536w, https:\/\/www.fu1838.org\/wp-content\/uploads\/2024\/11\/Presentacion_LibroSantaMaria_ImagenPrincipal-2048x1536.jpg 2048w\" sizes=\"auto, (max-width: 2304px) 100vw, 2304px\" \/><\/a><\/figure>\n\n\n<div class=\"wp-block-group is-vertical is-nowrap is-layout-flex wp-container-core-group-is-layout-cc530c28 wp-block-group-is-layout-flex\" style=\"margin-top:0;padding-top:0\"><h2 style=\"color:#005ce5;\" class=\"has-link-color wp-elements-b155fae5086022bfef34b88fb95e082b wp-block-post-title has-text-color has-medium-font-size\"><a href=\"https:\/\/www.fu1838.org\/ca\/actos-divulgativos\/presentacio-del-llibre-santa-maria-del-mar\/\" target=\"_self\" >Presentaci\u00f3 del llibre &#8220;Santa Maria del Mar&#8221;<\/a><\/h2>\n\n<a style=\"color:#005ce5; text-decoration:underline; margin-top:0;margin-bottom:0;\" class=\"wp-elements-57f55b992f3e00725911408d7df1ba61 wp-block-read-more has-text-color\" href=\"https:\/\/www.fu1838.org\/ca\/actos-divulgativos\/presentacio-del-llibre-santa-maria-del-mar\/\" target=\"_self\">Llegir m\u00e9s<span class=\"screen-reader-text\">: Presentaci\u00f3 del llibre &#8220;Santa Maria del Mar&#8221;<\/span><\/a><\/div>\n\n<\/li><li class=\"wp-block-post post-7026 actos-divulgativos type-actos-divulgativos status-publish has-post-thumbnail hentry\">\n<figure style=\"aspect-ratio:1; padding-bottom:var(--wp--preset--spacing--10);margin-bottom:0;\" class=\"wp-block-post-featured-image\"><a href=\"https:\/\/www.fu1838.org\/ca\/actos-divulgativos\/visites-a-larxiu\/\" target=\"_self\"  ><img loading=\"lazy\" decoding=\"async\" width=\"2048\" height=\"1536\" src=\"https:\/\/www.fu1838.org\/wp-content\/uploads\/2024\/11\/VisitasArchivoImagenPrincipal.jpg\" class=\"attachment-post-thumbnail size-post-thumbnail wp-post-image\" alt=\"Visites a l\u2019arxiu\" style=\"border-radius:0px;width:100%;height:100%;object-fit:cover;\" srcset=\"https:\/\/www.fu1838.org\/wp-content\/uploads\/2024\/11\/VisitasArchivoImagenPrincipal.jpg 2048w, https:\/\/www.fu1838.org\/wp-content\/uploads\/2024\/11\/VisitasArchivoImagenPrincipal-300x225.jpg 300w, https:\/\/www.fu1838.org\/wp-content\/uploads\/2024\/11\/VisitasArchivoImagenPrincipal-1024x768.jpg 1024w, https:\/\/www.fu1838.org\/wp-content\/uploads\/2024\/11\/VisitasArchivoImagenPrincipal-768x576.jpg 768w, https:\/\/www.fu1838.org\/wp-content\/uploads\/2024\/11\/VisitasArchivoImagenPrincipal-1536x1152.jpg 1536w\" sizes=\"auto, (max-width: 2048px) 100vw, 2048px\" \/><\/a><\/figure>\n\n\n<div class=\"wp-block-group is-vertical is-nowrap is-layout-flex wp-container-core-group-is-layout-cc530c28 wp-block-group-is-layout-flex\" style=\"margin-top:0;padding-top:0\"><h2 style=\"color:#005ce5;\" class=\"has-link-color wp-elements-b155fae5086022bfef34b88fb95e082b wp-block-post-title has-text-color has-medium-font-size\"><a href=\"https:\/\/www.fu1838.org\/ca\/actos-divulgativos\/visites-a-larxiu\/\" target=\"_self\" >Visites a l\u2019arxiu<\/a><\/h2>\n\n<a style=\"color:#005ce5; text-decoration:underline; margin-top:0;margin-bottom:0;\" class=\"wp-elements-57f55b992f3e00725911408d7df1ba61 wp-block-read-more has-text-color\" href=\"https:\/\/www.fu1838.org\/ca\/actos-divulgativos\/visites-a-larxiu\/\" target=\"_self\">Llegir m\u00e9s<span class=\"screen-reader-text\">: Visites a l\u2019arxiu<\/span><\/a><\/div>\n\n<\/li><li class=\"wp-block-post post-7027 actos-divulgativos type-actos-divulgativos status-publish has-post-thumbnail hentry\">\n<figure style=\"aspect-ratio:1; padding-bottom:var(--wp--preset--spacing--10);margin-bottom:0;\" class=\"wp-block-post-featured-image\"><a href=\"https:\/\/www.fu1838.org\/ca\/actos-divulgativos\/presentacio-del-llibre-el-formulari-quirurgic-per-a-us-de-lhospital-militar-de-mao\/\" target=\"_self\"  ><img loading=\"lazy\" decoding=\"async\" width=\"886\" height=\"674\" src=\"https:\/\/www.fu1838.org\/wp-content\/uploads\/2024\/11\/PresentacionLibroCirujico_ImagenPrincipal.jpg\" class=\"attachment-post-thumbnail size-post-thumbnail wp-post-image\" alt=\"Presentaci\u00f3 del llibre &#8220;El formulari quir\u00fargic per a \u00fas de l\u2019Hospital Militar de Ma\u00f3&#8221;\" style=\"border-radius:0px;width:100%;height:100%;object-fit:cover;\" srcset=\"https:\/\/www.fu1838.org\/wp-content\/uploads\/2024\/11\/PresentacionLibroCirujico_ImagenPrincipal.jpg 886w, https:\/\/www.fu1838.org\/wp-content\/uploads\/2024\/11\/PresentacionLibroCirujico_ImagenPrincipal-300x228.jpg 300w, https:\/\/www.fu1838.org\/wp-content\/uploads\/2024\/11\/PresentacionLibroCirujico_ImagenPrincipal-768x584.jpg 768w\" sizes=\"auto, (max-width: 886px) 100vw, 886px\" \/><\/a><\/figure>\n\n\n<div class=\"wp-block-group is-vertical is-nowrap is-layout-flex wp-container-core-group-is-layout-cc530c28 wp-block-group-is-layout-flex\" style=\"margin-top:0;padding-top:0\"><h2 style=\"color:#005ce5;\" class=\"has-link-color wp-elements-b155fae5086022bfef34b88fb95e082b wp-block-post-title has-text-color has-medium-font-size\"><a href=\"https:\/\/www.fu1838.org\/ca\/actos-divulgativos\/presentacio-del-llibre-el-formulari-quirurgic-per-a-us-de-lhospital-militar-de-mao\/\" target=\"_self\" >Presentaci\u00f3 del llibre &#8220;El formulari quir\u00fargic per a \u00fas de l\u2019Hospital Militar de Ma\u00f3&#8221;<\/a><\/h2>\n\n<a style=\"color:#005ce5; text-decoration:underline; margin-top:0;margin-bottom:0;\" class=\"wp-elements-57f55b992f3e00725911408d7df1ba61 wp-block-read-more has-text-color\" href=\"https:\/\/www.fu1838.org\/ca\/actos-divulgativos\/presentacio-del-llibre-el-formulari-quirurgic-per-a-us-de-lhospital-militar-de-mao\/\" target=\"_self\">Llegir m\u00e9s<span class=\"screen-reader-text\">: Presentaci\u00f3 del llibre &#8220;El formulari quir\u00fargic per a \u00fas de l\u2019Hospital Militar de Ma\u00f3&#8221;<\/span><\/a><\/div>\n\n<\/li><li class=\"wp-block-post post-7028 actos-divulgativos type-actos-divulgativos status-publish has-post-thumbnail hentry\">\n<figure style=\"aspect-ratio:1; padding-bottom:var(--wp--preset--spacing--10);margin-bottom:0;\" class=\"wp-block-post-featured-image\"><a href=\"https:\/\/www.fu1838.org\/ca\/actos-divulgativos\/premi-ciencies-de-la-salut\/\" target=\"_self\"  ><img loading=\"lazy\" decoding=\"async\" width=\"303\" height=\"302\" src=\"https:\/\/www.fu1838.org\/wp-content\/uploads\/2024\/11\/premio-ciencias-de-la-salud.jpg\" class=\"attachment-post-thumbnail size-post-thumbnail wp-post-image\" alt=\"Premi \u201cCi\u00e8ncies de la Salut\u201d\" style=\"border-radius:0px;width:100%;height:100%;object-fit:cover;\" srcset=\"https:\/\/www.fu1838.org\/wp-content\/uploads\/2024\/11\/premio-ciencias-de-la-salud.jpg 303w, https:\/\/www.fu1838.org\/wp-content\/uploads\/2024\/11\/premio-ciencias-de-la-salud-300x300.jpg 300w, https:\/\/www.fu1838.org\/wp-content\/uploads\/2024\/11\/premio-ciencias-de-la-salud-150x150.jpg 150w\" sizes=\"auto, (max-width: 303px) 100vw, 303px\" \/><\/a><\/figure>\n\n\n<div class=\"wp-block-group is-vertical is-nowrap is-layout-flex wp-container-core-group-is-layout-cc530c28 wp-block-group-is-layout-flex\" style=\"margin-top:0;padding-top:0\"><h2 style=\"color:#005ce5;\" class=\"has-link-color wp-elements-b155fae5086022bfef34b88fb95e082b wp-block-post-title has-text-color has-medium-font-size\"><a href=\"https:\/\/www.fu1838.org\/ca\/actos-divulgativos\/premi-ciencies-de-la-salut\/\" target=\"_self\" >Premi \u201cCi\u00e8ncies de la Salut\u201d<\/a><\/h2>\n\n<a style=\"color:#005ce5; text-decoration:underline; margin-top:0;margin-bottom:0;\" class=\"wp-elements-57f55b992f3e00725911408d7df1ba61 wp-block-read-more has-text-color\" href=\"https:\/\/www.fu1838.org\/ca\/actos-divulgativos\/premi-ciencies-de-la-salut\/\" target=\"_self\">Llegir m\u00e9s<span class=\"screen-reader-text\">: Premi \u201cCi\u00e8ncies de la Salut\u201d<\/span><\/a><\/div>\n\n<\/li><\/ul>\n\n\n<div style=\"margin-top:0;margin-bottom:0;height:var(--wp--preset--spacing--40)\" aria-hidden=\"true\" class=\"wp-block-spacer\"><\/div>\n\n\n<\/div>\n<\/div>\n<\/div>\n","protected":false},"excerpt":{"rendered":"","protected":false},"author":1,"featured_media":0,"parent":6975,"menu_order":0,"comment_status":"closed","ping_status":"closed","template":"","meta":{"_acf_changed":false,"footnotes":""},"class_list":["post-7016","page","type-page","status-publish","hentry"],"acf":[],"yoast_head":"<!-- This site is optimized with the Yoast SEO plugin v24.1 - https:\/\/yoast.com\/wordpress\/plugins\/seo\/ -->\n<title>Actes divulgatius - Fundaci\u00f3n Uriach<\/title>\n<meta name=\"robots\" content=\"index, follow, max-snippet:-1, max-image-preview:large, max-video-preview:-1\" \/>\n<link rel=\"canonical\" href=\"https:\/\/www.fu1838.org\/ca\/historia-de-les-ciencies-de-la-salut\/actes-divulgatius\/\" \/>\n<meta property=\"og:locale\" content=\"ca_ES\" \/>\n<meta property=\"og:type\" content=\"article\" \/>\n<meta property=\"og:title\" content=\"Actes divulgatius - Fundaci\u00f3n Uriach\" \/>\n<meta property=\"og:url\" content=\"https:\/\/www.fu1838.org\/ca\/historia-de-les-ciencies-de-la-salut\/actes-divulgatius\/\" \/>\n<meta property=\"og:site_name\" content=\"Fundaci\u00f3n Uriach\" \/>\n<meta property=\"article:modified_time\" content=\"2025-03-26T10:22:59+00:00\" \/>\n<meta property=\"og:image\" content=\"https:\/\/www.fu1838.org\/wp-content\/uploads\/2024\/11\/header-actos-divulgativos.jpg\" \/>\n\t<meta property=\"og:image:width\" content=\"1400\" \/>\n\t<meta property=\"og:image:height\" content=\"546\" \/>\n\t<meta property=\"og:image:type\" content=\"image\/jpeg\" \/>\n<meta name=\"twitter:card\" content=\"summary_large_image\" \/>\n<meta name=\"twitter:label1\" content=\"Temps estimat de lectura\" \/>\n\t<meta name=\"twitter:data1\" content=\"1 minut\" \/>\n<script type=\"application\/ld+json\" class=\"yoast-schema-graph\">{\"@context\":\"https:\/\/schema.org\",\"@graph\":[{\"@type\":\"WebPage\",\"@id\":\"https:\/\/www.fu1838.org\/ca\/historia-de-les-ciencies-de-la-salut\/actes-divulgatius\/\",\"url\":\"https:\/\/www.fu1838.org\/ca\/historia-de-les-ciencies-de-la-salut\/actes-divulgatius\/\",\"name\":\"Actes divulgatius - Fundaci\u00f3n Uriach\",\"isPartOf\":{\"@id\":\"https:\/\/www.fu1838.org\/ca\/#website\"},\"primaryImageOfPage\":{\"@id\":\"https:\/\/www.fu1838.org\/ca\/historia-de-les-ciencies-de-la-salut\/actes-divulgatius\/#primaryimage\"},\"image\":{\"@id\":\"https:\/\/www.fu1838.org\/ca\/historia-de-les-ciencies-de-la-salut\/actes-divulgatius\/#primaryimage\"},\"thumbnailUrl\":\"https:\/\/www.fu1838.org\/wp-content\/uploads\/2024\/11\/header-actos-divulgativos.jpg\",\"datePublished\":\"2024-11-19T11:58:09+00:00\",\"dateModified\":\"2025-03-26T10:22:59+00:00\",\"breadcrumb\":{\"@id\":\"https:\/\/www.fu1838.org\/ca\/historia-de-les-ciencies-de-la-salut\/actes-divulgatius\/#breadcrumb\"},\"inLanguage\":\"ca\",\"potentialAction\":[{\"@type\":\"ReadAction\",\"target\":[\"https:\/\/www.fu1838.org\/ca\/historia-de-les-ciencies-de-la-salut\/actes-divulgatius\/\"]}]},{\"@type\":\"ImageObject\",\"inLanguage\":\"ca\",\"@id\":\"https:\/\/www.fu1838.org\/ca\/historia-de-les-ciencies-de-la-salut\/actes-divulgatius\/#primaryimage\",\"url\":\"https:\/\/www.fu1838.org\/wp-content\/uploads\/2024\/11\/header-actos-divulgativos.jpg\",\"contentUrl\":\"https:\/\/www.fu1838.org\/wp-content\/uploads\/2024\/11\/header-actos-divulgativos.jpg\"},{\"@type\":\"BreadcrumbList\",\"@id\":\"https:\/\/www.fu1838.org\/ca\/historia-de-les-ciencies-de-la-salut\/actes-divulgatius\/#breadcrumb\",\"itemListElement\":[{\"@type\":\"ListItem\",\"position\":1,\"name\":\"Portada\",\"item\":\"https:\/\/www.fu1838.org\/ca\/\"},{\"@type\":\"ListItem\",\"position\":2,\"name\":\"Hist\u00f2ria de les ci\u00e8ncies de la salut\",\"item\":\"https:\/\/www.fu1838.org\/ca\/historia-de-les-ciencies-de-la-salut\/\"},{\"@type\":\"ListItem\",\"position\":3,\"name\":\"Actes divulgatius\"}]},{\"@type\":\"WebSite\",\"@id\":\"https:\/\/www.fu1838.org\/ca\/#website\",\"url\":\"https:\/\/www.fu1838.org\/ca\/\",\"name\":\"Fundaci\u00f3n Uriach\",\"description\":\"\",\"potentialAction\":[{\"@type\":\"SearchAction\",\"target\":{\"@type\":\"EntryPoint\",\"urlTemplate\":\"https:\/\/www.fu1838.org\/ca\/?s={search_term_string}\"},\"query-input\":{\"@type\":\"PropertyValueSpecification\",\"valueRequired\":true,\"valueName\":\"search_term_string\"}}],\"inLanguage\":\"ca\"}]}<\/script>\n<!-- \/ Yoast SEO plugin. -->","yoast_head_json":{"title":"Actes divulgatius - Fundaci\u00f3n Uriach","robots":{"index":"index","follow":"follow","max-snippet":"max-snippet:-1","max-image-preview":"max-image-preview:large","max-video-preview":"max-video-preview:-1"},"canonical":"https:\/\/www.fu1838.org\/ca\/historia-de-les-ciencies-de-la-salut\/actes-divulgatius\/","og_locale":"ca_ES","og_type":"article","og_title":"Actes divulgatius - Fundaci\u00f3n Uriach","og_url":"https:\/\/www.fu1838.org\/ca\/historia-de-les-ciencies-de-la-salut\/actes-divulgatius\/","og_site_name":"Fundaci\u00f3n Uriach","article_modified_time":"2025-03-26T10:22:59+00:00","og_image":[{"width":1400,"height":546,"url":"https:\/\/www.fu1838.org\/wp-content\/uploads\/2024\/11\/header-actos-divulgativos.jpg","type":"image\/jpeg"}],"twitter_card":"summary_large_image","twitter_misc":{"Temps estimat de lectura":"1 minut"},"schema":{"@context":"https:\/\/schema.org","@graph":[{"@type":"WebPage","@id":"https:\/\/www.fu1838.org\/ca\/historia-de-les-ciencies-de-la-salut\/actes-divulgatius\/","url":"https:\/\/www.fu1838.org\/ca\/historia-de-les-ciencies-de-la-salut\/actes-divulgatius\/","name":"Actes divulgatius - Fundaci\u00f3n Uriach","isPartOf":{"@id":"https:\/\/www.fu1838.org\/ca\/#website"},"primaryImageOfPage":{"@id":"https:\/\/www.fu1838.org\/ca\/historia-de-les-ciencies-de-la-salut\/actes-divulgatius\/#primaryimage"},"image":{"@id":"https:\/\/www.fu1838.org\/ca\/historia-de-les-ciencies-de-la-salut\/actes-divulgatius\/#primaryimage"},"thumbnailUrl":"https:\/\/www.fu1838.org\/wp-content\/uploads\/2024\/11\/header-actos-divulgativos.jpg","datePublished":"2024-11-19T11:58:09+00:00","dateModified":"2025-03-26T10:22:59+00:00","breadcrumb":{"@id":"https:\/\/www.fu1838.org\/ca\/historia-de-les-ciencies-de-la-salut\/actes-divulgatius\/#breadcrumb"},"inLanguage":"ca","potentialAction":[{"@type":"ReadAction","target":["https:\/\/www.fu1838.org\/ca\/historia-de-les-ciencies-de-la-salut\/actes-divulgatius\/"]}]},{"@type":"ImageObject","inLanguage":"ca","@id":"https:\/\/www.fu1838.org\/ca\/historia-de-les-ciencies-de-la-salut\/actes-divulgatius\/#primaryimage","url":"https:\/\/www.fu1838.org\/wp-content\/uploads\/2024\/11\/header-actos-divulgativos.jpg","contentUrl":"https:\/\/www.fu1838.org\/wp-content\/uploads\/2024\/11\/header-actos-divulgativos.jpg"},{"@type":"BreadcrumbList","@id":"https:\/\/www.fu1838.org\/ca\/historia-de-les-ciencies-de-la-salut\/actes-divulgatius\/#breadcrumb","itemListElement":[{"@type":"ListItem","position":1,"name":"Portada","item":"https:\/\/www.fu1838.org\/ca\/"},{"@type":"ListItem","position":2,"name":"Hist\u00f2ria de les ci\u00e8ncies de la salut","item":"https:\/\/www.fu1838.org\/ca\/historia-de-les-ciencies-de-la-salut\/"},{"@type":"ListItem","position":3,"name":"Actes divulgatius"}]},{"@type":"WebSite","@id":"https:\/\/www.fu1838.org\/ca\/#website","url":"https:\/\/www.fu1838.org\/ca\/","name":"Fundaci\u00f3n Uriach","description":"","potentialAction":[{"@type":"SearchAction","target":{"@type":"EntryPoint","urlTemplate":"https:\/\/www.fu1838.org\/ca\/?s={search_term_string}"},"query-input":{"@type":"PropertyValueSpecification","valueRequired":true,"valueName":"search_term_string"}}],"inLanguage":"ca"}]}},"_links":{"self":[{"href":"https:\/\/www.fu1838.org\/ca\/wp-json\/wp\/v2\/pages\/7016","targetHints":{"allow":["GET"]}}],"collection":[{"href":"https:\/\/www.fu1838.org\/ca\/wp-json\/wp\/v2\/pages"}],"about":[{"href":"https:\/\/www.fu1838.org\/ca\/wp-json\/wp\/v2\/types\/page"}],"author":[{"embeddable":true,"href":"https:\/\/www.fu1838.org\/ca\/wp-json\/wp\/v2\/users\/1"}],"replies":[{"embeddable":true,"href":"https:\/\/www.fu1838.org\/ca\/wp-json\/wp\/v2\/comments?post=7016"}],"version-history":[{"count":2,"href":"https:\/\/www.fu1838.org\/ca\/wp-json\/wp\/v2\/pages\/7016\/revisions"}],"predecessor-version":[{"id":7471,"href":"https:\/\/www.fu1838.org\/ca\/wp-json\/wp\/v2\/pages\/7016\/revisions\/7471"}],"up":[{"embeddable":true,"href":"https:\/\/www.fu1838.org\/ca\/wp-json\/wp\/v2\/pages\/6975"}],"wp:attachment":[{"href":"https:\/\/www.fu1838.org\/ca\/wp-json\/wp\/v2\/media?parent=7016"}],"curies":[{"name":"wp","href":"https:\/\/api.w.org\/{rel}","templated":true}]}}