{"id":7229,"date":"2024-12-18T13:44:45","date_gmt":"2024-12-18T12:44:45","guid":{"rendered":"https:\/\/www.fu1838.org\/informacio-legal\/"},"modified":"2025-03-11T16:25:03","modified_gmt":"2025-03-11T15:25:03","slug":"informacio-legal","status":"publish","type":"page","link":"https:\/\/www.fu1838.org\/ca\/informacio-legal\/","title":{"rendered":"Informaci\u00f3 legal"},"content":{"rendered":"\n<h2 class=\"wp-block-heading\">Informaci\u00f3 legal<\/h2>\n\n<p><strong>1) Identitat del titular del web i contacte amb LA FUNDACI\u00d3<\/strong><\/p>\n\n<p>FUNDACI\u00d3 URIACH 1838<\/p>\n\n<p>G58419730<\/p>\n\n<p>Avinguda de la Generalitat 163-167<br\/>08174 &#8211; Sant Cugat del Vall\u00e8s (Barcelona-Espanya)<br\/><a href=\"mailto:fu1838@uriach.com\">fu1838@uriach.com<\/a><\/p>\n\n<p>Tel: (34) 938630225 ext. 2225<\/p>\n\n<p><strong>2) Acceptaci\u00f3 de l&#8217;Usuari<\/strong><\/p>\n\n<p>Aquestes Condicions d\u2019\u00das (d\u2019ara endavant Av\u00eds Legal) regulen l\u2019acc\u00e9s i utilitzaci\u00f3 de la p\u00e0gina web (d\u2019ara endavant la \u201cWeb\u201d) que LA FUNDACI\u00d3 posa a disposici\u00f3 dels usuaris d\u2019Internet. L\u2019acc\u00e9s a la mateixa implica l\u2019acceptaci\u00f3 sense reserves del present Av\u00eds Legal.<\/p>\n\n<p>LA FUNDACI\u00d3 pot oferir a trav\u00e9s de la p\u00e0gina web serveis que podran estar subjectes a unes condicions particulars pr\u00f2pies, sobre les quals s\u2019informar\u00e0 l\u2019Usuari en cada cas concret.<\/p>\n\n<p><strong>3) Acc\u00e9s a la p\u00e0gina web i contrasenyes<\/strong><\/p>\n\n<p>En general, no s\u2019exigeix la pr\u00e8via subscripci\u00f3 o registre com a Usuari per a l\u2019acc\u00e9s i \u00fas de la p\u00e0gina web, sense perjudici que per a la utilitzaci\u00f3 de determinats serveis o continguts es requereixi dita subscripci\u00f3 o registre.<\/p>\n\n<p>Les dades dels Usuaris obtingudes mitjan\u00e7ant la subscripci\u00f3 o registre estan protegides amb contrasenyes triades per ells mateixos. L\u2019Usuari es compromet a mantenir la seva contrasenya en secret i a protegir-la d\u2019usos no autoritzats per tercers. L\u2019Usuari haur\u00e0 de notificar a LA FUNDACI\u00d3 immediatament qualsevol \u00fas no consentit del seu compte o qualsevol violaci\u00f3 de la seguretat relacionada amb el servei de la p\u00e0gina web de la qual tingui coneixement.<\/p>\n\n<p>LA FUNDACI\u00d3 adopta les mesures t\u00e8cniques i organitzatives necess\u00e0ries per garantir la protecci\u00f3 de les dades de car\u00e0cter personal i evitar la seva alteraci\u00f3, p\u00e8rdua, tractament i\/o acc\u00e9s no autoritzat, tenint en compte l\u2019estat de la t\u00e8cnica, la naturalesa de les dades emmagatzemades i els riscos als quals estan exposades, tot aix\u00f2, d\u2019acord amb el que estableix la legislaci\u00f3 espanyola de Protecci\u00f3 de Dades de Car\u00e0cter Personal.<\/p>\n\n<p>LA FUNDACI\u00d3 no es fa responsable davant dels Usuaris per la revelaci\u00f3 de les seves dades personals a tercers que no sigui deguda a causes directament imputables a LA FUNDACI\u00d3, ni per l\u2019\u00fas que tercers aliens a LA FUNDACI\u00d3 puguin fer d\u2019aquestes dades.<\/p>\n\n<p><strong>4) \u00das correcte de la p\u00e0gina web<\/strong><\/p>\n\n<p>L\u2019Usuari es compromet a utilitzar la p\u00e0gina web, els continguts i els serveis d\u2019acord amb la Llei, el present Av\u00eds Legal, les bones costums i l\u2019ordre p\u00fablic. De la mateixa manera, l\u2019Usuari es compromet a no utilitzar la p\u00e0gina web, els seus continguts o els serveis que s\u2019hi ofereixen amb finalitats o efectes il\u00b7l\u00edcits o contraris al contingut del present <\/p>\n\n<p>Av\u00eds Legal, lesius dels interessos o drets de tercers, o que de qualsevol manera puguin danyar, inutilitzar, fer inaccessibles o deteriorar la p\u00e0gina web, els seus continguts o els seus serveis, o impedir un normal gaudi de la mateixa per altres Usuaris.<\/p>\n\n<p>Aix\u00ed mateix, l\u2019Usuari es compromet expressament a no destruir, alterar, inutilitzar o, de qualsevol altra forma, danyar les dades, programes o documents electr\u00f2nics que es trobin a la Web.<\/p>\n\n<p>L\u2019Usuari es compromet a no obstaculitzar l\u2019acc\u00e9s d\u2019altres Usuaris mitjan\u00e7ant el consum massiu de recursos inform\u00e0tics a trav\u00e9s dels quals LA FUNDACI\u00d3 presta el servei, aix\u00ed com a no realitzar accions que danyin, interrompin o generin errors en aquests sistemes o serveis.<\/p>\n\n<p>L\u2019Usuari es compromet a no introduir programes, virus, macros, applets, controls ActiveX o qualsevol altre dispositiu l\u00f2gic o seq\u00fc\u00e8ncia de car\u00e0cters que causin o puguin causar qualsevol tipus d\u2019alteraci\u00f3 en els sistemes inform\u00e0tics de LA FUNDACI\u00d3 o de tercers.<\/p>\n\n<p><strong>5) Enlla\u00e7os de tercers\u00a0<\/strong><\/p>\n\n<p>El present Av\u00eds Legal es refereix \u00fanicament a la p\u00e0gina web i continguts de LA FUNDACI\u00d3, i no s\u2019aplica als enlla\u00e7os o p\u00e0gines web de tercers accessibles a trav\u00e9s de la p\u00e0gina web.<\/p>\n\n<p>Les destinacions d\u2019aquests enlla\u00e7os no estan sota el control de LA FUNDACI\u00d3, i LA FUNDACI\u00d3 no \u00e9s responsable del contingut de cap p\u00e0gina web de destinaci\u00f3 d\u2019un enlla\u00e7, ni de cap enlla\u00e7 incl\u00f2s en una p\u00e0gina web a la qual s\u2019arribi des de la web de LA FUNDACI\u00d3, ni de cap canvi o actualitzaci\u00f3 d\u2019aquestes p\u00e0gines.<\/p>\n\n<p>Aquests enlla\u00e7os es proporcionen \u00fanicament per informar l\u2019Usuari sobre l\u2019exist\u00e8ncia d\u2019altres fonts d\u2019informaci\u00f3 sobre un tema concret, i la inclusi\u00f3 d\u2019un enlla\u00e7 no implica l\u2019aprovaci\u00f3 de la p\u00e0gina web enlla\u00e7ada per part de LA FUNDACI\u00d3.<\/p>\n\n<p><strong>6) Propietat intel\u00b7lectual i industrial<\/strong><\/p>\n\n<p>Tots els continguts de la p\u00e0gina web, llevat que s\u2019indiqui el contrari, s\u00f3n titularitat exclusiva de LA FUNDACI\u00d3 i, de manera enunciativa per\u00f2 no limitativa, el disseny gr\u00e0fic, codi font, logotips, textos, gr\u00e0fics, il\u00b7lustracions, fotografies i altres elements que apareixen a la p\u00e0gina web.<\/p>\n\n<p>Igualment, tots els noms comercials, marques o signes distintius de qualsevol classe continguts a la p\u00e0gina web estan protegits per la Llei.<\/p>\n\n<p>LA FUNDACI\u00d3 no concedeix cap tipus de llic\u00e8ncia o autoritzaci\u00f3 d\u2019\u00fas personal a l\u2019Usuari sobre els seus drets de propietat intel\u00b7lectual i industrial o sobre qualsevol altre dret relacionat amb la seva Web i els serveis oferts en la mateixa.<\/p>\n\n<p>Per aix\u00f2, l\u2019Usuari reconeix que la reproducci\u00f3, distribuci\u00f3, comercialitzaci\u00f3, transformaci\u00f3 i, en general, qualsevol altra forma d\u2019explotaci\u00f3, per qualsevol procediment, de tot o part dels continguts d\u2019aquesta p\u00e0gina web constitueix una infracci\u00f3 dels drets de propietat intel\u00b7lectual i\/o industrial de LA FUNDACI\u00d3 o del titular dels mateixos.<\/p>\n\n<p><strong>7) Xarxes socials<\/strong><\/p>\n\n<p>L\u2019Usuari podr\u00e0 unir-se als Grups que LA FUNDACI\u00d3 t\u00e9 en diferents xarxes socials. L\u2019Usuari que es faci seguidor d\u2019algun d\u2019aquests Grups, accepta les condicions d\u2019\u00fas i pol\u00edtica de privacitat de la xarxa social corresponent.<\/p>\n\n<p><strong>8) Protecci\u00f3 de dades de car\u00e0cter personal<\/strong><\/p>\n\n<p>L\u2019Usuari podr\u00e0 remetre a LA FUNDACI\u00d3 les seves dades de car\u00e0cter personal a trav\u00e9s dels diferents formularis que a tal efecte apareixen incorporats a la p\u00e0gina web. Aquests formularis incorporen un text legal en mat\u00e8ria de protecci\u00f3 de dades personals que compleix amb les exig\u00e8ncies establertes en la normativa vigent en mat\u00e8ria de protecci\u00f3 de dades. Aix\u00ed mateix, URIACH posa a la seva disposici\u00f3 la Pol\u00edtica General de Privacitat de la Web.<\/p>\n\n<p>Es recomana llegir atentament la Pol\u00edtica General de Privacitat de la web aix\u00ed com els textos legals abans de facilitar dades de car\u00e0cter personal.<\/p>\n\n<p><strong>9) Modificaci\u00f3 de les condicions d\u2019\u00fas<\/strong><\/p>\n\n<p>LA FUNDACI\u00d3 es reserva el dret de desenvolupar o actualitzar en qualsevol moment l\u2019Av\u00eds Legal, pel que l\u2019Usuari haur\u00e0 de llegir-lo peri\u00f2dicament.<\/p>\n\n<p><strong>10) Llei aplicable i jurisdicci\u00f3<\/strong><\/p>\n\n<p>La relaci\u00f3 entre LA FUNDACI\u00d3 i l\u2019Usuari es regir\u00e0 per la normativa espanyola vigent i qualsevol controv\u00e8rsia se sotmetr\u00e0 als Jutjats i Tribunals del domicili de l\u2019Usuari.<\/p>\n\n<p>LA FUNDACI\u00d3 perseguir\u00e0 l\u2019incompliment de les presents Condicions aix\u00ed com qualsevol utilitzaci\u00f3 indeguda del lloc web exercint totes les accions civils i penals que li puguin correspondre en dret.<\/p>\n","protected":false},"excerpt":{"rendered":"<p>Informaci\u00f3 legal 1) Identitat del titular del web i contacte amb LA FUNDACI\u00d3 FUNDACI\u00d3 URIACH 1838 G58419730 Avinguda de la Generalitat 163-16708174 &#8211; Sant Cugat del Vall\u00e8s (Barcelona-Espanya)fu1838@uriach.com Tel: (34) 938630225 ext. 2225 2) Acceptaci\u00f3 de l&#8217;Usuari Aquestes Condicions d\u2019\u00das (d\u2019ara endavant Av\u00eds Legal) regulen l\u2019acc\u00e9s i utilitzaci\u00f3 de la p\u00e0gina web (d\u2019ara endavant la [&hellip;]<\/p>\n","protected":false},"author":4,"featured_media":0,"parent":0,"menu_order":0,"comment_status":"closed","ping_status":"closed","template":"","meta":{"_acf_changed":false,"footnotes":""},"class_list":["post-7229","page","type-page","status-publish","hentry"],"acf":[],"yoast_head":"<!-- This site is optimized with the Yoast SEO plugin v24.1 - https:\/\/yoast.com\/wordpress\/plugins\/seo\/ -->\n<title>Informaci\u00f3 legal - Fundaci\u00f3n Uriach<\/title>\n<meta name=\"robots\" content=\"index, follow, max-snippet:-1, max-image-preview:large, max-video-preview:-1\" \/>\n<link rel=\"canonical\" href=\"https:\/\/www.fu1838.org\/ca\/informacio-legal\/\" \/>\n<meta property=\"og:locale\" content=\"ca_ES\" \/>\n<meta property=\"og:type\" content=\"article\" \/>\n<meta property=\"og:title\" content=\"Informaci\u00f3 legal - Fundaci\u00f3n Uriach\" \/>\n<meta property=\"og:description\" content=\"Informaci\u00f3 legal 1) Identitat del titular del web i contacte amb LA FUNDACI\u00d3 FUNDACI\u00d3 URIACH 1838 G58419730 Avinguda de la Generalitat 163-16708174 &#8211; Sant Cugat del Vall\u00e8s (Barcelona-Espanya)fu1838@uriach.com Tel: (34) 938630225 ext. 2225 2) Acceptaci\u00f3 de l&#8217;Usuari Aquestes Condicions d\u2019\u00das (d\u2019ara endavant Av\u00eds Legal) regulen l\u2019acc\u00e9s i utilitzaci\u00f3 de la p\u00e0gina web (d\u2019ara endavant la [&hellip;]\" \/>\n<meta property=\"og:url\" content=\"https:\/\/www.fu1838.org\/ca\/informacio-legal\/\" \/>\n<meta property=\"og:site_name\" content=\"Fundaci\u00f3n Uriach\" \/>\n<meta property=\"article:modified_time\" content=\"2025-03-11T15:25:03+00:00\" \/>\n<meta name=\"twitter:card\" content=\"summary_large_image\" \/>\n<meta name=\"twitter:label1\" content=\"Temps estimat de lectura\" \/>\n\t<meta name=\"twitter:data1\" content=\"6 minuts\" \/>\n<script type=\"application\/ld+json\" class=\"yoast-schema-graph\">{\"@context\":\"https:\/\/schema.org\",\"@graph\":[{\"@type\":\"WebPage\",\"@id\":\"https:\/\/www.fu1838.org\/ca\/informacio-legal\/\",\"url\":\"https:\/\/www.fu1838.org\/ca\/informacio-legal\/\",\"name\":\"Informaci\u00f3 legal - Fundaci\u00f3n Uriach\",\"isPartOf\":{\"@id\":\"https:\/\/www.fu1838.org\/ca\/#website\"},\"datePublished\":\"2024-12-18T12:44:45+00:00\",\"dateModified\":\"2025-03-11T15:25:03+00:00\",\"breadcrumb\":{\"@id\":\"https:\/\/www.fu1838.org\/ca\/informacio-legal\/#breadcrumb\"},\"inLanguage\":\"ca\",\"potentialAction\":[{\"@type\":\"ReadAction\",\"target\":[\"https:\/\/www.fu1838.org\/ca\/informacio-legal\/\"]}]},{\"@type\":\"BreadcrumbList\",\"@id\":\"https:\/\/www.fu1838.org\/ca\/informacio-legal\/#breadcrumb\",\"itemListElement\":[{\"@type\":\"ListItem\",\"position\":1,\"name\":\"Portada\",\"item\":\"https:\/\/www.fu1838.org\/ca\/\"},{\"@type\":\"ListItem\",\"position\":2,\"name\":\"Informaci\u00f3 legal\"}]},{\"@type\":\"WebSite\",\"@id\":\"https:\/\/www.fu1838.org\/ca\/#website\",\"url\":\"https:\/\/www.fu1838.org\/ca\/\",\"name\":\"Fundaci\u00f3n Uriach\",\"description\":\"\",\"potentialAction\":[{\"@type\":\"SearchAction\",\"target\":{\"@type\":\"EntryPoint\",\"urlTemplate\":\"https:\/\/www.fu1838.org\/ca\/?s={search_term_string}\"},\"query-input\":{\"@type\":\"PropertyValueSpecification\",\"valueRequired\":true,\"valueName\":\"search_term_string\"}}],\"inLanguage\":\"ca\"}]}<\/script>\n<!-- \/ Yoast SEO plugin. -->","yoast_head_json":{"title":"Informaci\u00f3 legal - Fundaci\u00f3n Uriach","robots":{"index":"index","follow":"follow","max-snippet":"max-snippet:-1","max-image-preview":"max-image-preview:large","max-video-preview":"max-video-preview:-1"},"canonical":"https:\/\/www.fu1838.org\/ca\/informacio-legal\/","og_locale":"ca_ES","og_type":"article","og_title":"Informaci\u00f3 legal - Fundaci\u00f3n Uriach","og_description":"Informaci\u00f3 legal 1) Identitat del titular del web i contacte amb LA FUNDACI\u00d3 FUNDACI\u00d3 URIACH 1838 G58419730 Avinguda de la Generalitat 163-16708174 &#8211; Sant Cugat del Vall\u00e8s (Barcelona-Espanya)fu1838@uriach.com Tel: (34) 938630225 ext. 2225 2) Acceptaci\u00f3 de l&#8217;Usuari Aquestes Condicions d\u2019\u00das (d\u2019ara endavant Av\u00eds Legal) regulen l\u2019acc\u00e9s i utilitzaci\u00f3 de la p\u00e0gina web (d\u2019ara endavant la [&hellip;]","og_url":"https:\/\/www.fu1838.org\/ca\/informacio-legal\/","og_site_name":"Fundaci\u00f3n Uriach","article_modified_time":"2025-03-11T15:25:03+00:00","twitter_card":"summary_large_image","twitter_misc":{"Temps estimat de lectura":"6 minuts"},"schema":{"@context":"https:\/\/schema.org","@graph":[{"@type":"WebPage","@id":"https:\/\/www.fu1838.org\/ca\/informacio-legal\/","url":"https:\/\/www.fu1838.org\/ca\/informacio-legal\/","name":"Informaci\u00f3 legal - Fundaci\u00f3n Uriach","isPartOf":{"@id":"https:\/\/www.fu1838.org\/ca\/#website"},"datePublished":"2024-12-18T12:44:45+00:00","dateModified":"2025-03-11T15:25:03+00:00","breadcrumb":{"@id":"https:\/\/www.fu1838.org\/ca\/informacio-legal\/#breadcrumb"},"inLanguage":"ca","potentialAction":[{"@type":"ReadAction","target":["https:\/\/www.fu1838.org\/ca\/informacio-legal\/"]}]},{"@type":"BreadcrumbList","@id":"https:\/\/www.fu1838.org\/ca\/informacio-legal\/#breadcrumb","itemListElement":[{"@type":"ListItem","position":1,"name":"Portada","item":"https:\/\/www.fu1838.org\/ca\/"},{"@type":"ListItem","position":2,"name":"Informaci\u00f3 legal"}]},{"@type":"WebSite","@id":"https:\/\/www.fu1838.org\/ca\/#website","url":"https:\/\/www.fu1838.org\/ca\/","name":"Fundaci\u00f3n Uriach","description":"","potentialAction":[{"@type":"SearchAction","target":{"@type":"EntryPoint","urlTemplate":"https:\/\/www.fu1838.org\/ca\/?s={search_term_string}"},"query-input":{"@type":"PropertyValueSpecification","valueRequired":true,"valueName":"search_term_string"}}],"inLanguage":"ca"}]}},"_links":{"self":[{"href":"https:\/\/www.fu1838.org\/ca\/wp-json\/wp\/v2\/pages\/7229","targetHints":{"allow":["GET"]}}],"collection":[{"href":"https:\/\/www.fu1838.org\/ca\/wp-json\/wp\/v2\/pages"}],"about":[{"href":"https:\/\/www.fu1838.org\/ca\/wp-json\/wp\/v2\/types\/page"}],"author":[{"embeddable":true,"href":"https:\/\/www.fu1838.org\/ca\/wp-json\/wp\/v2\/users\/4"}],"replies":[{"embeddable":true,"href":"https:\/\/www.fu1838.org\/ca\/wp-json\/wp\/v2\/comments?post=7229"}],"version-history":[{"count":1,"href":"https:\/\/www.fu1838.org\/ca\/wp-json\/wp\/v2\/pages\/7229\/revisions"}],"predecessor-version":[{"id":7230,"href":"https:\/\/www.fu1838.org\/ca\/wp-json\/wp\/v2\/pages\/7229\/revisions\/7230"}],"wp:attachment":[{"href":"https:\/\/www.fu1838.org\/ca\/wp-json\/wp\/v2\/media?parent=7229"}],"curies":[{"name":"wp","href":"https:\/\/api.w.org\/{rel}","templated":true}]}}